{"id":352,"date":"2018-11-02T15:13:14","date_gmt":"2018-11-02T15:13:14","guid":{"rendered":"https:\/\/www.academiebelgium.be\/historiek\/"},"modified":"2020-10-16T07:35:29","modified_gmt":"2020-10-16T07:35:29","slug":"histoire","status":"publish","type":"page","link":"https:\/\/www.academiebelgium.be\/fr\/histoire\/","title":{"rendered":"HISTOIRE DE L&rsquo;ACAD\u00c9MIE"},"content":{"rendered":"<h3>Bref survol historique de l\u2019Acad\u00e9mie<\/h3>\n<h4><strong><span style=\"color: #0000ff;\">Les d\u00e9buts<\/span><\/strong><\/h4>\n<p>L\u2019Acad\u00e9mie Royale est, en ce qui concerne l\u2019anciennet\u00e9, la deuxi\u00e8me Acad\u00e9mie nationale, apr\u00e8s celle de France, qui fut fond\u00e9e en 1928.<\/p>\n<p>Le 25 mars 1966, quelques \u00e9minents philat\u00e9listes belges se r\u00e9unirent \u00e0 Bruxelles, r\u00e9pondant \u00e0 l\u2019initiative de Raoul Hubinont, pour fixer les structures de l\u2019Acad\u00e9mie Royale. Les 22 membres \u2013 fondateurs \u00e9taient en majorit\u00e9 des laur\u00e9ats du prix de litt\u00e9rature Paul de Smeth<\/p>\n<p>Il s\u2019agissait de:<br \/>\nAndr\u00e9 J. &#8211; Braunstein I. &#8211; Crustin J. &#8211; De Clercq L. &#8211; Dupont J. &#8211; Herlant L. &#8211; Hornick A. &#8211; Hubinont R. &#8211; Jordens J. &#8211; Lev\u00eaque R. &#8211; Marler R. &#8211; Martin H. &#8211; Moiny Cl. &#8211; Plancquaert J. &#8211; St\u00e9venot A. &#8211; Symens J. &#8211; Trussart G. &#8211; Van de Moortel M. &#8211; Van der Auwera R. &#8211; Vos L. &#8211; Walravens Ph. &#8211; Wuidar G.<\/p>\n<p><img decoding=\"async\" src=\"https:\/\/www.academiebelgium.be\/fr\/images\/historiek.jpg\" \/><\/p>\n<p>28.1.1967 &#8211; C\u00e9r\u00e9monie de foundation &#8211; dg\u00e0d : L Herlant, J. Plancquaert, gastspreker L. Dubus (Fr.), voorzitter J. Dupont, R. Hubinont, J. Crustin, J. Symens en R. Marlier<\/p>\n<p>Cette fondation re\u00e7ut le soutien de la F\u00e9d\u00e9ration nationale, et plus particuli\u00e8rement de son pr\u00e9sident G. Trussart, et de son secr\u00e9taire, R. Van der Auwera, tous deux membres \u2013 fondateurs.<\/p>\n<p>Les buts principaux en \u00e9taient:<\/p>\n<ul>\n<li>Promouvoir le d\u00e9veloppement de la philat\u00e9lie<\/li>\n<li>R\u00e9unir l\u2019\u00e9lite philat\u00e9lique belge pour diffuser, par la voie de publications, le savoir acquis<\/li>\n<li>Maintenir la m\u00e9moire des grandes personnalit\u00e9s philat\u00e9liques<\/li>\n<\/ul>\n<h4><span style=\"color: #3366ff;\">Pour atteindre ce dernier but, l\u2019Acad\u00e9mie attribue aux membres titulaires un fauteuil qui porte le nom d\u2019une personnalit\u00e9 \u00e9minente d\u00e9c\u00e9d\u00e9e. Le discours d\u2019admission des nouveaux membres est un \u00e9loge \u00e0 ce pr\u00e9d\u00e9cesseur.<\/span><\/h4>\n<p>Le premier Conseil d\u2019Administration \u00e9tait constitu\u00e9 de la fa\u00e7on suivante:<\/p>\n<ul>\n<li>Pr\u00e9sident: Dupont J.<\/li>\n<li>Vice-pr\u00e9sident pour la r\u00e9gion bruxelloise: Plancquaert J.<\/li>\n<li>Vice-pr\u00e9sident pour la r\u00e9gion flamande: Herlant L.<\/li>\n<li>Vice-pr\u00e9sident pour la r\u00e9gion wallonne: Crustin J.<\/li>\n<li>Secr\u00e9taire &#8211; g\u00e9n\u00e9ral: Symens J.<\/li>\n<li>Tr\u00e9sorier &#8211; archiviste: Marier R.<\/li>\n<\/ul>\n<p>Ce survol historique est bas\u00e9 jusqu\u2019en 2005 sur les informations de Claude Delbeke dans le \u201cLivre d\u2019Or de la Philat\u00e9lie Belge \u2013 40 ans\u201d, compl\u00e9t\u00e9 ensuite par Roger Verpoort et Mark Bottu.<\/p>\n<h4><span style=\"color: #3366ff;\"><strong>L\u2019\u00e9volution<\/strong><\/span><\/h4>\n<h4><span style=\"color: #3366ff;\">Les premi\u00e8res ann\u00e9es virent la parution du \u201c Bulletin de l\u2019Acad\u00e9mie \u201c, dont le r\u00e9dacteur \u00e9tait R. Hubinont.<\/span><\/h4>\n<p>Les rapports des activit\u00e9s majeures de l\u2019Acad\u00e9mie furent r\u00e9guli\u00e8rement publi\u00e9s dans d\u2019importantes revues philat\u00e9liques, comme Balasse Magazine et Belgica. Ces publications furent surtout l\u2019oeuvre de R. Hubinont, puis de A. Van Grunderbeek et R. Vervisch.<\/p>\n<p>A partir de 1991, ce furent les secr\u00e9taires successifs C. Delbeke ( 1991 \u2013 1995, ), J. Boulet ( 1996 \u2013 2008 ) et R. Verpoort ( \u00e0 partir de 2009 ) qui \u00e9taient charg\u00e9s de la publication de ces rapports, dans Posthistorama BPH \u00e0 partir de 1993. Le \u201c Maandblad van het Land van Waas \u201c publie actuellement aussi ces rapports. Ils seront \u00e9galement repris sur le site web.<\/p>\n<p>Les discours d\u2019admission des membres titulaires furent \u00e9galement publi\u00e9s \u00e0 intervalles r\u00e9guliers. Tous les discours d\u2019admission disponibles, jusqu\u2019en 2005, peuvent \u00eatre consult\u00e9s dans le \u201c Livre d\u2019Or de la Philat\u00e9lie Belge \u201c, publi\u00e9 en 2006 \u00e0 l\u2019occasion du 40\u00e8me anniversaire de l\u2019Acad\u00e9mie.<\/p>\n<h4><span style=\"color: #3366ff;\"><strong>Quelques faits marquants<\/strong><\/span><\/h4>\n<p>Le 28 janvier 1867, une s\u00e9ance solennelle fut tenue sous la pr\u00e9sidence de J. Dupont.<br \/>\nL. Dubus, de l\u2019Acad\u00e9mie de France, y pr\u00e9senta un expos\u00e9 sur la voie maritime transatlantique, tandis que R. Hubinont d\u00e9veloppa les raisons d\u2019existence de l\u2019Acad\u00e9mie Royale.<\/p>\n<p>L\u2019aile francophone de l\u2019Acad\u00e9mie tint le 29 avril 1967 une s\u00e9ance inaugurale au palais des Congr\u00e8s de Li\u00e8ge, en pr\u00e9sence du ministre des PTT Maisse.<\/p>\n<p>Le 28 septembre 1968, une importante r\u00e9union pour la promotion de la philat\u00e9lie eut lieu \u00e0 Verviers, \u00e0 l\u2019initiative de J. Crustin et en pr\u00e9sence du ministre Maisse.<\/p>\n<p>En 1969, l\u2019Acad\u00e9mie publie le \u201cDictionnaire des bureaux de poste de Belgique 1830 \u2013 1914\u201c, de J. Stibbe<\/p>\n<p>Le 24 avril 1970, L. Herlant devint pr\u00e9sident, J. Symens secr\u00e9taire et I. Braunstein tr\u00e9sorier.<\/p>\n<p>En 1971 l\u2019Acad\u00e9mie publie le \u00ab Catalogue des Estampilles et Oblit\u00e9rations Allemandes dans les Etapes du Front Ouest \u00bb de R. Hubinont, et \u00ab Les Cachets M\u00e9t\u00e9ores sur M\u00e9daillons \u00bb de A. Van Grunderbeek. Elle attribue une m\u00e9daille d\u2019or \u00e0 H. Van Roye pour son oeuvre sur l\u2019histoire postale de Courtrai.<\/p>\n<p>Le 4 mars 1972 eut lieu une s\u00e9ance extraordinaire, o\u00f9 la modification des statuts fut repouss\u00e9e. L. Herlant y fut confirm\u00e9 comme pr\u00e9sident, I. Braunstein devint secr\u00e9taire et R. Marler tr\u00e9sorier.<\/p>\n<p>Le 17 novembre 1973, une s\u00e9ance extraordinaire vit la suppression des vice-pr\u00e9sidents r\u00e9gionaux, et A.V.J. Symens fut nomm\u00e9 vice-pr\u00e9sident unique. I. Braunstein fut remplac\u00e9 par A. Van Grunderbeek au poste de secr\u00e9taire.<br \/>\nHr. Bouret re\u00e7ut une m\u00e9daille d\u2019or pour son oeuvre concernant Tournai.<\/p>\n<p>Le 22 novembre 1975, Jules Plancquaert succ\u00e9da \u00e0 L. Herlant comme pr\u00e9sident.<\/p>\n<p>Le 6 novembre 1976, Edmond Struyf fut le premier \u00e0 \u00eatre \u00e9lu membre d\u2019honneur de l\u2019Acad\u00e9mie.<\/p>\n<p>Le 13 novembre 1983, apr\u00e8s le d\u00e9c\u00e8s de J. Plancquaert, J. Symens fut \u00e9lu pr\u00e9sident et R. Vervisch secr\u00e9taire g\u00e9n\u00e9ral.<\/p>\n<p>Le 18 octobre 1986, Jacques Stibbe succ\u00e9da \u00e0 J. Symens au poste de pr\u00e9sident.<\/p>\n<p>En 1991, sous la r\u00e9daction de C. Delbeke, l\u2019Acad\u00e9mie publie pour son 25\u00e8me anniversaire un annuaire 1966 \u2013 1991, contenant les C.V. de tous ses membres.<\/p>\n<p>A l\u2019exposition nationale d\u2019Anvers de 1993, l\u2019Acad\u00e9mie dispose d\u2019un salon d\u2019honneur. A l\u2019initiative de J. Stibbe, \u00e0 l\u2019H\u00f4tel Rubens, eut lieu un banquet de fraternisation avec l\u2019Acad\u00e9mie de France, dont la d\u00e9l\u00e9gation \u00e9tait dirig\u00e9e par son pr\u00e9sident J.P. Schroeder et son pr\u00e9sident d\u2019honneur M. Lipschutz.<\/p>\n<p>Le 17 juin 1995, J. Stibbe d\u00e9missionne en raison de son \u00e2ge ( 75 ans ). Il re\u00e7oit le titre de pr\u00e9sident d\u2019honneur. A. St\u00e9venot devient pr\u00e9sident int\u00e9rimaire, et, \u00e0 la s\u00e9ance du 4 novembre 1995, C. Delbeke est \u00e9lu par vote secret au poste de pr\u00e9sident. J. Boulet succ\u00e8de au nouveau pr\u00e9sident au poste de secr\u00e9taire.<\/p>\n<p>En 1996, sous l\u2019impulsion de C. Delbeke, un nouvel annuaire est \u00e9dit\u00e9 pour le 30\u00e8me anniversaire de l\u2019Acad\u00e9mie. Pour cet anniversaire, une s\u00e9ance solennelle eut lieu le 7 d\u00e9cembre \u00e0 l\u2019h\u00f4tel Astoria, avec des conf\u00e9rences des membres correspondants \u00e9trangers C. Muys et R. Fran\u00e7on, et avec un banquet de cl\u00f4ture.<\/p>\n<p>En 1997, apr\u00e8s deux ann\u00e9es de pr\u00e9paration, les nouveaux statuts sont adopt\u00e9s. Les modifications majeures concernent l\u2019\u00e9lection des nouveaux membres et du pr\u00e9sident.<\/p>\n<p>Le 10 mai 1999 voit le d\u00e9c\u00e8s du pr\u00e9sident d\u2019honneur J. Stibbe. Il sera honor\u00e9 en 2004 par la poste belge, avec l\u2019\u00e9mission d\u2019un timbre-poste \u00e0 son effigie.<\/p>\n<p>En 2001, toujours sous l\u2019impulsion de C. Delbeke, un nouvel annuaire est publi\u00e9 pour le 35\u00e8me anniversaire.<\/p>\n<p>A l\u2019occasion de Belgica 2001, une importante c\u00e9r\u00e9monie de fraternisation avec l\u2019A.E.P. ( Acad\u00e9mie Europ\u00e9enne de Philat\u00e9lie ) fut tenue, avec de nombreuses conf\u00e9rences . Cette c\u00e9r\u00e9monie fut cl\u00f4tur\u00e9e par un banquet tenu \u00e0 l\u2019H\u00f4tel Radisson SAS, en pr\u00e9sence de nombreux membres correspondants \u00e9trangers. Sur les 80 participants, il y avait 55 \u00e9trangers.<\/p>\n<p>En 2002, l\u2019A.E.P. f\u00eate son 25\u00e8me anniversaire, et publie \u00e0 cette occasion \u201c OPUS 2 \u201c, en majorit\u00e9 consacr\u00e9 \u00e0 la philat\u00e9lie belge et \u00e0 l\u2019Acad\u00e9mie Royale. Tous les membres en re\u00e7oivent un exemplaire. L\u2019esprit de fraternit\u00e9 qui r\u00e8gne entre les deux Acad\u00e9mies est soulign\u00e9 lors d\u2019un d\u00eener \u00e0 Fila Kortrijk.<\/p>\n<p>En 2006, l\u2019Acad\u00e9mie f\u00eate son 40\u00e8me anniversaire, et la demande d\u2019\u00e9mission d\u2019un timbre-poste \u00e0 cette occasion est favorablement accueillie par la commission philat\u00e9lique de la poste belge. Le projet de timbre repr\u00e9sente un logo pour notre Acad\u00e9mie, cr\u00e9\u00e9 par Jean Libert. Le motif de ce logo est offert \u00e0 l\u2019Acad\u00e9mie par la poste. Cela amena la modification de l\u2019en-t\u00eate de la correspondance, et la cr\u00e9ation d\u2019un badge ( pin ) et de l\u2019intro du site web. A cette occasion, le conseil d\u2019administration d\u00e9cida d\u2019accorder \u00e0 Frank Dani\u00ebls, pr\u00e9sident de Propost, le titre de membre d\u2019honneur.<\/p>\n<p>L\u2019ann\u00e9e 2007 est marqu\u00e9e par le d\u00e9c\u00e8s du docteur Jacques Boulet. Roger Verpoort lui succ\u00e8de comme secr\u00e9taire g\u00e9n\u00e9ral. Andr\u00e9 Decr\u00e9 est promu tr\u00e9sorier d\u2019honneur, et Patrick Maselis lui succ\u00e8de comme tr\u00e9sorier.<\/p>\n<p>En 2008, l\u2019Acad\u00e9mie est invit\u00e9e par l\u2019Acad\u00e9mie de Paris pour une session commune, et elle participe au salon d\u2019honneur de WIPA.<\/p>\n<p>En 2009, Patrick Maselis \u2013 d\u00e9j\u00e0 pr\u00e9sident du Club de l\u2019Elite de la Philat\u00e9lie de Monte-Carlo &#8211; assume la pr\u00e9sidence de l\u2019Acad\u00e9mie. Charly Bruart est nomm\u00e9 tr\u00e9sorier. Claude Delbeke est promu pr\u00e9sident d\u2019honneur de l\u2019Acad\u00e9mie.<br \/>\nL\u2019Acad\u00e9mie participe au salon d\u2019honneur de Monacophil.<\/p>\n<p>En 2010 l\u2019Acad\u00e9mie s\u2019engage activement pour Antverpia 2010. De nombreux membres participent au salon d\u2019honneur. Une s\u00e9ance acad\u00e9mique, en collaboration avec l\u2019A.E.P. y est tenue, o\u00f9 Alan Huggins donne un expos\u00e9 sur \u201cThe introduction and usage of the world\u2019s first embossed postal stationary\u201d. La journ\u00e9e est cl\u00f4tur\u00e9e par un d\u00eener au Zuiderterras, aux bords de l\u2019Escaut (avec partenaires)<br \/>\nA l\u2019occasion d\u2019Antverpia 2010, deux livres sont \u00e9dit\u00e9s par l\u2019Acad\u00e9mie:<\/p>\n<ul>\n<li>Emile Van den Panhuyzen: La Poste \u00e0 Bruxelles, depuis ses d\u00e9buts \u00e0 1850<\/li>\n<li>Hubert Caprasse: Les rouleaux \u00e0 l\u2019effigie du roi Baudouin 1er, type Marchand<\/li>\n<\/ul>\n<h4><span style=\"color: #3366ff;\">L\u2019ann\u00e9e 2011 a marqu\u00e9 le 45\u00e8me anniversaire de l\u2019ABA. Les festivit\u00e9s ont eu lieu \u00e0 Roeselare avec une exposition, deux conf\u00e9rences pr\u00e9sent\u00e9es par Michel Letaillieur et Gavin Fryer et l\u2019organisation d\u2019un banquet. Ce 45\u00e8me anniversaire fut marqu\u00e9 \u00e9galement par la publication d\u2019un annuaire comprenant les CV de tous les membres qui ont \u00e9t\u00e9 un jour membre de notre acad\u00e9mie<\/span>.<\/h4>\n<p>2011 est l\u2019ann\u00e9e de naissance du site internet. Notre site www.academiebelgium.be fit son entr\u00e9e sur la toile.<\/p>\n<p>Le prix Jacques Boulet d\u00e9cern\u00e9 par l\u2019acad\u00e9mie tous les quatre ans fut recr\u00e9\u00e9 cette ann\u00e9e-l\u00e0. De plus, l\u2019acad\u00e9mie fut mise \u00e0 l\u2019honneur \u00e0 la fin de l\u2019ann\u00e9e 2011 par la visite du pr\u00e9sident de la FEPA, Joergen Joergensen qui attribua le prix de la FEPA de la litt\u00e9rature philat\u00e9lique \u00e0 sept de nos membres qui avaient collectivement \u0153uvr\u00e9 au catalogue de MonacoPhil 2009.<\/p>\n<p>En 2012, le fait marquant a \u00e9t\u00e9 la participation de notre acad\u00e9mie \u00e0 l\u2019exposition Temsifil et au banquet m\u00e9morable qui a cl\u00f4tur\u00e9 cet \u00e9v\u00e9nement. L\u2019activit\u00e9 la plus significative pour l\u2019ann\u00e9e 2013 a \u00e9t\u00e9 la visite du centre de tri postal de Gand X.<\/p>\n<p>L\u2019ann\u00e9e 2014 a \u00e9t\u00e9 particuli\u00e8rement charg\u00e9e. L\u2019ABA participa \u00e0 deux expositions : l\u2019exposition RDP \u00e0 Ypres ax\u00e9e sur la premi\u00e8re guerre mondiale et l\u2019exposition nationale comp\u00e9titive Brabantphil d\u2019Aarchot. En outre, l\u2019ouvrage de Jacques Pirotte sur les Autos-Canons fut cofinanc\u00e9 par l\u2019ABA. Cet ouvrage remporta le Grand Prix national \u00e0 Aarschot. Pour cl\u00f4turer cette ann\u00e9e, l\u2019acad\u00e9mie rendit visite au mus\u00e9e de la Red Star Line dont une des chevilles ouvri\u00e8res est notre membre Andr\u00e9 Bollen.<\/p>\n<p>En 2015, l\u2019ABA \u00e9tait co-organisatrice de l\u2019exposition intitul\u00e9e \u2018Napol\u00e9on et son temps\u2019 qui se d\u00e9roula \u00e0 Braine-L\u2019Alleud. A cette occasion, un banquet fut organis\u00e9 et les membres de l\u2019ABA ont pu s\u2019inscrire \u00e0 la reconstitution de la bataille de Waterloo.<\/p>\n<p>Le 3 octobre 2015 Patrick Maselis a transmis la pr\u00e9sidence \u00e0 Henk Slabbinck.<\/p>\n<p>2016 fut \u00e0 nouveau une ann\u00e9e particuli\u00e8rement charg\u00e9e. L\u2019ABA f\u00eata son 50\u00e8me anniversaire par un banquet \u00e0 Bruxelles et participa \u00e0 la cour d\u2019honneur de l\u2019exposition nationale comp\u00e9titive Westfila \u00e0 Roeselare. A l\u2019occasion de son 50\u00e8me anniversaire, l\u2019ABA se vit octroyer le titre \u2018d\u2019acad\u00e9mie royale\u2019. Pour terminer cette ann\u00e9e 2016, une importante contribution \u00e0 la litt\u00e9rature philat\u00e9lique vint d\u2019une part par le soutien \u00e0 l\u2019ouvrage de Vincent Schouberechts \u2018500 ans d\u2019histoire de la Poste\u2019 et d\u2019autre part par l\u2019adoption du Philat\u00e9liste belge (LPB) comme revue de l\u2019acad\u00e9mie. Un nouveau livre d&rsquo;anniversaire a \u00e9galement \u00e9t\u00e9 publi\u00e9 avec les CV de tous ceux qui sont (ou \u00e9taient) membres de l&rsquo;ABA.<\/p>\n<h4><span style=\"color: #3366ff;\"><strong>Les pr\u00e9sidents successifs<\/strong><\/span><\/h4>\n<table style=\"height: 198px;\" border=\"0\" width=\"642\" cellspacing=\"0\" cellpadding=\"0\">\n<tbody>\n<tr>\n<td>Dupont Jean<\/td>\n<td>25.03.66<\/td>\n<td>29.11.69<\/td>\n<\/tr>\n<tr>\n<td>Herlant Lucien<\/td>\n<td>29.11.69<\/td>\n<td>22.11.75<\/td>\n<\/tr>\n<tr>\n<td>Plancquaert Jules<\/td>\n<td>22.11.75<\/td>\n<td>16.04.83<\/td>\n<\/tr>\n<tr>\n<td>Symens Jozef<\/td>\n<td>13.11.83<\/td>\n<td>30.12.85<\/td>\n<\/tr>\n<tr>\n<td>Stibbe Jacques<\/td>\n<td>18.10.86<\/td>\n<td>17.06.95<\/td>\n<\/tr>\n<tr>\n<td>Delbeke Claude<\/td>\n<td>04.11.95<\/td>\n<td>23.10.09<\/td>\n<\/tr>\n<tr>\n<td>Maselis Patrick<\/td>\n<td>24.10.09<\/td>\n<td>03.10.15<\/td>\n<\/tr>\n<tr>\n<td>Henk Slabbinck<\/td>\n<td>03.10.15<\/td>\n<\/tr>\n<\/tbody>\n<\/table>\n","protected":false},"excerpt":{"rendered":"<p>Bref survol historique de l\u2019Acad\u00e9mie Les d\u00e9buts L\u2019Acad\u00e9mie Royale est, en ce qui concerne l\u2019anciennet\u00e9, la deuxi\u00e8me Acad\u00e9mie nationale, apr\u00e8s celle de France, qui fut fond\u00e9e en 1928. Le 25 mars 1966, quelques \u00e9minents philat\u00e9listes belges se r\u00e9unirent \u00e0 Bruxelles, r\u00e9pondant \u00e0 l\u2019initiative de Raoul Hubinont, pour fixer les structures de l\u2019Acad\u00e9mie Royale. Les 22 [&hellip;]<\/p>\n","protected":false},"author":1,"featured_media":88,"parent":0,"menu_order":0,"comment_status":"closed","ping_status":"closed","template":"template-innerpage.php","meta":{"_acf_changed":false,"_exactmetrics_skip_tracking":false,"_exactmetrics_sitenote_active":false,"_exactmetrics_sitenote_note":"","_exactmetrics_sitenote_category":0,"footnotes":""},"class_list":["post-352","page","type-page","status-publish","has-post-thumbnail","hentry"],"acf":[],"yoast_head":"<!-- This site is optimized with the Yoast SEO plugin v27.0 - https:\/\/yoast.com\/product\/yoast-seo-wordpress\/ -->\n<title>HISTOIRE DE L&#039;ACAD\u00c9MIE - Academy Belgium<\/title>\n<meta name=\"robots\" content=\"index, follow, max-snippet:-1, max-image-preview:large, max-video-preview:-1\" \/>\n<link rel=\"canonical\" href=\"https:\/\/www.academiebelgium.be\/fr\/histoire\/\" \/>\n<meta property=\"og:locale\" content=\"fr_FR\" \/>\n<meta property=\"og:type\" content=\"article\" \/>\n<meta property=\"og:title\" content=\"HISTOIRE DE L&#039;ACAD\u00c9MIE - Academy Belgium\" \/>\n<meta property=\"og:description\" content=\"Bref survol historique de l\u2019Acad\u00e9mie Les d\u00e9buts L\u2019Acad\u00e9mie Royale est, en ce qui concerne l\u2019anciennet\u00e9, la deuxi\u00e8me Acad\u00e9mie nationale, apr\u00e8s celle de France, qui fut fond\u00e9e en 1928. Le 25 mars 1966, quelques \u00e9minents philat\u00e9listes belges se r\u00e9unirent \u00e0 Bruxelles, r\u00e9pondant \u00e0 l\u2019initiative de Raoul Hubinont, pour fixer les structures de l\u2019Acad\u00e9mie Royale. Les 22 [&hellip;]\" \/>\n<meta property=\"og:url\" content=\"https:\/\/www.academiebelgium.be\/fr\/histoire\/\" \/>\n<meta property=\"og:site_name\" content=\"Academy Belgium\" \/>\n<meta property=\"article:modified_time\" content=\"2020-10-16T07:35:29+00:00\" \/>\n<meta property=\"og:image\" content=\"https:\/\/www.academiebelgium.be\/wp-content\/uploads\/2018\/10\/banner.jpg\" \/>\n\t<meta property=\"og:image:width\" content=\"1257\" \/>\n\t<meta property=\"og:image:height\" content=\"400\" \/>\n\t<meta property=\"og:image:type\" content=\"image\/jpeg\" \/>\n<meta name=\"twitter:card\" content=\"summary_large_image\" \/>\n<meta name=\"twitter:label1\" content=\"Dur\u00e9e de lecture estim\u00e9e\" \/>\n\t<meta name=\"twitter:data1\" content=\"11 minutes\" \/>\n<script type=\"application\/ld+json\" class=\"yoast-schema-graph\">{\"@context\":\"https:\/\/schema.org\",\"@graph\":[{\"@type\":\"WebPage\",\"@id\":\"https:\/\/www.academiebelgium.be\/fr\/histoire\/\",\"url\":\"https:\/\/www.academiebelgium.be\/fr\/histoire\/\",\"name\":\"HISTOIRE DE L'ACAD\u00c9MIE - Academy Belgium\",\"isPartOf\":{\"@id\":\"https:\/\/www.academiebelgium.be\/nl\/#website\"},\"primaryImageOfPage\":{\"@id\":\"https:\/\/www.academiebelgium.be\/fr\/histoire\/#primaryimage\"},\"image\":{\"@id\":\"https:\/\/www.academiebelgium.be\/fr\/histoire\/#primaryimage\"},\"thumbnailUrl\":\"https:\/\/www.academiebelgium.be\/wp-content\/uploads\/2018\/10\/banner.jpg\",\"datePublished\":\"2018-11-02T15:13:14+00:00\",\"dateModified\":\"2020-10-16T07:35:29+00:00\",\"breadcrumb\":{\"@id\":\"https:\/\/www.academiebelgium.be\/fr\/histoire\/#breadcrumb\"},\"inLanguage\":\"fr-FR\",\"potentialAction\":[{\"@type\":\"ReadAction\",\"target\":[\"https:\/\/www.academiebelgium.be\/fr\/histoire\/\"]}]},{\"@type\":\"ImageObject\",\"inLanguage\":\"fr-FR\",\"@id\":\"https:\/\/www.academiebelgium.be\/fr\/histoire\/#primaryimage\",\"url\":\"https:\/\/www.academiebelgium.be\/wp-content\/uploads\/2018\/10\/banner.jpg\",\"contentUrl\":\"https:\/\/www.academiebelgium.be\/wp-content\/uploads\/2018\/10\/banner.jpg\",\"width\":1257,\"height\":400},{\"@type\":\"BreadcrumbList\",\"@id\":\"https:\/\/www.academiebelgium.be\/fr\/histoire\/#breadcrumb\",\"itemListElement\":[{\"@type\":\"ListItem\",\"position\":1,\"name\":\"Home\",\"item\":\"https:\/\/www.academiebelgium.be\/fr\/home\/\"},{\"@type\":\"ListItem\",\"position\":2,\"name\":\"HISTOIRE DE L&rsquo;ACAD\u00c9MIE\"}]},{\"@type\":\"WebSite\",\"@id\":\"https:\/\/www.academiebelgium.be\/nl\/#website\",\"url\":\"https:\/\/www.academiebelgium.be\/nl\/\",\"name\":\"Academy Belgium\",\"description\":\"Just another WordPress site\",\"publisher\":{\"@id\":\"https:\/\/www.academiebelgium.be\/nl\/#organization\"},\"potentialAction\":[{\"@type\":\"SearchAction\",\"target\":{\"@type\":\"EntryPoint\",\"urlTemplate\":\"https:\/\/www.academiebelgium.be\/nl\/?s={search_term_string}\"},\"query-input\":{\"@type\":\"PropertyValueSpecification\",\"valueRequired\":true,\"valueName\":\"search_term_string\"}}],\"inLanguage\":\"fr-FR\"},{\"@type\":\"Organization\",\"@id\":\"https:\/\/www.academiebelgium.be\/nl\/#organization\",\"name\":\"Academy Belgium\",\"url\":\"https:\/\/www.academiebelgium.be\/nl\/\",\"logo\":{\"@type\":\"ImageObject\",\"inLanguage\":\"fr-FR\",\"@id\":\"https:\/\/www.academiebelgium.be\/nl\/#\/schema\/logo\/image\/\",\"url\":\"https:\/\/www.academiebelgium.be\/wp-content\/uploads\/2018\/10\/logo.png\",\"contentUrl\":\"https:\/\/www.academiebelgium.be\/wp-content\/uploads\/2018\/10\/logo.png\",\"width\":125,\"height\":125,\"caption\":\"Academy Belgium\"},\"image\":{\"@id\":\"https:\/\/www.academiebelgium.be\/nl\/#\/schema\/logo\/image\/\"}}]}<\/script>\n<!-- \/ Yoast SEO plugin. -->","yoast_head_json":{"title":"HISTOIRE DE L'ACAD\u00c9MIE - Academy Belgium","robots":{"index":"index","follow":"follow","max-snippet":"max-snippet:-1","max-image-preview":"max-image-preview:large","max-video-preview":"max-video-preview:-1"},"canonical":"https:\/\/www.academiebelgium.be\/fr\/histoire\/","og_locale":"fr_FR","og_type":"article","og_title":"HISTOIRE DE L'ACAD\u00c9MIE - Academy Belgium","og_description":"Bref survol historique de l\u2019Acad\u00e9mie Les d\u00e9buts L\u2019Acad\u00e9mie Royale est, en ce qui concerne l\u2019anciennet\u00e9, la deuxi\u00e8me Acad\u00e9mie nationale, apr\u00e8s celle de France, qui fut fond\u00e9e en 1928. Le 25 mars 1966, quelques \u00e9minents philat\u00e9listes belges se r\u00e9unirent \u00e0 Bruxelles, r\u00e9pondant \u00e0 l\u2019initiative de Raoul Hubinont, pour fixer les structures de l\u2019Acad\u00e9mie Royale. Les 22 [&hellip;]","og_url":"https:\/\/www.academiebelgium.be\/fr\/histoire\/","og_site_name":"Academy Belgium","article_modified_time":"2020-10-16T07:35:29+00:00","og_image":[{"width":1257,"height":400,"url":"https:\/\/www.academiebelgium.be\/wp-content\/uploads\/2018\/10\/banner.jpg","type":"image\/jpeg"}],"twitter_card":"summary_large_image","twitter_misc":{"Dur\u00e9e de lecture estim\u00e9e":"11 minutes"},"schema":{"@context":"https:\/\/schema.org","@graph":[{"@type":"WebPage","@id":"https:\/\/www.academiebelgium.be\/fr\/histoire\/","url":"https:\/\/www.academiebelgium.be\/fr\/histoire\/","name":"HISTOIRE DE L'ACAD\u00c9MIE - Academy Belgium","isPartOf":{"@id":"https:\/\/www.academiebelgium.be\/nl\/#website"},"primaryImageOfPage":{"@id":"https:\/\/www.academiebelgium.be\/fr\/histoire\/#primaryimage"},"image":{"@id":"https:\/\/www.academiebelgium.be\/fr\/histoire\/#primaryimage"},"thumbnailUrl":"https:\/\/www.academiebelgium.be\/wp-content\/uploads\/2018\/10\/banner.jpg","datePublished":"2018-11-02T15:13:14+00:00","dateModified":"2020-10-16T07:35:29+00:00","breadcrumb":{"@id":"https:\/\/www.academiebelgium.be\/fr\/histoire\/#breadcrumb"},"inLanguage":"fr-FR","potentialAction":[{"@type":"ReadAction","target":["https:\/\/www.academiebelgium.be\/fr\/histoire\/"]}]},{"@type":"ImageObject","inLanguage":"fr-FR","@id":"https:\/\/www.academiebelgium.be\/fr\/histoire\/#primaryimage","url":"https:\/\/www.academiebelgium.be\/wp-content\/uploads\/2018\/10\/banner.jpg","contentUrl":"https:\/\/www.academiebelgium.be\/wp-content\/uploads\/2018\/10\/banner.jpg","width":1257,"height":400},{"@type":"BreadcrumbList","@id":"https:\/\/www.academiebelgium.be\/fr\/histoire\/#breadcrumb","itemListElement":[{"@type":"ListItem","position":1,"name":"Home","item":"https:\/\/www.academiebelgium.be\/fr\/home\/"},{"@type":"ListItem","position":2,"name":"HISTOIRE DE L&rsquo;ACAD\u00c9MIE"}]},{"@type":"WebSite","@id":"https:\/\/www.academiebelgium.be\/nl\/#website","url":"https:\/\/www.academiebelgium.be\/nl\/","name":"Academy Belgium","description":"Just another WordPress site","publisher":{"@id":"https:\/\/www.academiebelgium.be\/nl\/#organization"},"potentialAction":[{"@type":"SearchAction","target":{"@type":"EntryPoint","urlTemplate":"https:\/\/www.academiebelgium.be\/nl\/?s={search_term_string}"},"query-input":{"@type":"PropertyValueSpecification","valueRequired":true,"valueName":"search_term_string"}}],"inLanguage":"fr-FR"},{"@type":"Organization","@id":"https:\/\/www.academiebelgium.be\/nl\/#organization","name":"Academy Belgium","url":"https:\/\/www.academiebelgium.be\/nl\/","logo":{"@type":"ImageObject","inLanguage":"fr-FR","@id":"https:\/\/www.academiebelgium.be\/nl\/#\/schema\/logo\/image\/","url":"https:\/\/www.academiebelgium.be\/wp-content\/uploads\/2018\/10\/logo.png","contentUrl":"https:\/\/www.academiebelgium.be\/wp-content\/uploads\/2018\/10\/logo.png","width":125,"height":125,"caption":"Academy Belgium"},"image":{"@id":"https:\/\/www.academiebelgium.be\/nl\/#\/schema\/logo\/image\/"}}]}},"_links":{"self":[{"href":"https:\/\/www.academiebelgium.be\/fr\/wp-json\/wp\/v2\/pages\/352","targetHints":{"allow":["GET"]}}],"collection":[{"href":"https:\/\/www.academiebelgium.be\/fr\/wp-json\/wp\/v2\/pages"}],"about":[{"href":"https:\/\/www.academiebelgium.be\/fr\/wp-json\/wp\/v2\/types\/page"}],"author":[{"embeddable":true,"href":"https:\/\/www.academiebelgium.be\/fr\/wp-json\/wp\/v2\/users\/1"}],"replies":[{"embeddable":true,"href":"https:\/\/www.academiebelgium.be\/fr\/wp-json\/wp\/v2\/comments?post=352"}],"version-history":[{"count":0,"href":"https:\/\/www.academiebelgium.be\/fr\/wp-json\/wp\/v2\/pages\/352\/revisions"}],"wp:featuredmedia":[{"embeddable":true,"href":"https:\/\/www.academiebelgium.be\/fr\/wp-json\/wp\/v2\/media\/88"}],"wp:attachment":[{"href":"https:\/\/www.academiebelgium.be\/fr\/wp-json\/wp\/v2\/media?parent=352"}],"curies":[{"name":"wp","href":"https:\/\/api.w.org\/{rel}","templated":true}]}}