{"id":3581,"date":"2020-10-07T11:24:46","date_gmt":"2020-10-07T11:24:46","guid":{"rendered":"https:\/\/www.academiebelgium.be\/?page_id=3581"},"modified":"2023-01-26T11:03:07","modified_gmt":"2023-01-26T11:03:07","slug":"zoom","status":"publish","type":"page","link":"https:\/\/www.academiebelgium.be\/fr\/zoom\/","title":{"rendered":"Zoom"},"content":{"rendered":"<p><span style=\"color: #000000;\"><strong>Visio-conf\u00e9rences avec Zoom Us, enregistr\u00e9es et visibles sur YouTube via les liens ci-dessous\u00a0<\/strong><\/span><\/p>\n<p><em>Tous les \u00e9l\u00e9ments des conf\u00e9rences plac\u00e9es sur le site web tombent sur la r\u00e9glementation du Copyright et ne peuvent donc \u00eatre utilis\u00e9s ou modifi\u00e9s sans l\u2019accord formel de l\u2019orateur.\u00a0<\/em><em>Les pr\u00e9sentations Powerpoint utilis\u00e9es par les orateurs ne seront pas mises \u00e0 la disposition sur le site. Elles pourront \u00eatre obtenues chez les orateurs uniquement avec leur accord.<\/em><\/p>\n<p><strong><span style=\"color: #ff0000;\">19 novembre 2022 :\u00a0<\/span><\/strong><\/p>\n<ul>\n<li><strong>Ruud Verberne &#8211; <a href=\"https:\/\/youtu.be\/HdFk2LUilXw\" target=\"_blank\" rel=\"noopener\"><i><span style=\"color: #00ccff;\">Les derniers 100 jours de l\u2019Empire allemand mill\u00e9naire<\/span><\/i><\/a><\/strong><\/li>\n<\/ul>\n<p><strong><span style=\"color: #ff0000;\">24 septembre 2022 :\u00a0<\/span><\/strong><\/p>\n<ul>\n<li><strong>Willy Monfils &#8211; <a href=\"https:\/\/youtu.be\/FzB_2seq0yk\" target=\"_blank\" rel=\"noopener\"><span style=\"color: #00ccff;\">Cognelee 14-18<\/span><\/a><\/strong><\/li>\n<li><strong>Roger Baurain &#8211; <a href=\"https:\/\/youtu.be\/B4oKmKqnPEk\" target=\"_blank\" rel=\"noopener\"><span style=\"color: #00ccff;\">Le cachet erron\u00e9 \u00ab BEVECOM \/ BEAUVECHAIN \u00bb de 1911<\/span><\/a><\/strong><\/li>\n<li><strong>Francis Kinard &#8211; <a href=\"https:\/\/youtu.be\/q2l5eLhFgKI\" target=\"_blank\" rel=\"noopener\"><span style=\"color: #00ccff;\">Le si\u00e8ge de Toulon (1793)<\/span><\/a><\/strong><\/li>\n<li><strong>Luc Content &#8211; <a href=\"https:\/\/youtu.be\/KpDqRahbNwQ\" target=\"_blank\" rel=\"noopener\"><span style=\"color: #00ccff;\">Boites mobiles des \u00eeles anglo-normandes<\/span><\/a><\/strong><\/li>\n<\/ul>\n<p><span style=\"color: #ff0000;\"><strong>25 juin 2022\u00a0 :\u00a0<\/strong><\/span><\/p>\n<ul>\n<li><strong>Marc Symens &#8211; Les timbres belges avec surcharge CHINE (coming soon)<\/strong><\/li>\n<li><strong>Marc Bottu &#8211; <span style=\"color: #00ccff;\"><a style=\"color: #00ccff;\" href=\"https:\/\/youtu.be\/YzPGfLhnzMY\" target=\"_blank\" rel=\"noopener\">Les postes aux lettres et marques postales (Herlant)<\/a><\/span><\/strong><\/li>\n<li><strong>Ronny Van Pellecom &#8211; <span style=\"color: #00ccff;\"><a style=\"color: #00ccff;\" href=\"https:\/\/youtu.be\/4pcye3kFWr0\" target=\"_blank\" rel=\"noopener\">Le chemin de fer de Mariout<\/a><\/span><\/strong><\/li>\n<li><strong>Lars Jorgensen &#8211; <span style=\"color: #00ccff;\"><a style=\"color: #00ccff;\" href=\"https:\/\/youtu.be\/7jasFEE0QQk\" target=\"_blank\" rel=\"noopener\">Transvaal &#8211; the 1879 one penny overprinted V.R.<\/a><\/span><\/strong><\/li>\n<\/ul>\n<p><span style=\"color: #ff0000;\"><strong>9 avril 2022 (r\u00e9union conjointe avec l\u2019Acad\u00e9mie de Paris) :\u00a0<\/strong><\/span><\/p>\n<ul>\n<li><strong>Abensur (FR) &#8211; <span style=\"color: #00ccff;\"><a style=\"color: #00ccff;\" href=\"https:\/\/youtu.be\/KXbru-bUptI\" target=\"_blank\" rel=\"noopener\">Un ambassadeur des Pays-Bas espagnols \u00e0 Paris<\/a><\/span><\/strong><\/li>\n<li><strong>Bonnefoy (FR) &#8211; <span style=\"color: #00ccff;\"><a style=\"color: #00ccff;\" href=\"https:\/\/youtu.be\/P-B4rY5DDME\" target=\"_blank\" rel=\"noopener\">Le contr\u00f4le douanier postal dans les relations entre la Belgique et la France<\/a><\/span><\/strong><\/li>\n<li><strong>Bruart (BE) &#8211; (non enregistr\u00e9)<\/strong><\/li>\n<li><strong>Brun (FR) &#8211; <span style=\"color: #00ccff;\"><a style=\"color: #00ccff;\" href=\"https:\/\/youtu.be\/O36whmL2j_Y\" target=\"_blank\" rel=\"noopener\">la 3e dimension<\/a><\/span><\/strong><\/li>\n<li><strong>Goffin (BE)\u00a0 &#8211; <span style=\"color: #00ccff;\"><a style=\"color: #00ccff;\" href=\"https:\/\/youtu.be\/HBlCFkol5cE\" target=\"_blank\" rel=\"noopener\">Les ballons mont\u00e9s du si\u00e8ge de Paris, vers la Belgique<\/a><\/span><\/strong><\/li>\n<li><strong>Hardy (FR) &#8211; <span style=\"color: #00ccff;\"><a style=\"color: #00ccff;\" href=\"https:\/\/youtu.be\/drCk1hDjgvw\" target=\"_blank\" rel=\"noopener\">Les cachets des d\u00e9partements fran\u00e7ais en Belgique et aux alentours<\/a><\/span><br \/>\n<\/strong><\/li>\n<li><strong>Parenti (FR) &#8211; <span style=\"color: #00ccff;\"><a style=\"color: #00ccff;\" href=\"https:\/\/youtu.be\/C6iaRTJ4iTA\" target=\"_blank\" rel=\"noopener\">Un passeport belge pour apatrides<\/a><\/span><\/strong><\/li>\n<li><strong>Sollin (FR)\u00a0 &#8211; <span style=\"color: #00ccff;\"><a style=\"color: #00ccff;\" href=\"https:\/\/youtu.be\/1-x1W1IqV5c\" target=\"_blank\" rel=\"noopener\">Le s\u00e9nat belge en France<\/a><\/span><\/strong><\/li>\n<li><strong>Vertommen (BE) &#8211; <span style=\"color: #00ccff;\"><a style=\"color: #00ccff;\" href=\"https:\/\/youtu.be\/lMtuFB8X3a0\" target=\"_blank\" rel=\"noopener\">Les relations postales avec la France durant la p\u00e9riode du m\u00e9daillon<\/a><\/span><\/strong><\/li>\n<\/ul>\n<p><strong><span style=\"color: #ff0000;\">5 mars 2022 :<\/span>\u00a0<\/strong><\/p>\n<ul>\n<li><strong>Hubert Caprasse \u2013\u00a0(non enregistr\u00e9)<\/strong><\/li>\n<li><strong>Jacques Stes \u2013 (non enregistr\u00e9)<\/strong><\/li>\n<li><strong>Adam Vanderlinden \u2013<span style=\"color: #00ccff;\"><a style=\"color: #00ccff;\" href=\"https:\/\/youtu.be\/Ue9lLLtHkyM\" target=\"_blank\" rel=\"noopener\">\u00a0Affranchissements non valides<\/a><\/span><\/strong><\/li>\n<li><strong>Roger Baurain \u2013\u00a0<span style=\"color: #00ccff;\"><a style=\"color: #00ccff;\" href=\"https:\/\/youtu.be\/0CeO0EYBCZY\" target=\"_blank\" rel=\"noopener\">Les prisonniers de guerre allemands au Canada 1939-46<\/a><\/span><\/strong><\/li>\n<\/ul>\n<p><span style=\"color: #ff0000;\"><strong>8 janvier 2022 :\u00a0<\/strong><\/span><\/p>\n<ul>\n<li><strong>Willy Monfils &#8211;<span style=\"color: #00ccff;\"><a style=\"color: #00ccff;\" href=\"https:\/\/www.youtube.com\/watch?v=mkLzOvwpH5Y\" target=\"_blank\" rel=\"noopener\"> Service rural Les timbres des bo\u00eetes<\/a><\/span><\/strong><\/li>\n<li><strong>Luc Selis &#8211; <span style=\"color: #00ccff;\"><a style=\"color: #00ccff;\" href=\"https:\/\/www.youtube.com\/watch?v=ek98DKMCc9M\" target=\"_blank\" rel=\"noopener\">Express services on postal stationeries with \u00ab\u00a0extra\u00a0\u00bb<\/a><\/span><\/strong><\/li>\n<\/ul>\n<p><span style=\"color: #ff0000;\"><strong>4 d\u00e9cembre 2021 :\u00a0<\/strong><\/span><\/p>\n<ul>\n<li><strong>Walter Deijnckens \u2013\u00a0<span style=\"color: #00ccff;\"><a style=\"color: #00ccff;\" href=\"https:\/\/www.youtube.com\/watch?v=vBXmvj44pg0\" target=\"_blank\" rel=\"noopener\">La poste a\u00e9rienne au Ruanda-Urundi<\/a><\/span><\/strong><\/li>\n<li><strong>Willy Vande Wiele \u2013\u00a0<span style=\"color: #00ccff;\"><a style=\"color: #00ccff;\" href=\"https:\/\/www.youtube.com\/watch?v=Kz8WDuahXPI\" target=\"_blank\" rel=\"noopener\">Le permis de p\u00eache belge<\/a><\/span><\/strong><\/li>\n<li><strong>Philippe Lindekens \u2013\u00a0<span style=\"color: #00ccff;\"><a style=\"color: #00ccff;\" href=\"https:\/\/www.youtube.com\/watch?v=G8eNkNLgiNU\" target=\"_blank\" rel=\"noopener\">Congo recommand\u00e9 par avion \u2013 2 en 1<\/a><\/span><\/strong><\/li>\n<li><strong>Vincent Schouberechts \u2013\u00a0<span style=\"color: #00ccff;\"><a style=\"color: #00ccff;\" href=\"https:\/\/www.youtube.com\/watch?v=QIaxUAf-v5w\" target=\"_blank\" rel=\"noopener\">20 centimes M\u00e9daillons 1863<\/a><\/span><\/strong><\/li>\n<\/ul>\n<p><span style=\"color: #ff0000;\"><strong>16 octobre 2021 :\u00a0<\/strong><\/span><\/p>\n<ul>\n<li><strong>Robert Lisabeth &#8211; <span style=\"color: #00ccff;\"><a style=\"color: #00ccff;\" href=\"https:\/\/www.youtube.com\/watch?v=0mrODkJUcLI\" target=\"_blank\" rel=\"noopener\">L.A.T.I\u00a0 &#8211; 21.12.1939\u00a0 \/ 04.12.1941<\/a><\/span><\/strong><\/li>\n<li><span style=\"color: #000000;\"><strong>Francis Kinard &#8211;<span style=\"color: #00ccff;\"> <a style=\"color: #00ccff;\" href=\"https:\/\/www.youtube.com\/watch?v=mbl-b-Lwkhs\" target=\"_blank\" rel=\"noopener\">Le royaume d\u2019\u00c9trurie (1801 1807)<\/a><\/span><\/strong><\/span><\/li>\n<li><span style=\"color: #000000;\"><strong>Mark Bottu &#8211; <span style=\"color: #00ccff;\"><a style=\"color: #00ccff;\" href=\"https:\/\/www.youtube.com\/watch?v=6GHjsDaMgUw\" target=\"_blank\" rel=\"noopener\">Victor Gisqui\u00e8re<\/a><\/span><\/strong><\/span><\/li>\n<li><span style=\"color: #000000;\"><strong>Guy Coutant &#8211; <span style=\"color: #00ccff;\"><a style=\"color: #00ccff;\" href=\"https:\/\/www.youtube.com\/watch?v=rEcGoH1xm0g\" target=\"_blank\" rel=\"noopener\">Le territoire du Witu<\/a><\/span><\/strong><\/span><\/li>\n<\/ul>\n<p><span style=\"color: #ff0000;\"><strong>16 octobre 2021 :\u00a0<\/strong><\/span><\/p>\n<p>pas d&rsquo;enregistrement Zoom pour cette r\u00e9union (probl\u00e8me technique)<\/p>\n<p><span style=\"color: #ff0000;\"><strong>12 juin 2021 :\u00a0<\/strong><\/span><\/p>\n<ul>\n<li><strong>Mireille <span style=\"color: #000000;\">Lutz &#8211; <span style=\"color: #00ccff;\"><a style=\"color: #00ccff;\" href=\"https:\/\/www.youtube.com\/watch?v=8801_6AMmhk\" target=\"_blank\" rel=\"noopener\">Les Chiffres de Poste appos\u00e9s par l\u2019ambulant belge<\/a><\/span><\/span><\/strong><\/li>\n<li><span style=\"color: #000000;\"><strong>Guy Coutant &#8211; <span style=\"color: #00ccff;\"><a style=\"color: #00ccff;\" href=\"https:\/\/www.youtube.com\/watch?v=iOFnQOMvF7M\" target=\"_blank\" rel=\"noopener\">Meched 1902<\/a><\/span><\/strong><\/span><\/li>\n<li><span style=\"color: #000000;\"><strong>Francis Kinard &#8211; <span style=\"color: #00ccff;\"><a style=\"color: #00ccff;\" href=\"https:\/\/www.youtube.com\/watch?v=lILXia99qd0\" target=\"_blank\" rel=\"noopener\">L\u2019\u00eele d\u2019Elbe sous domination fran\u00e7aise (1802-1815)<\/a><\/span><\/strong><\/span><\/li>\n<li><span style=\"color: #000000;\"><strong>Lars Boettger &#8211; <span style=\"color: #00ccff;\"><a style=\"color: #00ccff;\" href=\"https:\/\/www.youtube.com\/watch?v=GNFUqpElUZc\" target=\"_blank\" rel=\"noopener\">Que signifient les signatures ?<\/a><\/span><\/strong><\/span><\/li>\n<li><span style=\"color: #000000;\"><strong>Mark Bottu &#8211; <span style=\"color: #00ccff;\"><a style=\"color: #00ccff;\" href=\"https:\/\/www.youtube.com\/watch?v=SXZqfE-07P4\" target=\"_blank\" rel=\"noopener\">Le HAVRE &#8211; Ste ADRESSE<\/a><\/span><\/strong><\/span><\/li>\n<li><span style=\"color: #000000;\"><strong>Ruud Verberne &#8211; <span style=\"color: #00ccff;\"><a style=\"color: #00ccff;\" href=\"https:\/\/www.youtube.com\/watch?v=8WOP5wL1dDE\" target=\"_blank\" rel=\"noopener\">Opsporingsbevel tegen Frederic Kumsius<\/a><\/span><\/strong><\/span><\/li>\n<\/ul>\n<p><span style=\"color: #ff0000;\"><strong>24 avril 2021 :\u00a0<\/strong><\/span><\/p>\n<ul>\n<li><strong>Thomas Lindekens &#8211; <span style=\"color: #00ccff;\"><a style=\"color: #00ccff;\" href=\"https:\/\/www.youtube.com\/watch?v=qTnTlLreMps\" target=\"_blank\" rel=\"noopener\">Congo fran\u00e7ais \/ Alph\u00e9e Dubois<\/a><\/span><\/strong><\/li>\n<li><strong>Philippe Lindekens &#8211; <span style=\"color: #00ccff;\"><a style=\"color: #00ccff;\" href=\"https:\/\/www.youtube.com\/watch?v=TSYveg4w--k\" target=\"_blank\" rel=\"noopener\">Incoming mail Congo belge \/ roi Albert type k\u00e9pi<\/a><\/span><\/strong><\/li>\n<li><strong>Francis Kinard &#8211; <span style=\"color: #00ccff;\"><a style=\"color: #00ccff;\" href=\"https:\/\/www.youtube.com\/watch?v=1Fu9C4lD420\" target=\"_blank\" rel=\"noopener\">Quel sort r\u00e9server aux prisonniers n\u00e9erlandais fin 1813<\/a><\/span><\/strong><\/li>\n<li><strong>Henk Slabbinck &#8211; <span style=\"color: #00ccff;\"><a style=\"color: #00ccff;\" href=\"https:\/\/www.youtube.com\/watch?v=cLCLR8wO31M\" target=\"_blank\" rel=\"noopener\">Geneutraliseerde neutraliteit \/ Neutralit\u00e9 neutralis\u00e9e<\/a><\/span><\/strong><\/li>\n<li><strong>Lars Boettger &#8211; <span style=\"color: #00ccff;\"><a style=\"color: #00ccff;\" href=\"https:\/\/www.youtube.com\/watch?v=hUKDY9lCGpE\" target=\"_blank\" rel=\"noopener\">D\u00e9termination de raret\u00e9<\/a><\/span><\/strong><\/li>\n<\/ul>\n<p><span style=\"color: #ff0000;\"><strong>27 mars 2021 :\u00a0<\/strong><\/span><\/p>\n<ul>\n<li><strong>Guy Baudot \u2013\u00a0<span style=\"color: #00ccff;\"><a style=\"color: #00ccff;\" href=\"https:\/\/www.youtube.com\/watch?v=7Al1kl8V7x8\" target=\"_blank\" rel=\"noopener\">L\u2019 \u00e9mergence des \u00ab\u00a0Timbres de Taxe\u00a0\u00bb<\/a><\/span><\/strong><\/li>\n<li><strong>Alain Pierret \u2013\u00a0<\/strong><span style=\"color: #00ccff;\"><a style=\"color: #00ccff;\" href=\"https:\/\/www.youtube.com\/watch?v=_aisQOX9PH0\" target=\"_blank\" rel=\"noopener\"><strong>Quand les timbres \u2018AVION\u2019 deviennent des valeurs postales ordinaires<\/strong><\/a><\/span><\/li>\n<li><strong>Thomas Lindekens \u2013\u00a0<span style=\"color: #00ccff;\"><a style=\"color: #00ccff;\" href=\"https:\/\/www.youtube.com\/watch?v=Xa1WBYdekrM\" target=\"_blank\" rel=\"noopener\">Plis fronti\u00e8res via l\u2019Etat Ind\u00e9pendant du Congo<\/a><\/span><\/strong><\/li>\n<li><strong>Lars Boettger \u2013\u00a0<\/strong><span style=\"color: #00ccff;\"><a style=\"color: #00ccff;\" href=\"https:\/\/www.youtube.com\/watch?v=voE3wOQAqGs\" target=\"_blank\" rel=\"noopener\"><b>Luxembourg \u2013 Utilisation timbres-poste comme timbr<\/b><b>es-taxe<\/b><\/a><\/span><\/li>\n<li><strong>Philippe Lindekens \u2013\u00a0<span style=\"color: #00ccff;\">Congo \u2013<\/span><\/strong><a href=\"https:\/\/www.youtube.com\/watch?v=E11sOFG_HYs\" target=\"_blank\" rel=\"noopener\"><span style=\"color: #00ccff;\"><b>Pli insuffisamment affranchi <\/b><b>Pri\u00e8re de compl\u00e9ter<\/b><\/span><\/a><\/li>\n<li><strong>Francis Kinard \u2013\u00a0<span style=\"color: #00ccff;\"><a style=\"color: #00ccff;\" href=\"https:\/\/www.youtube.com\/watch?v=t4zhr2oVinY\" target=\"_blank\" rel=\"noopener\">A la recherche de F.D.C.<\/a><\/span><\/strong><\/li>\n<\/ul>\n<p><span style=\"color: #ff0000;\"><strong>27 f\u00e9vrier 2021 :\u00a0<\/strong><\/span><\/p>\n<ul>\n<li><strong>Philippe Lin<span style=\"color: #000000;\">dekens &#8211; <span style=\"color: #00ccff;\"><a style=\"color: #00ccff;\" href=\"https:\/\/www.youtube.com\/watch?v=zUxk4-RRCH0\" target=\"_blank\" rel=\"noopener\">Congo : Affranchissement avec les grosses valeurs Mols<\/a><\/span><\/span><\/strong><\/li>\n<li><span style=\"color: #000000;\"><strong>Marc Symens &#8211; <span style=\"color: #00ccff;\"><a style=\"color: #00ccff;\" href=\"https:\/\/www.youtube.com\/watch?v=mzWaFNiWKPs\" target=\"_blank\" rel=\"noopener\">Chine :\u00a0Livre unique de Marcel VAN LERBERGHE<\/a><\/span><\/strong><\/span><\/li>\n<li><span style=\"color: #000000;\"><strong>Vincent Schouberechts &#8211; <span style=\"color: #00ccff;\"><a style=\"color: #00ccff;\" href=\"https:\/\/www.youtube.com\/watch?v=oIfdZf-GB1E\" target=\"_blank\" rel=\"noopener\">Une lettre de Grainchamps en 1796<\/a><\/span><\/strong><\/span><\/li>\n<li><span style=\"color: #000000;\"><strong>Thomas Lindekens &#8211; <span style=\"color: #00ccff;\"><a style=\"color: #00ccff;\" href=\"https:\/\/www.youtube.com\/watch?v=kA3iCwpv040\" target=\"_blank\" rel=\"noopener\">Coiling\u00a0 Dragon Chinese Imperial\u00a0 Post Part II\u00a0<\/a><\/span><\/strong><\/span><\/li>\n<li><span style=\"color: #000000;\"><strong>Daniel Goffin &#8211; <span style=\"color: #00ccff;\"><a style=\"color: #00ccff;\" href=\"https:\/\/www.youtube.com\/watch?v=tsUI-uG9Tqo\" target=\"_blank\" rel=\"noopener\">Le service des rebuts<\/a><\/span><\/strong><\/span><\/li>\n<\/ul>\n<p><span style=\"color: #ff0000;\"><strong>23 janvier 2021 :\u00a0<\/strong><\/span><\/p>\n<ul>\n<li><strong>Francis Kinar<span style=\"color: #000000;\">d &#8211; <span style=\"color: #00ccff;\"><a style=\"color: #00ccff;\" href=\"https:\/\/www.youtube.com\/watch?v=7Zr4fZho9rw&amp;feature=youtu.be\" target=\"_blank\" rel=\"noopener\">Split 8 juin 1813<\/a><\/span><\/span><\/strong><\/li>\n<li><span style=\"color: #000000;\"><strong>Lars Boettger &#8211; <span style=\"color: #00ccff;\"><a style=\"color: #00ccff;\" href=\"https:\/\/www.youtube.com\/watch?v=MgYoSbBXOa8&amp;feature=youtu.be\" target=\"_blank\" rel=\"noopener\">Friedrich Huth &#8211; Fusion d\u2019histoire et d\u2019histoire postale<\/a><\/span><\/strong><\/span><\/li>\n<li><span style=\"color: #000000;\"><strong>Mark Bottu &#8211; <span style=\"color: #00ccff;\"><a style=\"color: #00ccff;\" href=\"https:\/\/www.youtube.com\/watch?v=7QS-RY7C5PM&amp;feature=youtu.be\" target=\"_blank\" rel=\"noopener\">Music Talking with God<\/a><\/span><\/strong><\/span><\/li>\n<li><span style=\"color: #000000;\"><strong>Thomas Lindekens\u00a0 &#8211; <span style=\"color: #00ccff;\"><a style=\"color: #00ccff;\" href=\"https:\/\/www.youtube.com\/watch?v=lsy5b9-6Yls&amp;feature=youtu.be\" target=\"_blank\" rel=\"noopener\">Maroc Poste Locale Morteo &amp; Spinney<\/a><\/span><\/strong><\/span><\/li>\n<li><span style=\"color: #000000;\"><strong>Philippe Lindekens &#8211; <span style=\"color: #00ccff;\"><a style=\"color: #00ccff;\" href=\"https:\/\/www.youtube.com\/watch?v=MwMPlkg8oI0&amp;feature=youtu.be\" target=\"_blank\" rel=\"noopener\">Congo Carte Postale Incompl\u00e8te<\/a><\/span><\/strong><\/span><\/li>\n<\/ul>\n<p><span style=\"color: #ff0000;\"><strong>19 d\u00e9cembre 2020 :\u00a0<\/strong><\/span><\/p>\n<ul>\n<li><strong>Guy Coutant &#8211; <span style=\"color: #00ccff;\"><a href=\"https:\/\/www.youtube.com\/watch?v=-T96ir3ICEw&amp;feature=youtu.be\" target=\"_blank\" rel=\"noopener noreferrer\"><span style=\"color: #00ccff;\">Gronchi Rosa<\/span><\/a><\/span><\/strong><\/li>\n<li><strong>Francis K<span style=\"color: #000000;\">inard &#8211; <span style=\"color: #00ccff;\"><a style=\"color: #00ccff;\" href=\"https:\/\/www.youtube.com\/watch?v=73T7s6eRtXc&amp;feature=youtu.be\" target=\"_blank\" rel=\"noopener noreferrer\">Lieu de destination envahi<\/a><\/span><\/span><\/strong><\/li>\n<li><span style=\"color: #000000;\"><strong>Lars Boettger &#8211; <span style=\"color: #00ccff;\"><a style=\"color: #00ccff;\" href=\"https:\/\/www.youtube.com\/watch?v=K4-cjOVFGAo&amp;feature=youtu.be\" target=\"_blank\" rel=\"noopener noreferrer\">Union Postale Allemande Autrichienne<\/a><\/span><\/strong><\/span><\/li>\n<li><span style=\"color: #000000;\"><strong>Mark Bottu &#8211; <span style=\"color: #00ccff;\"><a style=\"color: #00ccff;\" href=\"https:\/\/www.youtube.com\/watch?v=ikAT0PX7iew&amp;feature=youtu.be\" target=\"_blank\" rel=\"noopener noreferrer\"><b>Thurn and Taxis Post in <\/b><b>the Southern <\/b><b>Netherlands <\/b><b>1501 <\/b><b>&#8211;\u00a0 1794<\/b><\/a><\/span><\/strong><\/span><\/li>\n<li><span style=\"color: #000000;\"><strong>Olivier Nosbaum &#8211; <span style=\"color: #00ccff;\"><a style=\"color: #00ccff;\" href=\"https:\/\/www.youtube.com\/watch?v=ys6n-WhJn54&amp;feature=youtu.be\" target=\"_blank\" rel=\"noopener noreferrer\"><b>Luxembourg &#8211;<\/b>\u00a0\u00abMagasin du Timbre\u00bb au 19e si\u00e8cle &#8211; Son histoire et son r\u00f4le<\/a><\/span><\/strong><\/span><\/li>\n<li><span style=\"color: #000000;\"><strong>Willy Monfils &#8211; <span style=\"color: #00ccff;\"><a style=\"color: #00ccff;\" href=\"https:\/\/www.youtube.com\/watch?v=wfu2ElqF8Fk&amp;feature=youtu.be\" target=\"_blank\" rel=\"noopener noreferrer\">Courriers militaires belges 14-18<\/a><\/span><\/strong><\/span><\/li>\n<li><span style=\"color: #000000;\"><strong>Yves Vertommen &#8211; <span style=\"color: #00ccff;\"><a style=\"color: #00ccff;\" href=\"https:\/\/www.youtube.com\/watch?v=du0bBB3DjU0&amp;feature=youtu.be\" target=\"_blank\" rel=\"noopener noreferrer\">Les mandats de poste (1849-1866)<\/a><\/span><\/strong><\/span><\/li>\n<\/ul>\n<p><span style=\"color: #ff0000;\"><strong>21 novembre 2020 :\u00a0<\/strong><\/span><\/p>\n<ul>\n<li><strong>Robert Abensur &#8211; <span style=\"color: #00ccff;\"><a style=\"color: #00ccff;\" href=\"https:\/\/www.youtube.com\/watch?v=D82bkehrTN4&amp;feature=youtu.be\" target=\"_blank\" rel=\"noopener noreferrer\">Tour du monde WW2<\/a><\/span><\/strong><\/li>\n<li><strong>Guy Coutant &#8211; <span style=\"color: #00ccff;\"><a style=\"color: #00ccff;\" href=\"https:\/\/www.youtube.com\/watch?v=P4hXm4tiZ5o&amp;feature=youtu.be\" target=\"_blank\" rel=\"noopener noreferrer\">Jean Nicolet<\/a><\/span><\/strong><\/li>\n<li><strong>Philippe Lindekens &#8211; <a href=\"https:\/\/youtu.be\/sv49heeCY0c\" target=\"_blank\" rel=\"noopener noreferrer\"><span style=\"color: #00ccff;\">\u00ab Cachets horaires t\u00e9l\u00e9graphiques \u00bb &#8211; au Maroc &amp; \u00e0 Madagascar<\/span><\/a><\/strong><\/li>\n<li><strong>Henk Slabbinck &#8211; <span style=\"color: #00ccff;\"><a style=\"color: #00ccff;\" href=\"https:\/\/www.youtube.com\/watch?v=iIOoktBQEcE&amp;feature=youtu.be\" target=\"_blank\" rel=\"noopener noreferrer\">Intern\u00e9s allemands juifs 40-45 &#8211; PO BOX 1000 &#8211; Mauritius<\/a><\/span><\/strong><\/li>\n<\/ul>\n<p><span style=\"color: #ff0000;\"><strong>17 octobre 2020 :\u00a0<\/strong><\/span><\/p>\n<ul>\n<li><strong><span style=\"color: #000080;\">Robert Abensur &#8211; <span style=\"color: #00ccff;\"><a style=\"color: #00ccff;\" href=\"https:\/\/youtu.be\/XrKgOqFFndM\" target=\"_blank\" rel=\"noopener noreferrer\">Maastricht-Ajaccio en 1796<\/a><\/span><\/span><\/strong><\/li>\n<li><strong><span style=\"color: #000080;\">Guy Coutant &#8211; <span style=\"color: #00ccff;\"><a style=\"color: #00ccff;\" href=\"https:\/\/youtu.be\/-8Ds2m1d-7k\" target=\"_blank\" rel=\"noopener noreferrer\">La guerre du Chaco 1932-35<\/a><\/span><\/span><\/strong><\/li>\n<li><strong><span style=\"color: #000080;\">Francis Kinard &#8211; <span style=\"color: #00ccff;\"><a style=\"color: #00ccff;\" href=\"https:\/\/youtu.be\/kv31X1qTffM\" target=\"_blank\" rel=\"noopener noreferrer\">Lettre du G\u00e9n\u00e9ral Championnet<\/a><\/span><\/span><\/strong><\/li>\n<li><strong><span style=\"color: #000080;\">Henk Slabbinck &#8211; <span style=\"color: #00ccff;\"><a style=\"color: #00ccff;\" href=\"https:\/\/www.youtube.com\/watch?v=dxFBsjValgI\" target=\"_blank\" rel=\"noopener noreferrer\">Courriers de p\u00eacheurs fran\u00e7ais \u00e0 Terre-Neuve<\/a><\/span><\/span><\/strong><\/li>\n<li><strong><span style=\"color: #000080;\">Marc Symens &#8211; <span style=\"color: #00ccff;\"><a style=\"color: #00ccff;\" href=\"https:\/\/www.youtube.com\/watch?v=cfOxttY7Nzw\" target=\"_blank\" rel=\"noopener noreferrer\">1928 Antwerpse postzegeldagen<\/a>\u00a0<\/span><\/span><\/strong><\/li>\n<\/ul>\n<p><span style=\"color: #ff0000;\"><strong>12 septembre 2020 :\u00a0<\/strong><\/span><\/p>\n<ul>\n<li><span style=\"color: #000080;\"><strong>Francis Kinard &#8211; <span style=\"color: #00ccff;\"><a style=\"color: #00ccff;\" href=\"https:\/\/www.youtube.com\/watch?v=SRH8Iu7L5As\" target=\"_blank\" rel=\"noopener noreferrer\">lettre Arm\u00e9e de Catalogne<\/a><\/span><\/strong><\/span><\/li>\n<li><span style=\"color: #000080;\"><strong>Ph Lindekens &#8211;<a href=\"https:\/\/www.youtube.com\/watch?v=mNUcRcLwg9k\" target=\"_blank\" rel=\"noopener noreferrer\"><span style=\"color: #00ccff;\"> les affranchissements mixtes de la Poste Ch\u00e9rifienne du Maroc<\/span><\/a><\/strong><\/span><\/li>\n<li><span style=\"color: #000080;\"><strong>Th Lindekens &#8211; <a href=\"https:\/\/www.youtube.com\/watch?v=iwwUYxX-Hrk\" target=\"_blank\" rel=\"noopener noreferrer\"><span style=\"color: #00ccff;\">China Coiling Dragon &#8211; imperial post &#8211; part I<\/span><\/a><\/strong><\/span><\/li>\n<li><span style=\"color: #000080;\"><strong>Vincent Schouberechts &#8211; <span style=\"color: #00ccff;\"><a style=\"color: #00ccff;\" href=\"https:\/\/www.youtube.com\/watch?v=mzzbmxT25kM\" target=\"_blank\" rel=\"noopener noreferrer\">Caricatures Mulreadys<\/a><\/span><\/strong><\/span><\/li>\n<\/ul>\n<h4><\/h4>\n","protected":false},"excerpt":{"rendered":"<p>Visio-conf\u00e9rences avec Zoom Us, enregistr\u00e9es et visibles sur YouTube via les liens ci-dessous\u00a0 Tous les \u00e9l\u00e9ments des conf\u00e9rences plac\u00e9es sur le site web tombent sur la r\u00e9glementation du Copyright et ne peuvent donc \u00eatre utilis\u00e9s ou modifi\u00e9s sans l\u2019accord formel de l\u2019orateur.\u00a0Les pr\u00e9sentations Powerpoint utilis\u00e9es par les orateurs ne seront pas mises \u00e0 la disposition [&hellip;]<\/p>\n","protected":false},"author":1,"featured_media":0,"parent":0,"menu_order":0,"comment_status":"closed","ping_status":"closed","template":"","meta":{"_acf_changed":false,"_exactmetrics_skip_tracking":false,"_exactmetrics_sitenote_active":false,"_exactmetrics_sitenote_note":"","_exactmetrics_sitenote_category":0,"footnotes":""},"class_list":["post-3581","page","type-page","status-publish","hentry"],"acf":[],"yoast_head":"<!-- This site is optimized with the Yoast SEO plugin v27.0 - https:\/\/yoast.com\/product\/yoast-seo-wordpress\/ -->\n<title>Zoom - Academy Belgium<\/title>\n<meta name=\"robots\" content=\"index, follow, max-snippet:-1, max-image-preview:large, max-video-preview:-1\" \/>\n<link rel=\"canonical\" href=\"https:\/\/www.academiebelgium.be\/fr\/zoom\/\" \/>\n<meta property=\"og:locale\" content=\"fr_FR\" \/>\n<meta property=\"og:type\" content=\"article\" \/>\n<meta property=\"og:title\" content=\"Zoom - Academy Belgium\" \/>\n<meta property=\"og:description\" content=\"Visio-conf\u00e9rences avec Zoom Us, enregistr\u00e9es et visibles sur YouTube via les liens ci-dessous\u00a0 Tous les \u00e9l\u00e9ments des conf\u00e9rences plac\u00e9es sur le site web tombent sur la r\u00e9glementation du Copyright et ne peuvent donc \u00eatre utilis\u00e9s ou modifi\u00e9s sans l\u2019accord formel de l\u2019orateur.\u00a0Les pr\u00e9sentations Powerpoint utilis\u00e9es par les orateurs ne seront pas mises \u00e0 la disposition [&hellip;]\" \/>\n<meta property=\"og:url\" content=\"https:\/\/www.academiebelgium.be\/fr\/zoom\/\" \/>\n<meta property=\"og:site_name\" content=\"Academy Belgium\" \/>\n<meta property=\"article:modified_time\" content=\"2023-01-26T11:03:07+00:00\" \/>\n<meta name=\"twitter:card\" content=\"summary_large_image\" \/>\n<meta name=\"twitter:label1\" content=\"Dur\u00e9e de lecture estim\u00e9e\" \/>\n\t<meta name=\"twitter:data1\" content=\"4 minutes\" \/>\n<script type=\"application\/ld+json\" class=\"yoast-schema-graph\">{\"@context\":\"https:\/\/schema.org\",\"@graph\":[{\"@type\":\"WebPage\",\"@id\":\"https:\/\/www.academiebelgium.be\/fr\/zoom\/\",\"url\":\"https:\/\/www.academiebelgium.be\/fr\/zoom\/\",\"name\":\"Zoom - Academy Belgium\",\"isPartOf\":{\"@id\":\"https:\/\/www.academiebelgium.be\/nl\/#website\"},\"datePublished\":\"2020-10-07T11:24:46+00:00\",\"dateModified\":\"2023-01-26T11:03:07+00:00\",\"breadcrumb\":{\"@id\":\"https:\/\/www.academiebelgium.be\/fr\/zoom\/#breadcrumb\"},\"inLanguage\":\"fr-FR\",\"potentialAction\":[{\"@type\":\"ReadAction\",\"target\":[\"https:\/\/www.academiebelgium.be\/fr\/zoom\/\"]}]},{\"@type\":\"BreadcrumbList\",\"@id\":\"https:\/\/www.academiebelgium.be\/fr\/zoom\/#breadcrumb\",\"itemListElement\":[{\"@type\":\"ListItem\",\"position\":1,\"name\":\"Home\",\"item\":\"https:\/\/www.academiebelgium.be\/fr\/home\/\"},{\"@type\":\"ListItem\",\"position\":2,\"name\":\"Zoom\"}]},{\"@type\":\"WebSite\",\"@id\":\"https:\/\/www.academiebelgium.be\/nl\/#website\",\"url\":\"https:\/\/www.academiebelgium.be\/nl\/\",\"name\":\"Academy Belgium\",\"description\":\"Just another WordPress site\",\"publisher\":{\"@id\":\"https:\/\/www.academiebelgium.be\/nl\/#organization\"},\"potentialAction\":[{\"@type\":\"SearchAction\",\"target\":{\"@type\":\"EntryPoint\",\"urlTemplate\":\"https:\/\/www.academiebelgium.be\/nl\/?s={search_term_string}\"},\"query-input\":{\"@type\":\"PropertyValueSpecification\",\"valueRequired\":true,\"valueName\":\"search_term_string\"}}],\"inLanguage\":\"fr-FR\"},{\"@type\":\"Organization\",\"@id\":\"https:\/\/www.academiebelgium.be\/nl\/#organization\",\"name\":\"Academy Belgium\",\"url\":\"https:\/\/www.academiebelgium.be\/nl\/\",\"logo\":{\"@type\":\"ImageObject\",\"inLanguage\":\"fr-FR\",\"@id\":\"https:\/\/www.academiebelgium.be\/nl\/#\/schema\/logo\/image\/\",\"url\":\"https:\/\/www.academiebelgium.be\/wp-content\/uploads\/2018\/10\/logo.png\",\"contentUrl\":\"https:\/\/www.academiebelgium.be\/wp-content\/uploads\/2018\/10\/logo.png\",\"width\":125,\"height\":125,\"caption\":\"Academy Belgium\"},\"image\":{\"@id\":\"https:\/\/www.academiebelgium.be\/nl\/#\/schema\/logo\/image\/\"}}]}<\/script>\n<!-- \/ Yoast SEO plugin. -->","yoast_head_json":{"title":"Zoom - Academy Belgium","robots":{"index":"index","follow":"follow","max-snippet":"max-snippet:-1","max-image-preview":"max-image-preview:large","max-video-preview":"max-video-preview:-1"},"canonical":"https:\/\/www.academiebelgium.be\/fr\/zoom\/","og_locale":"fr_FR","og_type":"article","og_title":"Zoom - Academy Belgium","og_description":"Visio-conf\u00e9rences avec Zoom Us, enregistr\u00e9es et visibles sur YouTube via les liens ci-dessous\u00a0 Tous les \u00e9l\u00e9ments des conf\u00e9rences plac\u00e9es sur le site web tombent sur la r\u00e9glementation du Copyright et ne peuvent donc \u00eatre utilis\u00e9s ou modifi\u00e9s sans l\u2019accord formel de l\u2019orateur.\u00a0Les pr\u00e9sentations Powerpoint utilis\u00e9es par les orateurs ne seront pas mises \u00e0 la disposition [&hellip;]","og_url":"https:\/\/www.academiebelgium.be\/fr\/zoom\/","og_site_name":"Academy Belgium","article_modified_time":"2023-01-26T11:03:07+00:00","twitter_card":"summary_large_image","twitter_misc":{"Dur\u00e9e de lecture estim\u00e9e":"4 minutes"},"schema":{"@context":"https:\/\/schema.org","@graph":[{"@type":"WebPage","@id":"https:\/\/www.academiebelgium.be\/fr\/zoom\/","url":"https:\/\/www.academiebelgium.be\/fr\/zoom\/","name":"Zoom - Academy Belgium","isPartOf":{"@id":"https:\/\/www.academiebelgium.be\/nl\/#website"},"datePublished":"2020-10-07T11:24:46+00:00","dateModified":"2023-01-26T11:03:07+00:00","breadcrumb":{"@id":"https:\/\/www.academiebelgium.be\/fr\/zoom\/#breadcrumb"},"inLanguage":"fr-FR","potentialAction":[{"@type":"ReadAction","target":["https:\/\/www.academiebelgium.be\/fr\/zoom\/"]}]},{"@type":"BreadcrumbList","@id":"https:\/\/www.academiebelgium.be\/fr\/zoom\/#breadcrumb","itemListElement":[{"@type":"ListItem","position":1,"name":"Home","item":"https:\/\/www.academiebelgium.be\/fr\/home\/"},{"@type":"ListItem","position":2,"name":"Zoom"}]},{"@type":"WebSite","@id":"https:\/\/www.academiebelgium.be\/nl\/#website","url":"https:\/\/www.academiebelgium.be\/nl\/","name":"Academy Belgium","description":"Just another WordPress site","publisher":{"@id":"https:\/\/www.academiebelgium.be\/nl\/#organization"},"potentialAction":[{"@type":"SearchAction","target":{"@type":"EntryPoint","urlTemplate":"https:\/\/www.academiebelgium.be\/nl\/?s={search_term_string}"},"query-input":{"@type":"PropertyValueSpecification","valueRequired":true,"valueName":"search_term_string"}}],"inLanguage":"fr-FR"},{"@type":"Organization","@id":"https:\/\/www.academiebelgium.be\/nl\/#organization","name":"Academy Belgium","url":"https:\/\/www.academiebelgium.be\/nl\/","logo":{"@type":"ImageObject","inLanguage":"fr-FR","@id":"https:\/\/www.academiebelgium.be\/nl\/#\/schema\/logo\/image\/","url":"https:\/\/www.academiebelgium.be\/wp-content\/uploads\/2018\/10\/logo.png","contentUrl":"https:\/\/www.academiebelgium.be\/wp-content\/uploads\/2018\/10\/logo.png","width":125,"height":125,"caption":"Academy Belgium"},"image":{"@id":"https:\/\/www.academiebelgium.be\/nl\/#\/schema\/logo\/image\/"}}]}},"_links":{"self":[{"href":"https:\/\/www.academiebelgium.be\/fr\/wp-json\/wp\/v2\/pages\/3581","targetHints":{"allow":["GET"]}}],"collection":[{"href":"https:\/\/www.academiebelgium.be\/fr\/wp-json\/wp\/v2\/pages"}],"about":[{"href":"https:\/\/www.academiebelgium.be\/fr\/wp-json\/wp\/v2\/types\/page"}],"author":[{"embeddable":true,"href":"https:\/\/www.academiebelgium.be\/fr\/wp-json\/wp\/v2\/users\/1"}],"replies":[{"embeddable":true,"href":"https:\/\/www.academiebelgium.be\/fr\/wp-json\/wp\/v2\/comments?post=3581"}],"version-history":[{"count":23,"href":"https:\/\/www.academiebelgium.be\/fr\/wp-json\/wp\/v2\/pages\/3581\/revisions"}],"predecessor-version":[{"id":4822,"href":"https:\/\/www.academiebelgium.be\/fr\/wp-json\/wp\/v2\/pages\/3581\/revisions\/4822"}],"wp:attachment":[{"href":"https:\/\/www.academiebelgium.be\/fr\/wp-json\/wp\/v2\/media?parent=3581"}],"curies":[{"name":"wp","href":"https:\/\/api.w.org\/{rel}","templated":true}]}}