{"id":3821,"date":"2020-11-21T13:30:15","date_gmt":"2020-11-21T13:30:15","guid":{"rendered":"https:\/\/www.academiebelgium.be\/pptx-nl\/"},"modified":"2024-12-27T17:24:09","modified_gmt":"2024-12-27T17:24:09","slug":"pptx-fr","status":"publish","type":"page","link":"https:\/\/www.academiebelgium.be\/fr\/pptx-fr\/","title":{"rendered":"Powerpoints"},"content":{"rendered":"<p>Les Powerpoints des conf\u00e9rences ABA, sous format PDF, sont disponibles via les liens ci-dessous\u00a0:<\/p>\n<p>Tous les \u00e9l\u00e9ments des conf\u00e9rences plac\u00e9es sur le site web tombent sur la r\u00e9glementation du Copyright et ne peuvent donc \u00eatre utilis\u00e9s ou modifi\u00e9s sans l\u2019accord formel de l\u2019orateur. Les pr\u00e9sentations Powerpoint (PPTX file) utilis\u00e9es par les orateurs ne seront pas mises \u00e0 la disposition sur le site. Elles pourront \u00eatre obtenues chez les orateurs uniquement avec leur accord.<\/p>\n<p><strong><span style=\"color: #ff0000;\">23 novembre 2024 :<\/span><\/strong><\/p>\n<ul>\n<li><strong>Pascal Lie\u0301vin &#8211; <span style=\"color: #00ccff;\"><a style=\"color: #00ccff;\" href=\"https:\/\/www.academiebelgium.be\/wp-content\/uploads\/2024\/12\/Pascal-Lievin-2024.pdf\" target=\"_blank\" rel=\"noopener\">Dictons et Marcophilie<\/a><\/span><\/strong><\/li>\n<li><strong>Jan Bonroy &#8211; <span style=\"color: #00ccff;\"><a style=\"color: #00ccff;\" href=\"https:\/\/www.academiebelgium.be\/wp-content\/uploads\/2024\/12\/Jan-Bonroy-2024-11-23-FR.pdf\" target=\"_blank\" rel=\"noopener\">Polices classiques &#8211; 20 Centimes Bleu &#8211; P\u00e9riode 1849-1870<\/a><\/span><\/strong><\/li>\n<\/ul>\n<p><strong><span style=\"color: #ff0000;\">5 octobre 2024 :<\/span><\/strong><\/p>\n<ul>\n<li><strong>Alain Pierret &#8211; <a href=\"https:\/\/www.academiebelgium.be\/wp-content\/uploads\/2024\/11\/A.-Pierret-2024.05.10.pdf\" target=\"_blank\" rel=\"noopener\"><span style=\"color: #00ccff;\">Taxe anticapitaliste \u2026???<\/span><\/a><\/strong><\/li>\n<li><strong>Francis Kinard &#8211; <a href=\"https:\/\/www.academiebelgium.be\/wp-content\/uploads\/2024\/11\/F.-KInard-2024.05.10.pdf\" target=\"_blank\" rel=\"noopener\"><span style=\"color: #00ccff;\">L\u2019annexion de l\u2019Agogna par la R\u00e9publique cisalpine<\/span><\/a><\/strong><\/li>\n<li><strong>Guy Coutant &#8211; <a href=\"https:\/\/www.academiebelgium.be\/wp-content\/uploads\/2024\/11\/Fiji-Times-Express-Stamps.pdf\" target=\"_blank\" rel=\"noopener\"><span style=\"color: #00ccff;\">Fiji Times Express Stamps<\/span><\/a><\/strong><\/li>\n<li><strong>Lars Boettger &#8211; <a href=\"https:\/\/www.academiebelgium.be\/wp-content\/uploads\/2024\/11\/L.-Boettger-2024.05.10.pdf\" target=\"_blank\" rel=\"noopener\"><span style=\"color: #00ccff;\">Lettre de Luxembourg \u00e0 Li\u00e8ge 1874<\/span><\/a><\/strong><\/li>\n<li><strong>Lucien Van Hecke &#8211; <a href=\"https:\/\/www.academiebelgium.be\/wp-content\/uploads\/2024\/11\/Historiek-Blaster-Van-Hecke.pdf\" target=\"_blank\" rel=\"noopener\"><span style=\"color: #00ccff;\">Chronologie des vignettes de guichet &#8211; Blasters<\/span><\/a><\/strong><\/li>\n<\/ul>\n<p><strong><span style=\"color: #ff0000;\">15 juin 2024 :\u00a0<\/span><\/strong><\/p>\n<ul>\n<li><strong>Donald Decorte &#8211; <span style=\"color: #00ccff;\">\u00a0<a href=\"https:\/\/www.academiebelgium.be\/wp-content\/uploads\/2024\/08\/D.-Decorte-2024.15.06.pdf\" target=\"_blank\" rel=\"noopener\"><span style=\"color: #00ccff;\">De internationale spoorlijn Gent &#8211; Terneuzen<\/span><\/a><\/span><\/strong><\/li>\n<li><strong>Guy Coutant &#8211; <a href=\"https:\/\/www.academiebelgium.be\/wp-content\/uploads\/2024\/08\/Guy-Coutant.pptx-2024.15.06.pdf\" target=\"_blank\" rel=\"noopener\"><span style=\"color: #00ccff;\">Christmas Island<\/span><\/a>\u00a0\u00a0<\/strong><\/li>\n<li><strong>Lars Boettger &#8211; <a href=\"https:\/\/www.academiebelgium.be\/wp-content\/uploads\/2024\/08\/L.-Boettger-2024.15.06.pdf\" target=\"_blank\" rel=\"noopener\"><span style=\"color: #00ccff;\">Conventions entre GD Lux et Belgique<\/span><\/a><\/strong><\/li>\n<li><strong>Marc Symens &#8211; <a href=\"https:\/\/www.academiebelgium.be\/wp-content\/uploads\/2024\/08\/Marc-Symens.pptx-2024.15.06.pdf\" target=\"_blank\" rel=\"noopener\"><span style=\"color: #00ccff;\">Documents timbr\u00e9s fiscalement, ensuite retimbr\u00e9s fiscalement<\/span><\/a><\/strong><\/li>\n<\/ul>\n<p><strong><span style=\"color: #ff0000;\">Brabantphil 2024 &#8211; <a href=\"https:\/\/www.academiebelgium.be\/wp-content\/uploads\/2024\/08\/Powerpoint-BRABANTFIL-24.pdf\" target=\"_blank\" rel=\"noopener\"><b><span style=\"color: #00ccff;\">PARTICIPATION des membres<\/span><\/b><\/a>\u00a0<\/span><\/strong><\/p>\n<p><strong><span style=\"color: #ff0000;\">2 mars 2024 :\u00a0<\/span><\/strong><\/p>\n<ul>\n<li><strong><strong>Guy Coutant &#8211; <a href=\"https:\/\/www.academiebelgium.be\/wp-content\/uploads\/2024\/03\/G.-Coutant-2024.02.03.pdf\" target=\"_blank\" rel=\"noopener\"><span style=\"color: #00ccff;\">\u00a0Deux gaffes allemandes<\/span><\/a><\/strong><\/strong><\/li>\n<li><strong>Mark Bottu &#8211; <a href=\"https:\/\/www.academiebelgium.be\/wp-content\/uploads\/2024\/03\/M.-Bottu-2024.02.03.pdf\" target=\"_blank\" rel=\"noopener\"><span style=\"color: #00ccff;\">Reorganisation of the Belgian post after WW2 &#8211; provisional measures<\/span><\/a><\/strong><\/li>\n<li><strong><strong>Jacques Stes &#8211; <\/strong><\/strong><a href=\"https:\/\/www.academiebelgium.be\/wp-content\/uploads\/2024\/03\/J.-Stes-2024.02.03.pdf\" target=\"_blank\" rel=\"noopener\"><b><span style=\"color: #00ccff;\">La censure militaire belge sur courrier belge en France pendant l\u2019\u00e9t\u00e9 1940<\/span><\/b><\/a><\/li>\n<li><strong><strong>Lars Boettger &#8211; <\/strong><\/strong><a href=\"https:\/\/www.academiebelgium.be\/wp-content\/uploads\/2024\/03\/L.-Boettger-2024.02.03.pdf\" target=\"_blank\" rel=\"noopener\"><b><span style=\"color: #00ccff;\">Introduction du code matriciel sur les timbres-poste allemands<\/span><\/b><\/a><\/li>\n<\/ul>\n<p><strong><span style=\"color: #ff0000;\">13 janvier 2024 :\u00a0<\/span><\/strong><\/p>\n<ul>\n<li><strong>Guy Coutant &#8211; <a href=\"https:\/\/www.academiebelgium.be\/wp-content\/uploads\/2024\/01\/De-Pest.pdf\" target=\"_blank\" rel=\"noopener\"><span style=\"color: #00ccff;\">La peste<\/span><\/a><\/strong><\/li>\n<li><strong>Francis Kinard &#8211; <a href=\"https:\/\/www.academiebelgium.be\/wp-content\/uploads\/2024\/01\/2024.13.01.F.-Kinard.pdf\" target=\"_blank\" rel=\"noopener\"><span style=\"color: #00ccff;\">Les 100.000 fils de Saint-Louis<\/span><\/a><\/strong><\/li>\n<\/ul>\n<p><strong><span style=\"color: #ff0000;\">9 d\u00e9cembre 2023 :\u00a0<\/span><\/strong><\/p>\n<ul>\n<li><strong>Luc Content &#8211; <a href=\"https:\/\/www.academiebelgium.be\/wp-content\/uploads\/2024\/01\/L.-Content-2023.09.12-deel-2.pdf\" target=\"_blank\" rel=\"noopener\"><span style=\"color: #00ccff;\">Iles Anglo-Normandes Letter Forwarding Agents &#8211; part 2<\/span><\/a><\/strong><\/li>\n<li><strong>Guy Coutant &#8211; <a href=\"https:\/\/www.academiebelgium.be\/wp-content\/uploads\/2024\/01\/Gaffe-monumentale-au-Cameroun.pdf\" target=\"_blank\" rel=\"noopener\"><span style=\"color: #00ccff;\">Gaffe monumentale au Cameroun<\/span><\/a><\/strong><\/li>\n<li><strong>Dominic Henderson &#8211; <a href=\"https:\/\/www.academiebelgium.be\/wp-content\/uploads\/2024\/01\/D.-Henderson-2023.09.12.pdf\" target=\"_blank\" rel=\"noopener\"><span style=\"color: #00ccff;\">Wat over EXPRES en EXPRES-Zegels<\/span><\/a><\/strong><\/li>\n<li><strong>Jan Heijs &#8211; <a href=\"https:\/\/www.academiebelgium.be\/wp-content\/uploads\/2024\/01\/J.-Heijs-2023.09.12.pdf\" target=\"_blank\" rel=\"noopener\"><span style=\"color: #00ccff;\">Guerre des Postes<\/span><\/a><\/strong><\/li>\n<\/ul>\n<p><strong><span style=\"color: #ff0000;\">23 septembre 2023 :\u00a0<\/span><\/strong><\/p>\n<ul>\n<li><strong>Mark Bottu &#8211; <a href=\"https:\/\/www.academiebelgium.be\/wp-content\/uploads\/2023\/10\/M.-Bottu-2023.23.09.pdf\" target=\"_blank\" rel=\"noopener\"><span style=\"color: #00ccff;\">Les r\u00e9ductions indiennes fond\u00e9es par les J\u00e9suites en Am\u00e9rique du Sud<\/span><\/a><\/strong><\/li>\n<li><strong>Luc Content &#8211; <a href=\"https:\/\/www.academiebelgium.be\/wp-content\/uploads\/2023\/10\/L.-Content-2023.23.09-deel-1.pdf\" target=\"_blank\" rel=\"noopener\"><span style=\"color: #00ccff;\">Iles Anglo-Normandes Letter Forwarding Agents &#8211; part I<\/span><\/a><\/strong><\/li>\n<li><strong>Francis Kinard &#8211; <a href=\"https:\/\/www.academiebelgium.be\/wp-content\/uploads\/2023\/10\/F.-Kinard-2023.23.09.pdf\" target=\"_blank\" rel=\"noopener\"><span style=\"color: #00ccff;\">La Principaut\u00e9 de Lucques et Piombino (1805-1814)<\/span><\/a><\/strong><\/li>\n<\/ul>\n<p><strong><span style=\"color: #ff0000;\">24 juin 2023 :\u00a0<\/span><\/strong><\/p>\n<ul>\n<li><strong>Vincent Schouberechts &#8211;\u00a0 <a href=\"https:\/\/www.academiebelgium.be\/wp-content\/uploads\/2023\/07\/V.-Schouberechts-ABA-2023.24.06.pdf\" target=\"_blank\" rel=\"noopener\"><span style=\"color: #00ccff;\">Pays-Bas : Nouveaux \u00e9l\u00e9ments concernant la gen\u00e8se de l\u2019\u00e9mission de 1852<\/span><\/a><\/strong><\/li>\n<li><strong>Hubert Caprasse &#8211; <a href=\"https:\/\/www.academiebelgium.be\/wp-content\/uploads\/2023\/07\/H.-Caprasse-ABA-2023.24.06.pdf\" target=\"_blank\" rel=\"noopener\"><span style=\"color: #00ccff;\">Baudouin Marchand lettre vers Australie<\/span><\/a><\/strong><\/li>\n<\/ul>\n<p><strong><span style=\"color: #ff0000;\">22 avril 2023 :\u00a0<\/span><\/strong><\/p>\n<ul>\n<li><strong>Pascal Lievin &#8211; <\/strong><a href=\"https:\/\/www.academiebelgium.be\/wp-content\/uploads\/2023\/05\/P.-Lievin-ABA-2023.22.04pptx.pdf\" target=\"_blank\" rel=\"noopener\"><strong><span style=\"color: #00ccff;\"><i>Guerre postale contre la Rhod\u00e9sie<\/i><\/span><\/strong><\/a><\/li>\n<li><strong>Jacques Stes &#8211; <\/strong><a href=\"https:\/\/www.academiebelgium.be\/wp-content\/uploads\/2023\/05\/J.-Stes-ABA-2023.22.04-.pdf\" target=\"_blank\" rel=\"noopener\"><strong><span style=\"color: #00ccff;\"><i>De post van de militairen tijdens de mobilisaties 28-39<\/i><\/span><\/strong><\/a><\/li>\n<li><strong>Guy Coutant &#8211;<\/strong><a href=\"https:\/\/www.academiebelgium.be\/wp-content\/uploads\/2023\/05\/G.-Coutant-ABA-2023.22.04.pdf\" target=\"_blank\" rel=\"noopener\"><strong><span style=\"color: #00ccff;\"><i> Sperati<\/i><\/span><\/strong><\/a><\/li>\n<li><strong>Jean Deposson &#8211; <a href=\"https:\/\/www.academiebelgium.be\/wp-content\/uploads\/2023\/05\/J.-Deposson-ABA-2023.22.04.pdf\" target=\"_blank\" rel=\"noopener\"><span style=\"color: #00ccff;\"><i>L\u2019erreur de FEXHE LE HAUT CLOCHER<\/i><\/span><\/a><\/strong><\/li>\n<\/ul>\n<p><strong><span style=\"color: #ff0000;\">4 mars 2023 :\u00a0<\/span><\/strong><\/p>\n<ul>\n<li><strong>Francis Kinard<\/strong>\u00a0&#8211; <a href=\"https:\/\/www.academiebelgium.be\/wp-content\/uploads\/2023\/03\/F.-Kinard-ABA-2023.04.03.pdf\" target=\"_blank\" rel=\"noopener\"><strong><span style=\"color: #00ccff;\"><i>Les Fran\u00e7ais dans le royaume de Naples<\/i><\/span><\/strong><\/a><\/li>\n<li><strong>Mark Bottu<\/strong>&#8211; <a href=\"https:\/\/www.academiebelgium.be\/wp-content\/uploads\/2023\/03\/M.-Bottu-ABA-2023.04.03.pdf\" target=\"_blank\" rel=\"noopener\"><strong><span style=\"color: #00ccff;\"><i>K\u00e9pi transatlantic flights America<\/i><\/span><\/strong><\/a><\/li>\n<li><strong>Guy Coutant<\/strong> &#8211; <a href=\"https:\/\/www.academiebelgium.be\/wp-content\/uploads\/2023\/03\/G.-Coutant-ABA-2023.04.03.pdf\" target=\"_blank\" rel=\"noopener\"><strong><span style=\"color: #00ccff;\"><i>Gaffes philat\u00e9liques<\/i><\/span><\/strong><\/a><\/li>\n<li><strong>Philippe Lindekens<\/strong> &#8211; <a href=\"https:\/\/www.academiebelgium.be\/wp-content\/uploads\/2023\/03\/P.-Lindekens-ABA-2023.04.03.pdf\" target=\"_blank\" rel=\"noopener\"><strong><span style=\"color: #00ccff;\"><i>Congo courriers des r\u00e9fugi\u00e9s en juillet 1960<\/i><\/span><\/strong><\/a><\/li>\n<\/ul>\n<p><strong><span style=\"color: #ff0000;\">28 janvier 2023 :\u00a0<\/span><\/strong><\/p>\n<ul>\n<li><strong>Charly Bruart<\/strong> &#8211; <a href=\"https:\/\/www.academiebelgium.be\/wp-content\/uploads\/2023\/03\/C.-Bruart-ABA-2023.28.01.pdf\" target=\"_blank\" rel=\"noopener\"><strong><span style=\"color: #00ccff;\"><i>Astrid, une reine adul\u00e9e<\/i><\/span><\/strong><\/a><\/li>\n<li><strong>Daniel Goffin &#8211; <a href=\"https:\/\/www.academiebelgium.be\/wp-content\/uploads\/2023\/03\/D.-Goffin-ABA-2023.28.01.pdf\" target=\"_blank\" rel=\"noopener\"><span style=\"color: #00ccff;\"><i>Tarifs postaux des \u00e9lections<\/i><\/span><\/a><\/strong><\/li>\n<li><strong>Lars Boettger &#8211;\u00a0<\/strong><a href=\"https:\/\/www.academiebelgium.be\/wp-content\/uploads\/2023\/03\/L.-Boettger-ABA-2023.28.01.pdf\" target=\"_blank\" rel=\"noopener\"><strong><span style=\"color: #00ccff;\"><i>Bpost &#8211; utilisation des terres rares<\/i><\/span><\/strong><\/a><\/li>\n<\/ul>\n<p><strong><span style=\"color: #ff0000;\">19 novembre 2022 :\u00a0<\/span><\/strong><\/p>\n<ul>\n<li><strong>Ruud Verberne &#8211;<span style=\"color: #00ccff;\"> <a style=\"color: #00ccff;\" href=\"https:\/\/www.academiebelgium.be\/wp-content\/uploads\/2023\/01\/R.-Verberne-ABA-2.pdf\" target=\"_blank\" rel=\"noopener\"><i>Les derniers 100 jours de l\u2019Empire allemand mill\u00e9naire<\/i><\/a><\/span><\/strong><\/li>\n<\/ul>\n<p><strong><span style=\"color: #ff0000;\">24 septembre 2022 :\u00a0<\/span><\/strong><\/p>\n<ul>\n<li><strong>Willy Monfils &#8211; <span style=\"color: #00ccff;\"><a style=\"color: #00ccff;\" href=\"https:\/\/www.academiebelgium.be\/wp-content\/uploads\/2022\/10\/W.-Monfils-2022.24.09.pdf\" target=\"_blank\" rel=\"noopener\">Cognelee 14-18<\/a><\/span><\/strong><\/li>\n<li><strong>Roger Baurain &#8211; <span style=\"color: #00ccff;\"><a style=\"color: #00ccff;\" href=\"https:\/\/www.academiebelgium.be\/wp-content\/uploads\/2022\/10\/R.-Baurain-2022.24.09.pdf\" target=\"_blank\" rel=\"noopener\">Le cachet erron\u00e9 \u00ab BEVECOM \/ BEAUVECHAIN \u00bb de 1911<\/a><\/span><\/strong><\/li>\n<li><strong>Francis Kinard &#8211; <span style=\"color: #00ccff;\"><a style=\"color: #00ccff;\" href=\"https:\/\/www.academiebelgium.be\/wp-content\/uploads\/2022\/10\/F.-Kinard-2022.24.09.pdf\" target=\"_blank\" rel=\"noopener\">Le si\u00e8ge de Toulon (1793)<\/a><\/span><\/strong><\/li>\n<li><strong>Luc Content &#8211; <span style=\"color: #00ccff;\"><a style=\"color: #00ccff;\" href=\"https:\/\/www.academiebelgium.be\/wp-content\/uploads\/2022\/10\/L.-Content-2002.24.09.pdf\" target=\"_blank\" rel=\"noopener\">Boites mobiles des \u00eeles anglo-normandes<\/a><\/span><\/strong><\/li>\n<li><strong>Luc Selis &#8211; <span style=\"color: #00ccff;\"><a style=\"color: #00ccff;\" href=\"https:\/\/www.academiebelgium.be\/wp-content\/uploads\/2024\/01\/Ocean-Letters-handout-RPSL-final.pdf\" target=\"_blank\" rel=\"noopener\">Ocean Letters (RPSL 11.01.2024)<\/a><\/span><\/strong><\/li>\n<\/ul>\n<p><span style=\"color: #ff0000;\"><strong>25 juin 2022\u00a0 :\u00a0<\/strong><\/span><\/p>\n<ul>\n<li><strong>Marc Symens &#8211; <span style=\"color: #00ccff;\"><a style=\"color: #00ccff;\" href=\"https:\/\/www.academiebelgium.be\/wp-content\/uploads\/2022\/07\/voorstel-voor-website-ABA-ipv-powerpoint.pdf\" target=\"_blank\" rel=\"noopener\"><span style=\"color: #00ccff;\">Les timbres belges avec surcharge CHINE <\/span><\/a><\/span>(PPTX coming soon)<\/strong><\/li>\n<li><strong>Marc Bottu &#8211; <span style=\"color: #00ccff;\"><a style=\"color: #00ccff;\" href=\"https:\/\/www.academiebelgium.be\/wp-content\/uploads\/2022\/07\/M.-Bottu-2022.25.06.pdf\" target=\"_blank\" rel=\"noopener\">Les postes aux lettres et marques postales (Herlant)<\/a><\/span><\/strong><\/li>\n<li><strong>Ronny Van Pellecom &#8211; <span style=\"color: #00ccff;\"><a style=\"color: #00ccff;\" href=\"https:\/\/www.academiebelgium.be\/wp-content\/uploads\/2022\/07\/R.-Van-Pellecom-2022.25.06.pdf\" target=\"_blank\" rel=\"noopener\">Le chemin de fer de Mariout<\/a><\/span><\/strong><\/li>\n<li><strong>Lars Jorgensen &#8211; <span style=\"color: #00ccff;\"><a style=\"color: #00ccff;\" href=\"https:\/\/www.academiebelgium.be\/wp-content\/uploads\/2022\/07\/L.-Jorgensen-2022.25.06.pdf\" target=\"_blank\" rel=\"noopener\">Transvaal &#8211; the 1879 one penny overprinted V.R.<\/a><\/span><\/strong><\/li>\n<\/ul>\n<p><span style=\"color: #ff0000;\"><strong>9 avril 2022 (r\u00e9union conjointe avec l\u2019Acad\u00e9mie de Paris) :\u00a0<\/strong><\/span><\/p>\n<ul>\n<li><strong>Abensur (FR) &#8211; <span style=\"color: #00ccff;\"><a style=\"color: #00ccff;\" href=\"https:\/\/www.academiebelgium.be\/wp-content\/uploads\/2022\/04\/Abensur-2022.09.04-ter-neerl.pdf\" target=\"_blank\" rel=\"noopener\">Un ambassadeur des Pays-Bas espagnols \u00e0 Paris<\/a><\/span><\/strong><\/li>\n<li><strong>Bonnefoy (FR) &#8211; <span style=\"color: #00ccff;\"><a style=\"color: #00ccff;\" href=\"https:\/\/www.academiebelgium.be\/wp-content\/uploads\/2022\/04\/Bonnefoy-2022.09.04.pdf\" target=\"_blank\" rel=\"noopener\">Le contr\u00f4le douanier postal dans les relations entre la Belgique et la France<\/a><\/span><\/strong><\/li>\n<li><strong>Bruart (BE) &#8211; <span style=\"color: #00ccff;\"><a style=\"color: #00ccff;\" href=\"https:\/\/www.academiebelgium.be\/wp-content\/uploads\/2022\/04\/Bruart-2022.09.04.pdf\" target=\"_blank\" rel=\"noopener\">\u00e9change de courrier Belgique \/ France durant les 3 premiers mois de la 2e guerre mondiale<\/a><\/span><\/strong><\/li>\n<li><strong>Brun (FR) &#8211; <span style=\"color: #00ccff;\"><a style=\"color: #00ccff;\" href=\"https:\/\/www.academiebelgium.be\/wp-content\/uploads\/2022\/04\/Brun-2022.09.04-ter.pdf\" target=\"_blank\" rel=\"noopener\">la 3e dimension<\/a><\/span><\/strong><\/li>\n<li><strong>Goffin (BE)\u00a0 &#8211; <span style=\"color: #00ccff;\"><a style=\"color: #00ccff;\" href=\"https:\/\/www.academiebelgium.be\/wp-content\/uploads\/2022\/04\/Goffin-2022.09.04.pdf\" target=\"_blank\" rel=\"noopener\">Les ballons mont\u00e9s du si\u00e8ge de Paris, vers la Belgique<\/a><\/span><\/strong><\/li>\n<li><strong>Hardy (FR) &#8211; <span style=\"color: #00ccff;\"><a style=\"color: #00ccff;\" href=\"https:\/\/www.academiebelgium.be\/wp-content\/uploads\/2022\/04\/Hardy-2022.09.04.pdf\" target=\"_blank\" rel=\"noopener\">Les cachets des d\u00e9partements fran\u00e7ais en Belgique et aux alentours<\/a><\/span><br \/>\n<\/strong><\/li>\n<li><strong>Parenti (FR) &#8211; <span style=\"color: #00ccff;\"><a style=\"color: #00ccff;\" href=\"https:\/\/www.academiebelgium.be\/wp-content\/uploads\/2022\/04\/Parenti-2022.09.04.pdf\" target=\"_blank\" rel=\"noopener\">Un passeport belge pour apatrides<\/a><\/span><\/strong><\/li>\n<li><strong>Sollin (FR)\u00a0 &#8211; <span style=\"color: #00ccff;\"><a style=\"color: #00ccff;\" href=\"https:\/\/www.academiebelgium.be\/wp-content\/uploads\/2022\/04\/Sollin-2022.09.04-rect.pdf\" target=\"_blank\" rel=\"noopener\">Le s\u00e9nat belge en France<\/a><\/span><\/strong><\/li>\n<li><strong>Vertommen (BE) &#8211; <span style=\"color: #00ccff;\"><a style=\"color: #00ccff;\" href=\"https:\/\/www.academiebelgium.be\/wp-content\/uploads\/2022\/04\/Vertommen-2022.09.04.pdf\" target=\"_blank\" rel=\"noopener\">Les relations postales avec la France durant la p\u00e9riode du m\u00e9daillon<\/a><\/span><\/strong><\/li>\n<\/ul>\n<p><span style=\"color: #ff0000;\"><strong>5 mars 2022 :\u00a0<\/strong><\/span><\/p>\n<ul>\n<li><strong>Hubert Caprasse &#8211; <span style=\"color: #00ccff;\"><a style=\"color: #00ccff;\" href=\"https:\/\/www.academiebelgium.be\/wp-content\/uploads\/2022\/03\/H.-Caprasse-2022-05.03.pdf\" target=\"_blank\" rel=\"noopener\">Les r\u00e9impressions Moens des timbres de BERGEDORF<\/a><\/span><\/strong><\/li>\n<li><strong>Jacques Stes &#8211; <span style=\"color: #00ccff;\"><a style=\"color: #00ccff;\" href=\"https:\/\/www.academiebelgium.be\/wp-content\/uploads\/2022\/03\/J.-Stes-2022.05.03.pdf\" target=\"_blank\" rel=\"noopener\">La censure militaire belge pendant la campagne de 18 jours<\/a><\/span><\/strong><\/li>\n<li><strong>Adam Vanderlinden &#8211; <span style=\"color: #00ccff;\"><a style=\"color: #00ccff;\" href=\"https:\/\/www.academiebelgium.be\/wp-content\/uploads\/2022\/03\/A.-Vanderlinden-2022.05.03.pdf\" target=\"_blank\" rel=\"noopener\">Affranchissements non valides<\/a><\/span><\/strong><\/li>\n<li><strong>Roger Baurain &#8211; <span style=\"color: #00ccff;\"><a style=\"color: #00ccff;\" href=\"https:\/\/www.academiebelgium.be\/wp-content\/uploads\/2022\/03\/R.-Baurain-2022.05.03.pdf\" target=\"_blank\" rel=\"noopener\">Les prisonniers de guerre allemands au Canada 1939-46<\/a><\/span><\/strong><\/li>\n<\/ul>\n<p><span style=\"color: #ff0000;\"><strong>8 janvier 2022 :\u00a0<\/strong><\/span><\/p>\n<ul>\n<li><strong>Willy Monfils &#8211;<span style=\"color: #00ccff;\"> <a style=\"color: #00ccff;\" href=\"https:\/\/www.academiebelgium.be\/wp-content\/uploads\/2022\/01\/W.-Monfils-2022.08.01.pdf\" target=\"_blank\" rel=\"noopener\">Service rural Les timbres des bo\u00eetes<\/a><\/span><\/strong><\/li>\n<li><strong>Luc Selis &#8211; <span style=\"color: #00ccff;\"><a style=\"color: #00ccff;\" href=\"https:\/\/www.academiebelgium.be\/wp-content\/uploads\/2022\/01\/L.-Selis-2022.08.01.pdf\" target=\"_blank\" rel=\"noopener\">Express services on postal stationeries with \u00ab\u00a0extra\u00a0\u00bb<\/a><\/span><\/strong><\/li>\n<\/ul>\n<p><span style=\"color: #ff0000;\"><strong>4 d\u00e9cembre 2021 :\u00a0<\/strong><\/span><\/p>\n<ul>\n<li><strong>Walter Deijnckens &#8211; <span style=\"color: #00ccff;\"><a style=\"color: #00ccff;\" href=\"https:\/\/www.academiebelgium.be\/wp-content\/uploads\/2021\/12\/W.-Deijnckens.pdf\" target=\"_blank\" rel=\"noopener\">La poste a\u00e9rienne au Ruanda-Urundi<\/a><\/span><\/strong><\/li>\n<li><strong>Willy Vande Wiele &#8211; <span style=\"color: #00ccff;\"><a style=\"color: #00ccff;\" href=\"https:\/\/www.academiebelgium.be\/wp-content\/uploads\/2021\/12\/W.-Vande-Wiele.pdf\" target=\"_blank\" rel=\"noopener\">Le permis de p\u00eache belge<\/a><\/span><\/strong><\/li>\n<li><strong>Philippe Lindekens &#8211; <span style=\"color: #00ccff;\"><a style=\"color: #00ccff;\" href=\"https:\/\/www.academiebelgium.be\/wp-content\/uploads\/2021\/12\/Lindekens-recommande-avion.pdf\" target=\"_blank\" rel=\"noopener\">Congo recommand\u00e9 par avion &#8211; 2 en 1<\/a><\/span><\/strong><\/li>\n<li><strong>Vincent Schouberechts &#8211; <span style=\"color: #00ccff;\"><a style=\"color: #00ccff;\" href=\"https:\/\/www.academiebelgium.be\/wp-content\/uploads\/2021\/12\/20-centimes-medaillon.pdf\" target=\"_blank\" rel=\"noopener\">20 centimes M\u00e9daillons 1863<\/a><\/span><\/strong><\/li>\n<\/ul>\n<p><span style=\"color: #ff0000;\"><strong>16 octobre 2021 :\u00a0<\/strong><\/span><\/p>\n<ul>\n<li><strong>Robert Lisabeth &#8211; <span style=\"color: #00ccff;\"><a style=\"color: #00ccff;\" href=\"https:\/\/www.academiebelgium.be\/wp-content\/uploads\/2021\/10\/R.-Lisabeth-16.10.2021.pdf\" target=\"_blank\" rel=\"noopener\">L.A.T.I\u00a0 &#8211; 21.12.1939\u00a0 \/ 04.12.1941<\/a><\/span><\/strong><\/li>\n<li><strong>Francis Kinard &#8211; <span style=\"color: #00ccff;\"><a style=\"color: #00ccff;\" href=\"https:\/\/www.academiebelgium.be\/wp-content\/uploads\/2021\/10\/F.-Kinard-16.10.2021.pdf\" target=\"_blank\" rel=\"noopener\">Le royaume d\u2019\u00c9trurie (1801 1807)<\/a><\/span><\/strong><\/li>\n<li><strong>Mark Bottu &#8211; <span style=\"color: #00ccff;\"><a style=\"color: #00ccff;\" href=\"https:\/\/www.academiebelgium.be\/wp-content\/uploads\/2021\/10\/M.-Bottu-16.10.2021.pdf\" target=\"_blank\" rel=\"noopener\">Victor Gisqui\u00e8re<\/a><\/span><\/strong><\/li>\n<li><strong>Guy Coutant &#8211; <span style=\"color: #00ccff;\"><a style=\"color: #00ccff;\" href=\"https:\/\/www.academiebelgium.be\/wp-content\/uploads\/2021\/10\/G.-Coutant-16.10.2021-Witu.pdf\" target=\"_blank\" rel=\"noopener\">Le territoire du Witu<\/a><\/span><\/strong><\/li>\n<\/ul>\n<p><span style=\"color: #ff0000;\"><strong>4 septembre 2021 :\u00a0<\/strong><\/span><\/p>\n<ul>\n<li><strong>Charly Bruart &#8211; <span style=\"color: #00ccff;\"><a style=\"color: #00ccff;\" href=\"https:\/\/www.academiebelgium.be\/wp-content\/uploads\/2021\/10\/C.-Bruart-04.09.2021.pdf\" target=\"_blank\" rel=\"noopener\">Le r\u00f4le des \u00e9cluses dans la distribution du courrier<\/a><\/span><\/strong><\/li>\n<li><strong>Mark Bottu &#8211; <span style=\"color: #00ccff;\"><a style=\"color: #00ccff;\" href=\"https:\/\/www.academiebelgium.be\/wp-content\/uploads\/2021\/10\/M.-Bottu-04_09.2021.pdf\" target=\"_blank\" rel=\"noopener\">14\/18 Entiers postaux utilis\u00e9s au Havre<\/a><\/span><\/strong><\/li>\n<li><strong>Daniel Goffin &#8211; <span style=\"color: #00ccff;\"><a style=\"color: #00ccff;\" href=\"https:\/\/www.academiebelgium.be\/wp-content\/uploads\/2021\/10\/D.-Goffin-04.09.2021.pdf\" target=\"_blank\" rel=\"noopener\">Machines de tri et M.I.O.<\/a><\/span><\/strong><\/li>\n<li><strong>Vincent Schouberechts &#8211; <span style=\"color: #00ccff;\"><a style=\"color: #00ccff;\" href=\"https:\/\/www.academiebelgium.be\/wp-content\/uploads\/2021\/10\/V.-Schouberechts-04.09.2021.pdf\" target=\"_blank\" rel=\"noopener\">Histoire postale de Diest mais pas seulement<\/a><\/span><\/strong><\/li>\n<li><strong>Yves Vertommen &#8211; <span style=\"color: #00ccff;\"><a style=\"color: #00ccff;\" href=\"https:\/\/www.academiebelgium.be\/wp-content\/uploads\/2021\/10\/Y.-Vertommen-04.09.2021.pdf\" target=\"_blank\" rel=\"noopener\">la marque postale CHARGE durant la p\u00e9riode du m\u00e9daillon<\/a><\/span><\/strong><\/li>\n<\/ul>\n<p><span style=\"color: #ff0000;\"><strong>12 juin 2021 :\u00a0<\/strong><\/span><\/p>\n<ul>\n<li><strong>Mireille Lutz &#8211; <span style=\"color: #00ccff;\"><a style=\"color: #00ccff;\" href=\"https:\/\/www.academiebelgium.be\/wp-content\/uploads\/2021\/06\/M.-LUTZ-2021.12.06.pdf\" target=\"_blank\" rel=\"noopener\">Les Chiffres de Poste appos\u00e9s par l\u2019ambulant belge<\/a><\/span><\/strong><\/li>\n<li><strong>Guy Coutant &#8211; <span style=\"color: #00ccff;\"><a style=\"color: #00ccff;\" href=\"https:\/\/www.academiebelgium.be\/wp-content\/uploads\/2021\/06\/G.-Coutant-2021.12.06.pdf\" target=\"_blank\" rel=\"noopener\">Meched 1902<\/a><\/span><\/strong><\/li>\n<li><strong>Francis Kinard &#8211; <span style=\"color: #00ccff;\"><a style=\"color: #00ccff;\" href=\"https:\/\/www.academiebelgium.be\/wp-content\/uploads\/2021\/06\/F.-Kinard-2021.12.06.pdf\" target=\"_blank\" rel=\"noopener\">L\u2019\u00eele d\u2019Elbe sous domination fran\u00e7aise (1802-1815)<\/a><\/span><\/strong><\/li>\n<li><strong>Lars Boettger &#8211; <span style=\"color: #00ccff;\"><a style=\"color: #00ccff;\" href=\"https:\/\/www.academiebelgium.be\/wp-content\/uploads\/2021\/06\/L.-Boettger-2021.12.06.pdf\" target=\"_blank\" rel=\"noopener\">Que signifient les signatures ?<\/a><\/span><\/strong><\/li>\n<li><strong>Mark Bottu &#8211; <span style=\"color: #00ccff;\"><a style=\"color: #00ccff;\" href=\"https:\/\/www.academiebelgium.be\/wp-content\/uploads\/2021\/06\/M.-Bottu-2021.12.06.pdf\" target=\"_blank\" rel=\"noopener\">Le HAVRE &#8211; Ste ADRESSE<\/a><\/span><\/strong><\/li>\n<li><strong>Ruud Verberne &#8211; <span style=\"color: #00ccff;\"><a style=\"color: #00ccff;\" href=\"https:\/\/www.academiebelgium.be\/wp-content\/uploads\/2021\/06\/Frederic-Kumsius.pdf\" target=\"_blank\" rel=\"noopener\">Opsporingsbevel tegen Frederic Kumsius<\/a><\/span><\/strong><\/li>\n<\/ul>\n<p><span style=\"color: #ff0000;\"><strong>24 avril 2021 :\u00a0<\/strong><\/span><\/p>\n<ul>\n<li><strong>Thomas Lindekens &#8211; <span style=\"color: #00ccff;\"><a style=\"color: #00ccff;\" href=\"https:\/\/www.academiebelgium.be\/wp-content\/uploads\/2021\/04\/T.-Lindekens-24.04.21.pdf\" target=\"_blank\" rel=\"noopener\">Congo Fran\u00e7ais &#8211; Gabon \/ Alph\u00e9e Dubois<\/a><\/span><\/strong><\/li>\n<li><strong>Philippe Lindekens &#8211; <span style=\"color: #00ccff;\"><a style=\"color: #00ccff;\" href=\"https:\/\/www.academiebelgium.be\/wp-content\/uploads\/2021\/04\/P-Lindekens-Kepi-vers-Congo.pdf\" target=\"_blank\" rel=\"noopener\">Incoming mail Congo belge \/ roi Albert type k\u00e9pi<\/a><\/span><\/strong><\/li>\n<li><strong>Francis Kinard &#8211; <span style=\"color: #00ccff;\"><a style=\"color: #00ccff;\" href=\"https:\/\/www.academiebelgium.be\/wp-content\/uploads\/2021\/04\/F.-Kinard-24.04.2021.pdf\" target=\"_blank\" rel=\"noopener\">Quel sort r\u00e9server aux prisonniers n\u00e9erlandais fin 1813<\/a><\/span><\/strong><\/li>\n<li><strong>Henk Slabbinck &#8211; <span style=\"color: #00ccff;\"><a style=\"color: #00ccff;\" href=\"https:\/\/www.academiebelgium.be\/wp-content\/uploads\/2021\/04\/H.-Slabbinck-24.04.2021.pdf\" target=\"_blank\" rel=\"noopener\">Geneutraliseerde neutraliteit \/ Neutralit\u00e9 neutralis\u00e9e<\/a><\/span><\/strong><\/li>\n<li><strong>Lars Boettger &#8211; <span style=\"color: #00ccff;\"><a style=\"color: #00ccff;\" href=\"https:\/\/www.academiebelgium.be\/wp-content\/uploads\/2021\/04\/L.-Boettger-2-24.04.2021.pdf\" target=\"_blank\" rel=\"noopener\">D\u00e9termination de raret\u00e9<\/a><\/span><\/strong><\/li>\n<\/ul>\n<p><span style=\"color: #ff0000;\"><strong>27 mars 2021 :\u00a0<\/strong><\/span><\/p>\n<ul>\n<li><strong>Guy Baudot &#8211; <span style=\"color: #00ccff;\"><a style=\"color: #00ccff;\" href=\"https:\/\/www.academiebelgium.be\/wp-content\/uploads\/2021\/03\/1.-G.-Baudot-27.03.2021.pdf\" target=\"_blank\" rel=\"noopener\">L\u2019 \u00e9mergence des \u00ab\u00a0Timbres de Taxe\u00a0\u00bb<\/a><\/span><\/strong><\/li>\n<li><strong><strong>Alain Pierret &#8211; <\/strong><\/strong><span style=\"color: #00ccff;\"><a style=\"color: #00ccff;\" href=\"https:\/\/www.academiebelgium.be\/wp-content\/uploads\/2021\/03\/2.-A.-Pierret-27.03.2021.pdf\" target=\"_blank\" rel=\"noopener\"><strong>Quand les timbres \u2018AVION\u2019 deviennent des valeurs postales ordinaires<\/strong><\/a><\/span><\/li>\n<li><strong>Thomas Lindekens &#8211; <span style=\"color: #00ccff;\"><a style=\"color: #00ccff;\" href=\"https:\/\/www.academiebelgium.be\/wp-content\/uploads\/2021\/03\/3.-T.-Lindekens-27.03.2021.pdf\" target=\"_blank\" rel=\"noopener\">Plis fronti\u00e8res via l&rsquo;Etat Ind\u00e9pendant du Congo<\/a><\/span><\/strong><\/li>\n<li><strong><strong>Lars Boettger &#8211; <\/strong><\/strong><span style=\"color: #00ccff;\"><a style=\"color: #00ccff;\" href=\"https:\/\/www.academiebelgium.be\/wp-content\/uploads\/2021\/03\/4.-L.-Boettger-27.03.2021-.pdf\" target=\"_blank\" rel=\"noopener\"><b>Luxembourg &#8211; Utilisation timbres-poste comme timbres-taxe<\/b><\/a><\/span><\/li>\n<li><strong><strong>Philippe Lindekens &#8211; <span style=\"color: #00ccff;\">Congo &#8211;<\/span><\/strong><\/strong><span style=\"color: #00ccff;\"><a style=\"color: #00ccff;\" href=\"https:\/\/www.academiebelgium.be\/wp-content\/uploads\/2021\/03\/5.-Philippe-Affr-insuff.pdf\" target=\"_blank\" rel=\"noopener\"><b>Pli insuffisamment affranchi \/ <\/b><b>Pri\u00e8re de compl\u00e9ter<\/b><\/a><\/span><\/li>\n<li><strong>Francis Kinard &#8211; <span style=\"color: #00ccff;\"><a style=\"color: #00ccff;\" href=\"https:\/\/www.academiebelgium.be\/wp-content\/uploads\/2021\/03\/6.-F.-Kinard-27.03.2021.pdf\" target=\"_blank\" rel=\"noopener\">A la recherche de F.D.C.<\/a><\/span><\/strong><\/li>\n<\/ul>\n<p><span style=\"color: #ff0000;\"><strong>27 f\u00e9vrier 2021 :\u00a0<\/strong><\/span><\/p>\n<ul>\n<li><strong>Philippe Lindekens &#8211; <span style=\"color: #00ccff;\"><a style=\"color: #00ccff;\" href=\"https:\/\/www.academiebelgium.be\/wp-content\/uploads\/2021\/03\/Philippe-Mols-affr-grosses-valeurs.pdf\" target=\"_blank\" rel=\"noopener\">Congo : Affranchissement avec les grosses valeurs Mols<\/a><\/span><\/strong><\/li>\n<li><strong>Marc Symens &#8211; <span style=\"color: #00ccff;\"><a style=\"color: #00ccff;\" href=\"https:\/\/www.academiebelgium.be\/wp-content\/uploads\/2021\/03\/ABA-Marc-Symens-EXEMPLAIRE-UNIQUE.pdf\" target=\"_blank\" rel=\"noopener\">Chine :\u00a0Livre unique de Marcel VAN LERBERGHE<\/a><\/span><\/strong><\/li>\n<li><strong>Vincent Schouberechts &#8211; <span style=\"color: #00ccff;\"><a style=\"color: #00ccff;\" href=\"https:\/\/www.academiebelgium.be\/wp-content\/uploads\/2021\/03\/Een-brief-vanuit-Grainchamps-1796-bilingue.pdf\" target=\"_blank\" rel=\"noopener\">Une lettre de Grainchamps en 1796<\/a><\/span><\/strong><\/li>\n<li><strong>Thomas Lindekens &#8211; <span style=\"color: #00ccff;\"><a style=\"color: #00ccff;\" href=\"https:\/\/www.academiebelgium.be\/wp-content\/uploads\/2021\/03\/T.-Lindekens-27.2.2021.pdf\" target=\"_blank\" rel=\"noopener\">Coiling\u00a0 Dragon Chinese Imperial\u00a0 Post Part II\u00a0<\/a><\/span><\/strong><\/li>\n<li><strong>Daniel Goffin &#8211; <span style=\"color: #00ccff;\"><a style=\"color: #00ccff;\" href=\"https:\/\/www.academiebelgium.be\/wp-content\/uploads\/2021\/03\/D.-Goffin-27.2.2021.pdf\" target=\"_blank\" rel=\"noopener\">Le service des rebuts<\/a><\/span><\/strong><\/li>\n<\/ul>\n<p><span style=\"color: #ff0000;\"><strong>23 janvier 2021 :\u00a0<\/strong><\/span><\/p>\n<ul>\n<li><strong>Francis Kinard &#8211; <span style=\"color: #00ccff;\"><a style=\"color: #00ccff;\" href=\"https:\/\/www.academiebelgium.be\/wp-content\/uploads\/2021\/01\/F.-Kinard-23.1.2021.pdf\" target=\"_blank\" rel=\"noopener\">Split 8 juin 1813<\/a><\/span><\/strong><\/li>\n<li><strong>Lars Boettger &#8211; <a href=\"https:\/\/www.academiebelgium.be\/wp-content\/uploads\/2021\/01\/L.-Boettger-23.1.2021.pdf\" target=\"_blank\" rel=\"noopener\"><span style=\"color: #00ccff;\">Friedrich Huth &#8211; Fusion d\u2019histoire et d\u2019histoire postale<\/span><\/a><\/strong><\/li>\n<li><strong>Mark Bottu &#8211; <span style=\"color: #00ccff;\"><a style=\"color: #00ccff;\" href=\"https:\/\/www.academiebelgium.be\/wp-content\/uploads\/2021\/01\/M.-Bottu-23.1.2021.pdf\" target=\"_blank\" rel=\"noopener\">Music Talking with God<\/a><\/span><\/strong><\/li>\n<li><strong>Thomas Lindekens\u00a0 &#8211; <span style=\"color: #00ccff;\"><a style=\"color: #00ccff;\" href=\"https:\/\/www.academiebelgium.be\/wp-content\/uploads\/2021\/01\/Maroc-\u2013-poste-locale-morteo.pdf\" target=\"_blank\" rel=\"noopener\">Maroc Poste Locale Morteo &amp; Spinney<\/a><\/span><\/strong><\/li>\n<li><strong>Philippe Lindekens &#8211; <span style=\"color: #00ccff;\"><a style=\"color: #00ccff;\" href=\"https:\/\/www.academiebelgium.be\/wp-content\/uploads\/2021\/01\/LINDEKENS-CPI.pdf\" target=\"_blank\" rel=\"noopener\">Congo Carte Postale Incompl\u00e8te<\/a><\/span><\/strong><\/li>\n<\/ul>\n<p><span style=\"color: #ff0000;\"><strong>19 d\u00e9cembre 2020 :\u00a0<\/strong><\/span><\/p>\n<ul>\n<li><strong>Guy Coutant &#8211; <a href=\"https:\/\/www.academiebelgium.be\/wp-content\/uploads\/2020\/12\/G.-Coutant-19.12.2020.pdf\" target=\"_blank\" rel=\"noopener noreferrer\"><span style=\"color: #00ccff;\">Gronchi Rosa<\/span><\/a><\/strong><\/li>\n<li><strong>Francis Kinard &#8211; <a href=\"https:\/\/www.academiebelgium.be\/wp-content\/uploads\/2020\/12\/F.-Kinard-19.12.2020.pdf\" target=\"_blank\" rel=\"noopener noreferrer\"><span style=\"color: #00ccff;\">Lieu de destination envahi<\/span><\/a><\/strong><\/li>\n<li><strong>Lars Boettger &#8211; <span style=\"color: #00ccff;\"><a style=\"color: #00ccff;\" href=\"https:\/\/www.academiebelgium.be\/wp-content\/uploads\/2021\/01\/L.-Boettger-19.12.2020.pdf\" target=\"_blank\" rel=\"noopener noreferrer\">Union Postale Allemande Autrichienne<\/a><\/span><\/strong><\/li>\n<li><strong>Mark Bottu &#8211; <a href=\"https:\/\/www.academiebelgium.be\/wp-content\/uploads\/2021\/01\/M.-Bottu-19.12.2020.pdf\" target=\"_blank\" rel=\"noopener noreferrer\"><span style=\"color: #00ccff;\"><b>Thurn and Taxis Post in <\/b><b>the Southern <\/b><b>Netherlands <\/b><b>1501 <\/b><b>&#8211;\u00a0 1794<\/b><\/span><\/a><\/strong><\/li>\n<li><strong>Michel Letaillieur &#8211; <a href=\"https:\/\/www.academiebelgium.be\/wp-content\/uploads\/2021\/01\/M.-Letaillieur-19.12.2020.pdf\" target=\"_blank\" rel=\"noopener noreferrer\"><span style=\"color: #00ccff;\">Mulready 6 MY 1840<\/span><\/a><\/strong><\/li>\n<li><strong>Olivier Nosbaum &#8211; <span style=\"color: #00ccff;\"><a style=\"color: #00ccff;\" href=\"https:\/\/www.academiebelgium.be\/wp-content\/uploads\/2021\/01\/O.-Nosbaum-19.12.2020.pdf\" target=\"_blank\" rel=\"noopener noreferrer\"><b>Luxembourg &#8211;<\/b>\u00a0\u00abMagasin du Timbre\u00bb au 19e si\u00e8cle &#8211; Son histoire et son r\u00f4le<\/a><\/span><\/strong><\/li>\n<li><strong>Willy Monfils &#8211; <a href=\"https:\/\/www.academiebelgium.be\/wp-content\/uploads\/2020\/12\/W.-Monfils-19.12.2020.pdf\" target=\"_blank\" rel=\"noopener noreferrer\"><span style=\"color: #00ccff;\">Courriers militaires belges 14-18<\/span><\/a><\/strong><\/li>\n<li><strong>Yves Vertommen &#8211; <span style=\"color: #00ccff;\"><a style=\"color: #00ccff;\" href=\"https:\/\/www.academiebelgium.be\/wp-content\/uploads\/2021\/01\/Y.-Vertommen-19.12.2020.pdf\" target=\"_blank\" rel=\"noopener noreferrer\">Les mandats de poste (1849-1866)<\/a><\/span><\/strong><\/li>\n<\/ul>\n<p><span style=\"color: #ff0000;\"><strong>21 novembre 2020 :\u00a0<\/strong><\/span><\/p>\n<ul>\n<li><strong>Robert Abensur &#8211; <a href=\"https:\/\/www.academiebelgium.be\/wp-content\/uploads\/2020\/11\/Abensur-Tour-du-monde-B.pdf\" target=\"_blank\" rel=\"noopener noreferrer\"><span style=\"color: #00ccff;\">Tour du monde WW2<\/span><\/a><\/strong><\/li>\n<li><strong>Guy Coutant &#8211; <span style=\"color: #00ccff;\"><a style=\"color: #00ccff;\" href=\"https:\/\/www.academiebelgium.be\/wp-content\/uploads\/2020\/11\/Coutant-Jean-Nicolet.pdf\" target=\"_blank\" rel=\"noopener noreferrer\">Jean Nicolet<\/a><\/span><\/strong><\/li>\n<li><strong>Philippe Lindekens &#8211; <span style=\"color: #00ccff;\"><a style=\"color: #00ccff;\" href=\"https:\/\/www.academiebelgium.be\/wp-content\/uploads\/2020\/11\/Lindekens.pdf\" target=\"_blank\" rel=\"noopener noreferrer\">\u00ab Cachets horaires t\u00e9l\u00e9graphiques \u00bb &#8211; au Maroc &amp; \u00e0 Madagascar<\/a><\/span><\/strong><\/li>\n<li><strong>Henk Slabbinck &#8211;<span style=\"color: #00ccff;\"> <a style=\"color: #00ccff;\" href=\"https:\/\/www.academiebelgium.be\/wp-content\/uploads\/2020\/11\/Slabbinck-Mauritius-FINAL.pdf\" target=\"_blank\" rel=\"noopener noreferrer\">Intern\u00e9s allemands juifs 40-45 &#8211; PO BOX 1000 &#8211; Mauritius<\/a><\/span><\/strong><\/li>\n<\/ul>\n<p><span style=\"color: #ff0000;\"><strong>17 octobre 2020 :\u00a0<\/strong><\/span><\/p>\n<ul>\n<li><strong>Robert Abensur \u2013\u00a0<span style=\"color: #00ccff;\"><a style=\"color: #00ccff;\" href=\"https:\/\/www.academiebelgium.be\/wp-content\/uploads\/2021\/01\/2020-10-Abensur-ABA-Maastricht-Corse.pdf\" target=\"_blank\" rel=\"noopener noreferrer\">Maastricht-Ajaccio en 1796<\/a><\/span><\/strong><\/li>\n<li><strong>Michel Letaillieur \u2013\u00a0<span style=\"color: #00ccff;\"><a style=\"color: #00ccff;\" href=\"https:\/\/www.academiebelgium.be\/wp-content\/uploads\/2021\/01\/M.-Letaillieur-17.10.2020.pdf\" target=\"_blank\" rel=\"noopener noreferrer\">Les paraoblit\u00e9rations<\/a><\/span><\/strong><\/li>\n<li><strong>Guy Coutant \u2013\u00a0<span style=\"color: #00ccff;\"><a style=\"color: #00ccff;\" href=\"https:\/\/www.academiebelgium.be\/wp-content\/uploads\/2021\/01\/Coutant-17.10.2020Guerre-du-Chaco.pdf\" target=\"_blank\" rel=\"noopener noreferrer\">La guerre du Chaco 1932-35<\/a><\/span><\/strong><\/li>\n<li><strong>Francis Kinard \u2013\u00a0<span style=\"color: #00ccff;\"><a style=\"color: #00ccff;\" href=\"https:\/\/www.academiebelgium.be\/wp-content\/uploads\/2021\/01\/F.-Kinard-17.10.2020.pdf\" target=\"_blank\" rel=\"noopener noreferrer\">Lettre du G\u00e9n\u00e9ral Championnet<\/a><\/span><\/strong><\/li>\n<li><strong>Henk Slabbinck \u2013\u00a0<span style=\"color: #00ccff;\"><a style=\"color: #00ccff;\" href=\"https:\/\/www.academiebelgium.be\/wp-content\/uploads\/2021\/01\/2020.17.10-H.-Slabbinck.pdf\" target=\"_blank\" rel=\"noopener noreferrer\">Courriers de p\u00eacheurs fran\u00e7ais \u00e0 Terre-Neuve<\/a><\/span><\/strong><\/li>\n<li><strong>Marc Symens \u2013\u00a0<span style=\"color: #00ccff;\"><a style=\"color: #00ccff;\" href=\"https:\/\/www.academiebelgium.be\/wp-content\/uploads\/2021\/01\/ANTWERPSE-POSTZEGELDAGEN-1928-slides.pdf\" target=\"_blank\" rel=\"noopener noreferrer\">1928 Antwerpse postzegeldagen<\/a>\u00a0<\/span><\/strong><\/li>\n<\/ul>\n<p><span style=\"color: #ff0000;\"><strong>12 septembre 2020 :\u00a0<\/strong><\/span><\/p>\n<ul>\n<li><strong>Francis Kinard \u2013\u00a0<span style=\"color: #00ccff;\"><a style=\"color: #00ccff;\" href=\"https:\/\/www.academiebelgium.be\/wp-content\/uploads\/2021\/01\/F.-Kinard-12.09.2020-2.pdf\" target=\"_blank\" rel=\"noopener noreferrer\">lettre Arm\u00e9e de Catalogne<\/a><\/span><\/strong><\/li>\n<li><strong>Ph Lindekens \u2013\u00a0<span style=\"color: #00ccff;\"><a style=\"color: #00ccff;\" href=\"https:\/\/www.academiebelgium.be\/wp-content\/uploads\/2021\/01\/poste-cherif-vers-etranger.pdf\" target=\"_blank\" rel=\"noopener noreferrer\">les affranchissements mixtes de la Poste Ch\u00e9rifienne du Maroc<\/a><\/span><\/strong><\/li>\n<li><strong>Th Lindekens \u2013\u00a0<span style=\"color: #00ccff;\"><a style=\"color: #00ccff;\" href=\"https:\/\/www.academiebelgium.be\/wp-content\/uploads\/2021\/01\/CHINA-COILING-DRAGON-1-1-.pdf\" target=\"_blank\" rel=\"noopener noreferrer\">China Coiling Dragon \u2013 imperial post \u2013 part I<\/a><\/span><\/strong><\/li>\n<li><strong>Vincent Schouberechts \u2013\u00a0<span style=\"color: #00ccff;\"><a style=\"color: #00ccff;\" href=\"https:\/\/www.academiebelgium.be\/wp-content\/uploads\/2021\/01\/Mulready-pp-12-sept-2020.pdf\" target=\"_blank\" rel=\"noopener noreferrer\">Caricatures Mulreadys<\/a><\/span><\/strong><\/li>\n<\/ul>\n","protected":false},"excerpt":{"rendered":"<p>Les Powerpoints des conf\u00e9rences ABA, sous format PDF, sont disponibles via les liens ci-dessous\u00a0: Tous les \u00e9l\u00e9ments des conf\u00e9rences plac\u00e9es sur le site web tombent sur la r\u00e9glementation du Copyright et ne peuvent donc \u00eatre utilis\u00e9s ou modifi\u00e9s sans l\u2019accord formel de l\u2019orateur. Les pr\u00e9sentations Powerpoint (PPTX file) utilis\u00e9es par les orateurs ne seront pas [&hellip;]<\/p>\n","protected":false},"author":3,"featured_media":0,"parent":0,"menu_order":0,"comment_status":"closed","ping_status":"closed","template":"","meta":{"_acf_changed":false,"_exactmetrics_skip_tracking":false,"_exactmetrics_sitenote_active":false,"_exactmetrics_sitenote_note":"","_exactmetrics_sitenote_category":0,"footnotes":""},"class_list":["post-3821","page","type-page","status-publish","hentry"],"acf":[],"yoast_head":"<!-- This site is optimized with the Yoast SEO plugin v27.0 - https:\/\/yoast.com\/product\/yoast-seo-wordpress\/ -->\n<title>Powerpoints - Academy Belgium<\/title>\n<meta name=\"robots\" content=\"index, follow, max-snippet:-1, max-image-preview:large, max-video-preview:-1\" \/>\n<link rel=\"canonical\" href=\"https:\/\/www.academiebelgium.be\/fr\/pptx-fr\/\" \/>\n<meta property=\"og:locale\" content=\"fr_FR\" \/>\n<meta property=\"og:type\" content=\"article\" \/>\n<meta property=\"og:title\" content=\"Powerpoints - Academy Belgium\" \/>\n<meta property=\"og:description\" content=\"Les Powerpoints des conf\u00e9rences ABA, sous format PDF, sont disponibles via les liens ci-dessous\u00a0: Tous les \u00e9l\u00e9ments des conf\u00e9rences plac\u00e9es sur le site web tombent sur la r\u00e9glementation du Copyright et ne peuvent donc \u00eatre utilis\u00e9s ou modifi\u00e9s sans l\u2019accord formel de l\u2019orateur. Les pr\u00e9sentations Powerpoint (PPTX file) utilis\u00e9es par les orateurs ne seront pas [&hellip;]\" \/>\n<meta property=\"og:url\" content=\"https:\/\/www.academiebelgium.be\/fr\/pptx-fr\/\" \/>\n<meta property=\"og:site_name\" content=\"Academy Belgium\" \/>\n<meta property=\"article:modified_time\" content=\"2024-12-27T17:24:09+00:00\" \/>\n<meta name=\"twitter:card\" content=\"summary_large_image\" \/>\n<meta name=\"twitter:label1\" content=\"Dur\u00e9e de lecture estim\u00e9e\" \/>\n\t<meta name=\"twitter:data1\" content=\"6 minutes\" \/>\n<script type=\"application\/ld+json\" class=\"yoast-schema-graph\">{\"@context\":\"https:\/\/schema.org\",\"@graph\":[{\"@type\":\"WebPage\",\"@id\":\"https:\/\/www.academiebelgium.be\/fr\/pptx-fr\/\",\"url\":\"https:\/\/www.academiebelgium.be\/fr\/pptx-fr\/\",\"name\":\"Powerpoints - Academy Belgium\",\"isPartOf\":{\"@id\":\"https:\/\/www.academiebelgium.be\/nl\/#website\"},\"datePublished\":\"2020-11-21T13:30:15+00:00\",\"dateModified\":\"2024-12-27T17:24:09+00:00\",\"breadcrumb\":{\"@id\":\"https:\/\/www.academiebelgium.be\/fr\/pptx-fr\/#breadcrumb\"},\"inLanguage\":\"fr-FR\",\"potentialAction\":[{\"@type\":\"ReadAction\",\"target\":[\"https:\/\/www.academiebelgium.be\/fr\/pptx-fr\/\"]}]},{\"@type\":\"BreadcrumbList\",\"@id\":\"https:\/\/www.academiebelgium.be\/fr\/pptx-fr\/#breadcrumb\",\"itemListElement\":[{\"@type\":\"ListItem\",\"position\":1,\"name\":\"Home\",\"item\":\"https:\/\/www.academiebelgium.be\/fr\/home\/\"},{\"@type\":\"ListItem\",\"position\":2,\"name\":\"Powerpoints\"}]},{\"@type\":\"WebSite\",\"@id\":\"https:\/\/www.academiebelgium.be\/nl\/#website\",\"url\":\"https:\/\/www.academiebelgium.be\/nl\/\",\"name\":\"Academy Belgium\",\"description\":\"Just another WordPress site\",\"publisher\":{\"@id\":\"https:\/\/www.academiebelgium.be\/nl\/#organization\"},\"potentialAction\":[{\"@type\":\"SearchAction\",\"target\":{\"@type\":\"EntryPoint\",\"urlTemplate\":\"https:\/\/www.academiebelgium.be\/nl\/?s={search_term_string}\"},\"query-input\":{\"@type\":\"PropertyValueSpecification\",\"valueRequired\":true,\"valueName\":\"search_term_string\"}}],\"inLanguage\":\"fr-FR\"},{\"@type\":\"Organization\",\"@id\":\"https:\/\/www.academiebelgium.be\/nl\/#organization\",\"name\":\"Academy Belgium\",\"url\":\"https:\/\/www.academiebelgium.be\/nl\/\",\"logo\":{\"@type\":\"ImageObject\",\"inLanguage\":\"fr-FR\",\"@id\":\"https:\/\/www.academiebelgium.be\/nl\/#\/schema\/logo\/image\/\",\"url\":\"https:\/\/www.academiebelgium.be\/wp-content\/uploads\/2018\/10\/logo.png\",\"contentUrl\":\"https:\/\/www.academiebelgium.be\/wp-content\/uploads\/2018\/10\/logo.png\",\"width\":125,\"height\":125,\"caption\":\"Academy Belgium\"},\"image\":{\"@id\":\"https:\/\/www.academiebelgium.be\/nl\/#\/schema\/logo\/image\/\"}}]}<\/script>\n<!-- \/ Yoast SEO plugin. -->","yoast_head_json":{"title":"Powerpoints - Academy Belgium","robots":{"index":"index","follow":"follow","max-snippet":"max-snippet:-1","max-image-preview":"max-image-preview:large","max-video-preview":"max-video-preview:-1"},"canonical":"https:\/\/www.academiebelgium.be\/fr\/pptx-fr\/","og_locale":"fr_FR","og_type":"article","og_title":"Powerpoints - Academy Belgium","og_description":"Les Powerpoints des conf\u00e9rences ABA, sous format PDF, sont disponibles via les liens ci-dessous\u00a0: Tous les \u00e9l\u00e9ments des conf\u00e9rences plac\u00e9es sur le site web tombent sur la r\u00e9glementation du Copyright et ne peuvent donc \u00eatre utilis\u00e9s ou modifi\u00e9s sans l\u2019accord formel de l\u2019orateur. Les pr\u00e9sentations Powerpoint (PPTX file) utilis\u00e9es par les orateurs ne seront pas [&hellip;]","og_url":"https:\/\/www.academiebelgium.be\/fr\/pptx-fr\/","og_site_name":"Academy Belgium","article_modified_time":"2024-12-27T17:24:09+00:00","twitter_card":"summary_large_image","twitter_misc":{"Dur\u00e9e de lecture estim\u00e9e":"6 minutes"},"schema":{"@context":"https:\/\/schema.org","@graph":[{"@type":"WebPage","@id":"https:\/\/www.academiebelgium.be\/fr\/pptx-fr\/","url":"https:\/\/www.academiebelgium.be\/fr\/pptx-fr\/","name":"Powerpoints - Academy Belgium","isPartOf":{"@id":"https:\/\/www.academiebelgium.be\/nl\/#website"},"datePublished":"2020-11-21T13:30:15+00:00","dateModified":"2024-12-27T17:24:09+00:00","breadcrumb":{"@id":"https:\/\/www.academiebelgium.be\/fr\/pptx-fr\/#breadcrumb"},"inLanguage":"fr-FR","potentialAction":[{"@type":"ReadAction","target":["https:\/\/www.academiebelgium.be\/fr\/pptx-fr\/"]}]},{"@type":"BreadcrumbList","@id":"https:\/\/www.academiebelgium.be\/fr\/pptx-fr\/#breadcrumb","itemListElement":[{"@type":"ListItem","position":1,"name":"Home","item":"https:\/\/www.academiebelgium.be\/fr\/home\/"},{"@type":"ListItem","position":2,"name":"Powerpoints"}]},{"@type":"WebSite","@id":"https:\/\/www.academiebelgium.be\/nl\/#website","url":"https:\/\/www.academiebelgium.be\/nl\/","name":"Academy Belgium","description":"Just another WordPress site","publisher":{"@id":"https:\/\/www.academiebelgium.be\/nl\/#organization"},"potentialAction":[{"@type":"SearchAction","target":{"@type":"EntryPoint","urlTemplate":"https:\/\/www.academiebelgium.be\/nl\/?s={search_term_string}"},"query-input":{"@type":"PropertyValueSpecification","valueRequired":true,"valueName":"search_term_string"}}],"inLanguage":"fr-FR"},{"@type":"Organization","@id":"https:\/\/www.academiebelgium.be\/nl\/#organization","name":"Academy Belgium","url":"https:\/\/www.academiebelgium.be\/nl\/","logo":{"@type":"ImageObject","inLanguage":"fr-FR","@id":"https:\/\/www.academiebelgium.be\/nl\/#\/schema\/logo\/image\/","url":"https:\/\/www.academiebelgium.be\/wp-content\/uploads\/2018\/10\/logo.png","contentUrl":"https:\/\/www.academiebelgium.be\/wp-content\/uploads\/2018\/10\/logo.png","width":125,"height":125,"caption":"Academy Belgium"},"image":{"@id":"https:\/\/www.academiebelgium.be\/nl\/#\/schema\/logo\/image\/"}}]}},"_links":{"self":[{"href":"https:\/\/www.academiebelgium.be\/fr\/wp-json\/wp\/v2\/pages\/3821","targetHints":{"allow":["GET"]}}],"collection":[{"href":"https:\/\/www.academiebelgium.be\/fr\/wp-json\/wp\/v2\/pages"}],"about":[{"href":"https:\/\/www.academiebelgium.be\/fr\/wp-json\/wp\/v2\/types\/page"}],"author":[{"embeddable":true,"href":"https:\/\/www.academiebelgium.be\/fr\/wp-json\/wp\/v2\/users\/3"}],"replies":[{"embeddable":true,"href":"https:\/\/www.academiebelgium.be\/fr\/wp-json\/wp\/v2\/comments?post=3821"}],"version-history":[{"count":43,"href":"https:\/\/www.academiebelgium.be\/fr\/wp-json\/wp\/v2\/pages\/3821\/revisions"}],"predecessor-version":[{"id":5377,"href":"https:\/\/www.academiebelgium.be\/fr\/wp-json\/wp\/v2\/pages\/3821\/revisions\/5377"}],"wp:attachment":[{"href":"https:\/\/www.academiebelgium.be\/fr\/wp-json\/wp\/v2\/media?parent=3821"}],"curies":[{"name":"wp","href":"https:\/\/api.w.org\/{rel}","templated":true}]}}