{"id":386,"date":"2018-11-02T15:17:45","date_gmt":"2018-11-02T15:17:45","guid":{"rendered":"https:\/\/www.academiebelgium.be\/medaille-claude-delbeke\/"},"modified":"2023-03-05T21:42:04","modified_gmt":"2023-03-05T21:42:04","slug":"medaille-claude-delbeke","status":"publish","type":"page","link":"https:\/\/www.academiebelgium.be\/fr\/medaille-claude-delbeke\/","title":{"rendered":"Medaille Claude Delbeke"},"content":{"rendered":"<p><strong><em>Cette m\u00e9daille a \u00e9t\u00e9 cr\u00e9\u00e9e pour comm\u00e9morer les 14 ans de pr\u00e9sidence du Pr\u00e9sident Honoraire Claude Delbeke, qui a mis \u00e0 la disposition de l\u2019ABA une vingtaine de m\u00e9dailles \u00e9labor\u00e9es par le ma\u00eetre graveur Paul Huybrechts. <\/em><\/strong><\/p>\n<p><strong><em>La m\u00e9daille sera normalement d\u00e9cern\u00e9e tous les deux ans \u00e0 un membre qui se sera particuli\u00e8rement distingu\u00e9 pour augmenter le prestige de l\u2019Acad\u00e9mie. <\/em><\/strong><\/p>\n<p><strong><em>\u00a0<\/em><\/strong><strong><em>Au cas o\u00f9 le jury ne retient pas de candidat il peut en postposer l\u2019octroi, mais pour deux ans maximum. \u00a0\u00a0<\/em><\/strong><\/p>\n<p><strong><span style=\"color: #0000ff;\">LA<\/span><\/strong><strong><span style=\"color: #0000ff;\">UR\u00c9ATS<\/span><\/strong><\/p>\n<p>2006\u00a0 \u00a0 \u00a0Dani\u00ebls\u00a0Frank<\/p>\n<p>2007\u00a0 \u00a0 \u00a0De Clercq\u00a0 Leo<\/p>\n<p>2008\u00a0 \u00a0 \u00a0Van den Panhuyzen\u00a0Emile<\/p>\n<p>2009\u00a0 \u00a0 \u00a0Decr\u00e9\u00a0 Andr\u00e9<\/p>\n<p>2010\u00a0 \u00a0 \u00a0Verpoort\u00a0Roger<\/p>\n<p>2013\u00a0 \u00a0 \u00a0Oth Jean<\/p>\n<p>2016\u00a0 \u00a0 \u00a0Maselis\u00a0Patrick<\/p>\n<p>2019\u00a0 \u00a0 \u00a0Coutant Guy<\/p>\n<p>2021\u00a0 \u00a0 \u00a0Schouberechts Vincent<\/p>\n<p>2023\u00a0 \u00a0 \u00a0Lindekens Philippe<\/p>\n","protected":false},"excerpt":{"rendered":"<p>Cette m\u00e9daille a \u00e9t\u00e9 cr\u00e9\u00e9e pour comm\u00e9morer les 14 ans de pr\u00e9sidence du Pr\u00e9sident Honoraire Claude Delbeke, qui a mis \u00e0 la disposition de l\u2019ABA une vingtaine de m\u00e9dailles \u00e9labor\u00e9es par le ma\u00eetre graveur Paul Huybrechts. La m\u00e9daille sera normalement d\u00e9cern\u00e9e tous les deux ans \u00e0 un membre qui se sera particuli\u00e8rement distingu\u00e9 pour augmenter [&hellip;]<\/p>\n","protected":false},"author":1,"featured_media":88,"parent":0,"menu_order":0,"comment_status":"closed","ping_status":"closed","template":"template-innerpage.php","meta":{"_acf_changed":false,"_exactmetrics_skip_tracking":false,"_exactmetrics_sitenote_active":false,"_exactmetrics_sitenote_note":"","_exactmetrics_sitenote_category":0,"footnotes":""},"class_list":["post-386","page","type-page","status-publish","has-post-thumbnail","hentry"],"acf":[],"yoast_head":"<!-- This site is optimized with the Yoast SEO plugin v27.0 - https:\/\/yoast.com\/product\/yoast-seo-wordpress\/ -->\n<title>Medaille Claude Delbeke - Academy Belgium<\/title>\n<meta name=\"robots\" content=\"index, follow, max-snippet:-1, max-image-preview:large, max-video-preview:-1\" \/>\n<link rel=\"canonical\" href=\"https:\/\/www.academiebelgium.be\/fr\/medaille-claude-delbeke\/\" \/>\n<meta property=\"og:locale\" content=\"fr_FR\" \/>\n<meta property=\"og:type\" content=\"article\" \/>\n<meta property=\"og:title\" content=\"Medaille Claude Delbeke - Academy Belgium\" \/>\n<meta property=\"og:description\" content=\"Cette m\u00e9daille a \u00e9t\u00e9 cr\u00e9\u00e9e pour comm\u00e9morer les 14 ans de pr\u00e9sidence du Pr\u00e9sident Honoraire Claude Delbeke, qui a mis \u00e0 la disposition de l\u2019ABA une vingtaine de m\u00e9dailles \u00e9labor\u00e9es par le ma\u00eetre graveur Paul Huybrechts. La m\u00e9daille sera normalement d\u00e9cern\u00e9e tous les deux ans \u00e0 un membre qui se sera particuli\u00e8rement distingu\u00e9 pour augmenter [&hellip;]\" \/>\n<meta property=\"og:url\" content=\"https:\/\/www.academiebelgium.be\/fr\/medaille-claude-delbeke\/\" \/>\n<meta property=\"og:site_name\" content=\"Academy Belgium\" \/>\n<meta property=\"article:modified_time\" content=\"2023-03-05T21:42:04+00:00\" \/>\n<meta property=\"og:image\" content=\"https:\/\/www.academiebelgium.be\/wp-content\/uploads\/2018\/10\/banner.jpg\" \/>\n\t<meta property=\"og:image:width\" content=\"1257\" \/>\n\t<meta property=\"og:image:height\" content=\"400\" \/>\n\t<meta property=\"og:image:type\" content=\"image\/jpeg\" \/>\n<meta name=\"twitter:card\" content=\"summary_large_image\" \/>\n<meta name=\"twitter:label1\" content=\"Dur\u00e9e de lecture estim\u00e9e\" \/>\n\t<meta name=\"twitter:data1\" content=\"1 minute\" \/>\n<script type=\"application\/ld+json\" class=\"yoast-schema-graph\">{\"@context\":\"https:\/\/schema.org\",\"@graph\":[{\"@type\":\"WebPage\",\"@id\":\"https:\/\/www.academiebelgium.be\/fr\/medaille-claude-delbeke\/\",\"url\":\"https:\/\/www.academiebelgium.be\/fr\/medaille-claude-delbeke\/\",\"name\":\"Medaille Claude Delbeke - Academy Belgium\",\"isPartOf\":{\"@id\":\"https:\/\/www.academiebelgium.be\/nl\/#website\"},\"primaryImageOfPage\":{\"@id\":\"https:\/\/www.academiebelgium.be\/fr\/medaille-claude-delbeke\/#primaryimage\"},\"image\":{\"@id\":\"https:\/\/www.academiebelgium.be\/fr\/medaille-claude-delbeke\/#primaryimage\"},\"thumbnailUrl\":\"https:\/\/www.academiebelgium.be\/wp-content\/uploads\/2018\/10\/banner.jpg\",\"datePublished\":\"2018-11-02T15:17:45+00:00\",\"dateModified\":\"2023-03-05T21:42:04+00:00\",\"breadcrumb\":{\"@id\":\"https:\/\/www.academiebelgium.be\/fr\/medaille-claude-delbeke\/#breadcrumb\"},\"inLanguage\":\"fr-FR\",\"potentialAction\":[{\"@type\":\"ReadAction\",\"target\":[\"https:\/\/www.academiebelgium.be\/fr\/medaille-claude-delbeke\/\"]}]},{\"@type\":\"ImageObject\",\"inLanguage\":\"fr-FR\",\"@id\":\"https:\/\/www.academiebelgium.be\/fr\/medaille-claude-delbeke\/#primaryimage\",\"url\":\"https:\/\/www.academiebelgium.be\/wp-content\/uploads\/2018\/10\/banner.jpg\",\"contentUrl\":\"https:\/\/www.academiebelgium.be\/wp-content\/uploads\/2018\/10\/banner.jpg\",\"width\":1257,\"height\":400},{\"@type\":\"BreadcrumbList\",\"@id\":\"https:\/\/www.academiebelgium.be\/fr\/medaille-claude-delbeke\/#breadcrumb\",\"itemListElement\":[{\"@type\":\"ListItem\",\"position\":1,\"name\":\"Home\",\"item\":\"https:\/\/www.academiebelgium.be\/fr\/home\/\"},{\"@type\":\"ListItem\",\"position\":2,\"name\":\"Medaille Claude Delbeke\"}]},{\"@type\":\"WebSite\",\"@id\":\"https:\/\/www.academiebelgium.be\/nl\/#website\",\"url\":\"https:\/\/www.academiebelgium.be\/nl\/\",\"name\":\"Academy Belgium\",\"description\":\"Just another WordPress site\",\"publisher\":{\"@id\":\"https:\/\/www.academiebelgium.be\/nl\/#organization\"},\"potentialAction\":[{\"@type\":\"SearchAction\",\"target\":{\"@type\":\"EntryPoint\",\"urlTemplate\":\"https:\/\/www.academiebelgium.be\/nl\/?s={search_term_string}\"},\"query-input\":{\"@type\":\"PropertyValueSpecification\",\"valueRequired\":true,\"valueName\":\"search_term_string\"}}],\"inLanguage\":\"fr-FR\"},{\"@type\":\"Organization\",\"@id\":\"https:\/\/www.academiebelgium.be\/nl\/#organization\",\"name\":\"Academy Belgium\",\"url\":\"https:\/\/www.academiebelgium.be\/nl\/\",\"logo\":{\"@type\":\"ImageObject\",\"inLanguage\":\"fr-FR\",\"@id\":\"https:\/\/www.academiebelgium.be\/nl\/#\/schema\/logo\/image\/\",\"url\":\"https:\/\/www.academiebelgium.be\/wp-content\/uploads\/2018\/10\/logo.png\",\"contentUrl\":\"https:\/\/www.academiebelgium.be\/wp-content\/uploads\/2018\/10\/logo.png\",\"width\":125,\"height\":125,\"caption\":\"Academy Belgium\"},\"image\":{\"@id\":\"https:\/\/www.academiebelgium.be\/nl\/#\/schema\/logo\/image\/\"}}]}<\/script>\n<!-- \/ Yoast SEO plugin. -->","yoast_head_json":{"title":"Medaille Claude Delbeke - Academy Belgium","robots":{"index":"index","follow":"follow","max-snippet":"max-snippet:-1","max-image-preview":"max-image-preview:large","max-video-preview":"max-video-preview:-1"},"canonical":"https:\/\/www.academiebelgium.be\/fr\/medaille-claude-delbeke\/","og_locale":"fr_FR","og_type":"article","og_title":"Medaille Claude Delbeke - Academy Belgium","og_description":"Cette m\u00e9daille a \u00e9t\u00e9 cr\u00e9\u00e9e pour comm\u00e9morer les 14 ans de pr\u00e9sidence du Pr\u00e9sident Honoraire Claude Delbeke, qui a mis \u00e0 la disposition de l\u2019ABA une vingtaine de m\u00e9dailles \u00e9labor\u00e9es par le ma\u00eetre graveur Paul Huybrechts. La m\u00e9daille sera normalement d\u00e9cern\u00e9e tous les deux ans \u00e0 un membre qui se sera particuli\u00e8rement distingu\u00e9 pour augmenter [&hellip;]","og_url":"https:\/\/www.academiebelgium.be\/fr\/medaille-claude-delbeke\/","og_site_name":"Academy Belgium","article_modified_time":"2023-03-05T21:42:04+00:00","og_image":[{"width":1257,"height":400,"url":"https:\/\/www.academiebelgium.be\/wp-content\/uploads\/2018\/10\/banner.jpg","type":"image\/jpeg"}],"twitter_card":"summary_large_image","twitter_misc":{"Dur\u00e9e de lecture estim\u00e9e":"1 minute"},"schema":{"@context":"https:\/\/schema.org","@graph":[{"@type":"WebPage","@id":"https:\/\/www.academiebelgium.be\/fr\/medaille-claude-delbeke\/","url":"https:\/\/www.academiebelgium.be\/fr\/medaille-claude-delbeke\/","name":"Medaille Claude Delbeke - Academy Belgium","isPartOf":{"@id":"https:\/\/www.academiebelgium.be\/nl\/#website"},"primaryImageOfPage":{"@id":"https:\/\/www.academiebelgium.be\/fr\/medaille-claude-delbeke\/#primaryimage"},"image":{"@id":"https:\/\/www.academiebelgium.be\/fr\/medaille-claude-delbeke\/#primaryimage"},"thumbnailUrl":"https:\/\/www.academiebelgium.be\/wp-content\/uploads\/2018\/10\/banner.jpg","datePublished":"2018-11-02T15:17:45+00:00","dateModified":"2023-03-05T21:42:04+00:00","breadcrumb":{"@id":"https:\/\/www.academiebelgium.be\/fr\/medaille-claude-delbeke\/#breadcrumb"},"inLanguage":"fr-FR","potentialAction":[{"@type":"ReadAction","target":["https:\/\/www.academiebelgium.be\/fr\/medaille-claude-delbeke\/"]}]},{"@type":"ImageObject","inLanguage":"fr-FR","@id":"https:\/\/www.academiebelgium.be\/fr\/medaille-claude-delbeke\/#primaryimage","url":"https:\/\/www.academiebelgium.be\/wp-content\/uploads\/2018\/10\/banner.jpg","contentUrl":"https:\/\/www.academiebelgium.be\/wp-content\/uploads\/2018\/10\/banner.jpg","width":1257,"height":400},{"@type":"BreadcrumbList","@id":"https:\/\/www.academiebelgium.be\/fr\/medaille-claude-delbeke\/#breadcrumb","itemListElement":[{"@type":"ListItem","position":1,"name":"Home","item":"https:\/\/www.academiebelgium.be\/fr\/home\/"},{"@type":"ListItem","position":2,"name":"Medaille Claude Delbeke"}]},{"@type":"WebSite","@id":"https:\/\/www.academiebelgium.be\/nl\/#website","url":"https:\/\/www.academiebelgium.be\/nl\/","name":"Academy Belgium","description":"Just another WordPress site","publisher":{"@id":"https:\/\/www.academiebelgium.be\/nl\/#organization"},"potentialAction":[{"@type":"SearchAction","target":{"@type":"EntryPoint","urlTemplate":"https:\/\/www.academiebelgium.be\/nl\/?s={search_term_string}"},"query-input":{"@type":"PropertyValueSpecification","valueRequired":true,"valueName":"search_term_string"}}],"inLanguage":"fr-FR"},{"@type":"Organization","@id":"https:\/\/www.academiebelgium.be\/nl\/#organization","name":"Academy Belgium","url":"https:\/\/www.academiebelgium.be\/nl\/","logo":{"@type":"ImageObject","inLanguage":"fr-FR","@id":"https:\/\/www.academiebelgium.be\/nl\/#\/schema\/logo\/image\/","url":"https:\/\/www.academiebelgium.be\/wp-content\/uploads\/2018\/10\/logo.png","contentUrl":"https:\/\/www.academiebelgium.be\/wp-content\/uploads\/2018\/10\/logo.png","width":125,"height":125,"caption":"Academy Belgium"},"image":{"@id":"https:\/\/www.academiebelgium.be\/nl\/#\/schema\/logo\/image\/"}}]}},"_links":{"self":[{"href":"https:\/\/www.academiebelgium.be\/fr\/wp-json\/wp\/v2\/pages\/386","targetHints":{"allow":["GET"]}}],"collection":[{"href":"https:\/\/www.academiebelgium.be\/fr\/wp-json\/wp\/v2\/pages"}],"about":[{"href":"https:\/\/www.academiebelgium.be\/fr\/wp-json\/wp\/v2\/types\/page"}],"author":[{"embeddable":true,"href":"https:\/\/www.academiebelgium.be\/fr\/wp-json\/wp\/v2\/users\/1"}],"replies":[{"embeddable":true,"href":"https:\/\/www.academiebelgium.be\/fr\/wp-json\/wp\/v2\/comments?post=386"}],"version-history":[{"count":2,"href":"https:\/\/www.academiebelgium.be\/fr\/wp-json\/wp\/v2\/pages\/386\/revisions"}],"predecessor-version":[{"id":4850,"href":"https:\/\/www.academiebelgium.be\/fr\/wp-json\/wp\/v2\/pages\/386\/revisions\/4850"}],"wp:featuredmedia":[{"embeddable":true,"href":"https:\/\/www.academiebelgium.be\/fr\/wp-json\/wp\/v2\/media\/88"}],"wp:attachment":[{"href":"https:\/\/www.academiebelgium.be\/fr\/wp-json\/wp\/v2\/media?parent=386"}],"curies":[{"name":"wp","href":"https:\/\/api.w.org\/{rel}","templated":true}]}}