{"id":4164,"date":"2021-03-04T08:38:55","date_gmt":"2021-03-04T08:38:55","guid":{"rendered":"https:\/\/www.academiebelgium.be\/?page_id=4164"},"modified":"2023-10-16T10:41:19","modified_gmt":"2023-10-16T10:41:19","slug":"discours-deloge","status":"publish","type":"page","link":"https:\/\/www.academiebelgium.be\/fr\/discours-deloge\/","title":{"rendered":"discours d&rsquo;\u00e9loge"},"content":{"rendered":"<p style=\"padding-left: 30px;\">Les discours de r\u00e9ception prononc\u00e9s jusqu&rsquo;en 2005 ont \u00e9t\u00e9 publi\u00e9s dans le \u00ab\u00a0Livre d&rsquo;Or de la Philat\u00e9lie Belge \u2013 40i\u00e8me anniversaire de l&rsquo;Acad\u00e9mie Royale de Philat\u00e9lie\u00a0\u00bb.<\/p>\n<p style=\"padding-left: 30px;\">Les discours prononc\u00e9s apr\u00e8s 2005 sont repris ici.<\/p>\n<ul>\n<li>20<span style=\"color: #000000;\">23\u00a0 \u00a0 <img loading=\"lazy\" decoding=\"async\" class=\"alignnone size-full wp-image-243\" src=\"https:\/\/www.academiebelgium.be\/wp-content\/uploads\/2018\/10\/icon-pdf.png\" alt=\"\" width=\"32\" height=\"37\" \/> \u00a0 \u00a0 \u00a0 <a href=\"https:\/\/www.academiebelgium.be\/wp-content\/uploads\/2023\/03\/Frans-Danneels-zetelrede.pdf\" target=\"_blank\" rel=\"noopener\">Zetel Si\u00e8ge <strong>Danneels Frans<\/strong><\/a><\/span><\/li>\n<li>20<span style=\"color: #000000;\">22\u00a0 \u00a0 <img loading=\"lazy\" decoding=\"async\" class=\"alignnone size-full wp-image-243\" src=\"https:\/\/www.academiebelgium.be\/wp-content\/uploads\/2018\/10\/icon-pdf.png\" alt=\"\" width=\"32\" height=\"37\" \/> \u00a0 \u00a0 \u00a0 <a style=\"color: #000000;\" href=\"https:\/\/www.academiebelgium.be\/wp-content\/uploads\/2022\/03\/Zetelrede-De-Dobbeleer-ABA.pdf\" target=\"_blank\" rel=\"noopener\">Zetel Si\u00e8ge <strong>De Dobbeleer Paul<\/strong><\/a><\/span><\/li>\n<li>20<span style=\"color: #000000;\">22\u00a0 \u00a0 <img loading=\"lazy\" decoding=\"async\" class=\"alignnone size-full wp-image-243\" src=\"https:\/\/www.academiebelgium.be\/wp-content\/uploads\/2018\/10\/icon-pdf.png\" alt=\"\" width=\"32\" height=\"37\" \/> \u00a0 \u00a0 \u00a0 <a style=\"color: #000000;\" href=\"https:\/\/www.academiebelgium.be\/wp-content\/uploads\/2022\/03\/ABA-discours-S-T-.pdf\" target=\"_blank\" rel=\"noopener\">Zetel Si\u00e8ge <strong>Toulieff Serge<\/strong><\/a><\/span><\/li>\n<li>20<span style=\"color: #000000;\">22\u00a0 \u00a0 <img loading=\"lazy\" decoding=\"async\" class=\"alignnone size-full wp-image-243\" src=\"https:\/\/www.academiebelgium.be\/wp-content\/uploads\/2018\/10\/icon-pdf.png\" alt=\"\" width=\"32\" height=\"37\" \/> \u00a0 \u00a0 \u00a0 <a style=\"color: #000000;\" href=\"https:\/\/www.academiebelgium.be\/wp-content\/uploads\/2022\/03\/Siege-Jean-VANHINGELAND.pdf\" target=\"_blank\" rel=\"noopener\">Zetel Si\u00e8ge <strong>Vanhingeland Jean<\/strong><\/a><\/span><\/li>\n<li>201<span style=\"color: #000000;\">9\u00a0 \u00a0 <img loading=\"lazy\" decoding=\"async\" class=\"alignnone size-full wp-image-243\" src=\"https:\/\/www.academiebelgium.be\/wp-content\/uploads\/2018\/10\/icon-pdf.png\" alt=\"\" width=\"32\" height=\"37\" \/> \u00a0 \u00a0 \u00a0 <a style=\"color: #000000;\" href=\"https:\/\/www.academiebelgium.be\/wp-content\/uploads\/2019\/04\/Zetel-Si\u00e8ge-Reynaerts-Ren\u00e9.pdf\">Zetel Si\u00e8ge <strong>Reynaerts Ren\u00e9<\/strong><\/a><\/span><\/li>\n<li>201<span style=\"color: #000000;\">9\u00a0 \u00a0 <img loading=\"lazy\" decoding=\"async\" class=\"alignnone size-full wp-image-243\" src=\"https:\/\/www.academiebelgium.be\/wp-content\/uploads\/2018\/10\/icon-pdf.png\" alt=\"\" width=\"32\" height=\"37\" \/> \u00a0 \u00a0 <span style=\"color: #000000;\">\u00a0<\/span><a style=\"color: #000000;\" href=\"https:\/\/www.academiebelgium.be\/wp-content\/uploads\/2019\/04\/Zetel-rede-George-Guyaux-NL.pdf\">Zetel\u00a0 Si\u00e8ge <strong>Guyaux George<\/strong><\/a><\/span><\/li>\n<li>2017\u00a0 \u00a0 \u00a0<span style=\"color: #000000;\"><img loading=\"lazy\" decoding=\"async\" class=\"alignnone wp-image-243\" src=\"https:\/\/www.academiebelgium.be\/wp-content\/uploads\/2018\/10\/icon-pdf.png\" alt=\"\" width=\"32\" height=\"37\" \/> \u00a0\u00a0 <a style=\"color: #000000;\" href=\"https:\/\/www.academiebelgium.be\/wp-content\/uploads\/2018\/12\/Zetel_Si\u00e8ge-Van_Landeghem.pdf\" target=\"_blank\" rel=\"noopener\">Zetel_Si\u00e8ge <strong>Van Landeghem Aim\u00e9<\/strong><\/a><\/span><\/li>\n<li>2016\u00a0 \u00a0 \u00a0<img loading=\"lazy\" decoding=\"async\" class=\"alignnone size-full wp-image-243\" src=\"https:\/\/www.academiebelgium.be\/wp-content\/uploads\/2018\/10\/icon-pdf.png\" alt=\"\" width=\"32\" height=\"37\" \/><span style=\"color: #000000;\"><a style=\"color: #000000;\" href=\"https:\/\/www.academiebelgium.be\/wp-content\/uploads\/2018\/12\/Zetel_Si\u00e8ge-Tavano.pdf\">\u00a0 \u00a0 \u00a0Zetel_Si\u00e8ge <strong>Tavano Leo<\/strong><\/a><\/span><\/li>\n<li>2015\u00a0 \u00a0 \u00a0<img loading=\"lazy\" decoding=\"async\" class=\"alignnone size-full wp-image-243\" src=\"https:\/\/www.academiebelgium.be\/wp-content\/uploads\/2018\/10\/icon-pdf.png\" alt=\"\" width=\"32\" height=\"37\" \/>\u00a0 \u00a0 \u00a0<span style=\"color: #000000;\"><a style=\"color: #000000;\" href=\"https:\/\/www.academiebelgium.be\/wp-content\/uploads\/2018\/12\/Zetel_Si\u00e8ge-Deneumostier-Eliane.pdf\">Zetel_Si\u00e8ge <strong>Deneumostier Eliane<\/strong><\/a><\/span><\/li>\n<li>2015\u00a0 \u00a0 \u00a0<img loading=\"lazy\" decoding=\"async\" class=\"alignnone size-full wp-image-243\" src=\"https:\/\/www.academiebelgium.be\/wp-content\/uploads\/2018\/10\/icon-pdf.png\" alt=\"\" width=\"32\" height=\"37\" \/>\u00a0 \u00a0 \u00a0<span style=\"color: #000000;\"><a style=\"color: #000000;\" href=\"https:\/\/www.academiebelgium.be\/wp-content\/uploads\/2018\/12\/Zetel_Siege-Lebrun-Marc.pdf\">Zetel_Siege <strong>Lebrun Marc<\/strong><\/a><\/span><\/li>\n<li>2015\u00a0 \u00a0 \u00a0<img loading=\"lazy\" decoding=\"async\" class=\"alignnone size-full wp-image-243\" src=\"https:\/\/www.academiebelgium.be\/wp-content\/uploads\/2018\/10\/icon-pdf.png\" alt=\"\" width=\"32\" height=\"37\" \/>\u00a0 \u00a0 \u00a0<span style=\"color: #000000;\"><a style=\"color: #000000;\" href=\"https:\/\/www.academiebelgium.be\/wp-content\/uploads\/2018\/12\/Zetel_Siege-Oth-Jean-2.pdf\">Zetel_Siege <strong>Oth Jean<\/strong><\/a><\/span><\/li>\n<li>2015\u00a0 \u00a0 \u00a0<img loading=\"lazy\" decoding=\"async\" class=\"alignnone size-full wp-image-243\" src=\"https:\/\/www.academiebelgium.be\/wp-content\/uploads\/2018\/10\/icon-pdf.png\" alt=\"\" width=\"32\" height=\"37\" \/>\u00a0 \u00a0 \u00a0<span style=\"color: #000000;\"><a style=\"color: #000000;\" href=\"https:\/\/www.academiebelgium.be\/wp-content\/uploads\/2018\/12\/Zetel_Si\u00e8ge_Jonsen-Daniel.pdf\">Zetel_Si\u00e8ge\u00a0<strong>Jonsen Daniel<\/strong><\/a><\/span><\/li>\n<li>2014\u00a0 \u00a0 \u00a0<img loading=\"lazy\" decoding=\"async\" class=\"alignnone size-full wp-image-243\" src=\"https:\/\/www.academiebelgium.be\/wp-content\/uploads\/2018\/10\/icon-pdf.png\" alt=\"\" width=\"32\" height=\"37\" \/>\u00a0 \u00a0 \u00a0<span style=\"color: #000000;\"><a style=\"color: #000000;\" href=\"https:\/\/www.academiebelgium.be\/wp-content\/uploads\/2018\/12\/Zetel_Siege_Decr\u00e9-Andr\u00e9.pdf\">Zetel_Siege\u00a0<strong>Decr\u00e9 Andr\u00e9<\/strong><\/a><\/span><\/li>\n<li>2013\u00a0 \u00a0 \u00a0<img loading=\"lazy\" decoding=\"async\" class=\"alignnone size-full wp-image-243\" src=\"https:\/\/www.academiebelgium.be\/wp-content\/uploads\/2018\/10\/icon-pdf.png\" alt=\"\" width=\"32\" height=\"37\" \/>\u00a0 \u00a0 \u00a0<span style=\"color: #000000;\"><a style=\"color: #000000;\" href=\"https:\/\/www.academiebelgium.be\/wp-content\/uploads\/2018\/12\/Zetel_Si\u00e8ge-Major-Walter.pdf\">Zetel_Si\u00e8ge <strong>Major Walter<\/strong><\/a><\/span><\/li>\n<li>2013\u00a0 \u00a0 \u00a0<img loading=\"lazy\" decoding=\"async\" class=\"alignnone size-full wp-image-243\" src=\"https:\/\/www.academiebelgium.be\/wp-content\/uploads\/2018\/10\/icon-pdf.png\" alt=\"\" width=\"32\" height=\"37\" \/>\u00a0 \u00a0 \u00a0<span style=\"color: #000000;\"><a style=\"color: #000000;\" href=\"https:\/\/www.academiebelgium.be\/wp-content\/uploads\/2018\/12\/Zetel_Siege-Van-der-Mullen-Marcel.pdf\">Zetel_Siege <strong>Van der Mullen Marcel<\/strong><\/a><\/span><\/li>\n<li>2012\u00a0 \u00a0 \u00a0<img loading=\"lazy\" decoding=\"async\" class=\"alignnone size-full wp-image-243\" src=\"https:\/\/www.academiebelgium.be\/wp-content\/uploads\/2018\/10\/icon-pdf.png\" alt=\"\" width=\"32\" height=\"37\" \/>\u00a0 \u00a0 \u00a0<span style=\"color: #000000;\"><a style=\"color: #000000;\" href=\"https:\/\/www.academiebelgium.be\/wp-content\/uploads\/2018\/12\/Zetel_Si\u00e8ge-Boulet-Jacques.pdf\">Zetel_Si\u00e8ge <strong>Boulet Jacques<\/strong><\/a><\/span><\/li>\n<li>2010\u00a0 \u00a0 \u00a0<img loading=\"lazy\" decoding=\"async\" class=\"alignnone size-full wp-image-243\" src=\"https:\/\/www.academiebelgium.be\/wp-content\/uploads\/2018\/10\/icon-pdf.png\" alt=\"\" width=\"32\" height=\"37\" \/>\u00a0 \u00a0 \u00a0<span style=\"color: #000000;\"><a style=\"color: #000000;\" href=\"https:\/\/www.academiebelgium.be\/wp-content\/uploads\/2018\/12\/Zetel_Si\u00e8ge-Van_Rompay-Ren\u00e9.pdf\">Zetel_Si\u00e8ge <strong>Van_Rompay Ren\u00e9<\/strong><\/a><\/span><\/li>\n<li>2009\u00a0 \u00a0 \u00a0<img loading=\"lazy\" decoding=\"async\" class=\"alignnone size-full wp-image-243\" src=\"https:\/\/www.academiebelgium.be\/wp-content\/uploads\/2018\/10\/icon-pdf.png\" alt=\"\" width=\"32\" height=\"37\" \/>\u00a0 \u00a0 \u00a0<span style=\"color: #000000;\"><a style=\"color: #000000;\" href=\"https:\/\/www.academiebelgium.be\/wp-content\/uploads\/2018\/12\/Zetel_Si\u00e8ge-De-Troyer-Frans.pdf\">Zetel_Si\u00e8ge <strong>De Troyer Frans<\/strong><\/a><\/span><\/li>\n<li>2008\u00a0 \u00a0 \u00a0<img loading=\"lazy\" decoding=\"async\" class=\"alignnone size-full wp-image-243\" src=\"https:\/\/www.academiebelgium.be\/wp-content\/uploads\/2018\/10\/icon-pdf.png\" alt=\"\" width=\"32\" height=\"37\" \/>\u00a0 \u00a0 \u00a0<span style=\"color: #000000;\"><a style=\"color: #000000;\" href=\"https:\/\/www.academiebelgium.be\/wp-content\/uploads\/2018\/12\/Zetel_Si\u00e8ge-Thiry-Emile.pdf\">Zetel_Si\u00e8ge <strong>Thiry Emile<\/strong><\/a><\/span><\/li>\n<li>2007\u00a0 \u00a0 \u00a0<img loading=\"lazy\" decoding=\"async\" class=\"alignnone size-full wp-image-243\" src=\"https:\/\/www.academiebelgium.be\/wp-content\/uploads\/2018\/10\/icon-pdf.png\" alt=\"\" width=\"32\" height=\"37\" \/>\u00a0 \u00a0 \u00a0<span style=\"color: #000000;\"><a style=\"color: #000000;\" href=\"https:\/\/www.academiebelgium.be\/wp-content\/uploads\/2018\/12\/Zetel_Si\u00e8ge-Van-de-Veire-Hugo.pdf\">Zetel_Si\u00e8ge <strong>Van de Veire Hugo<\/strong><\/a><\/span><\/li>\n<li>2006\u00a0 \u00a0 \u00a0<img loading=\"lazy\" decoding=\"async\" class=\"alignnone size-full wp-image-243\" src=\"https:\/\/www.academiebelgium.be\/wp-content\/uploads\/2018\/10\/icon-pdf.png\" alt=\"\" width=\"32\" height=\"37\" \/>\u00a0 \u00a0 \u00a0<span style=\"color: #000000;\"><a style=\"color: #000000;\" href=\"https:\/\/www.academiebelgium.be\/wp-content\/uploads\/2018\/12\/Zetel_Si\u00e8ge-Van-Roye-Hendrik-Ferdinand.pdf\">Zetel_Si\u00e8ge <strong>Van Roye Hendrik-Ferdinand<\/strong><\/a><\/span><\/li>\n<li>2001 &#8211; 2005\u00a0 \u00a0 \u00a0<img loading=\"lazy\" decoding=\"async\" class=\"alignnone size-full wp-image-243\" src=\"https:\/\/www.academiebelgium.be\/wp-content\/uploads\/2018\/10\/icon-pdf.png\" alt=\"\" width=\"32\" height=\"37\" \/>\u00a0 \u00a0 \u00a0<a href=\"https:\/\/www.academiebelgium.be\/wp-content\/uploads\/2023\/10\/2001-2005.pdf\" target=\"_blank\" rel=\"noopener\"><strong><span style=\"color: #000000;\">Zetels_Si\u00e8ges<\/span><\/strong><\/a><\/li>\n<li>1994 &#8211; 2000\u00a0 \u00a0 <img loading=\"lazy\" decoding=\"async\" class=\"alignnone size-full wp-image-243\" src=\"https:\/\/www.academiebelgium.be\/wp-content\/uploads\/2018\/10\/icon-pdf.png\" alt=\"\" width=\"32\" height=\"37\" \/>\u00a0 \u00a0 \u00a0<a href=\"https:\/\/www.academiebelgium.be\/wp-content\/uploads\/2023\/10\/1994-2000.pdf\" target=\"_blank\" rel=\"noopener\"><strong><span style=\"color: #000000;\">Zetels_Si\u00e8ges<\/span><\/strong><\/a><\/li>\n<li>1985 &#8211; 1993\u00a0 \u00a0 <img loading=\"lazy\" decoding=\"async\" class=\"alignnone size-full wp-image-243\" src=\"https:\/\/www.academiebelgium.be\/wp-content\/uploads\/2018\/10\/icon-pdf.png\" alt=\"\" width=\"32\" height=\"37\" \/>\u00a0 \u00a0 \u00a0<a href=\"https:\/\/www.academiebelgium.be\/wp-content\/uploads\/2023\/10\/1985-1993.pdf\" target=\"_blank\" rel=\"noopener\"><strong><span style=\"color: #000000;\">Zetels_Si\u00e8ges<\/span><\/strong><\/a><\/li>\n<li>1971 &#8211; 1984\u00a0 \u00a0 <img loading=\"lazy\" decoding=\"async\" class=\"alignnone size-full wp-image-243\" src=\"https:\/\/www.academiebelgium.be\/wp-content\/uploads\/2018\/10\/icon-pdf.png\" alt=\"\" width=\"32\" height=\"37\" \/>\u00a0 \u00a0 \u00a0<a href=\"https:\/\/www.academiebelgium.be\/wp-content\/uploads\/2023\/10\/1971-1984.pdf\" target=\"_blank\" rel=\"noopener\"><strong><span style=\"color: #000000;\">Zetels_Si\u00e8ges<\/span><\/strong><\/a><\/li>\n<li>1967 &#8211; 1970\u00a0 \u00a0 <img loading=\"lazy\" decoding=\"async\" class=\"alignnone size-full wp-image-243\" src=\"https:\/\/www.academiebelgium.be\/wp-content\/uploads\/2018\/10\/icon-pdf.png\" alt=\"\" width=\"32\" height=\"37\" \/>\u00a0 \u00a0 \u00a0<a href=\"https:\/\/www.academiebelgium.be\/wp-content\/uploads\/2023\/10\/1967-1970.pdf\" target=\"_blank\" rel=\"noopener\"><strong><span style=\"color: #000000;\">Zetels_Si\u00e8ges<\/span><\/strong><\/a><\/li>\n<\/ul>\n","protected":false},"excerpt":{"rendered":"<p>Les discours de r\u00e9ception prononc\u00e9s jusqu&rsquo;en 2005 ont \u00e9t\u00e9 publi\u00e9s dans le \u00ab\u00a0Livre d&rsquo;Or de la Philat\u00e9lie Belge \u2013 40i\u00e8me anniversaire de l&rsquo;Acad\u00e9mie Royale de Philat\u00e9lie\u00a0\u00bb. Les discours prononc\u00e9s apr\u00e8s 2005 sont repris ici. 2023\u00a0 \u00a0 \u00a0 \u00a0 \u00a0 Zetel Si\u00e8ge Danneels Frans 2022\u00a0 \u00a0 \u00a0 \u00a0 \u00a0 Zetel Si\u00e8ge De Dobbeleer Paul 2022\u00a0 \u00a0 [&hellip;]<\/p>\n","protected":false},"author":1,"featured_media":0,"parent":0,"menu_order":0,"comment_status":"closed","ping_status":"closed","template":"","meta":{"_acf_changed":false,"_exactmetrics_skip_tracking":false,"_exactmetrics_sitenote_active":false,"_exactmetrics_sitenote_note":"","_exactmetrics_sitenote_category":0,"footnotes":""},"class_list":["post-4164","page","type-page","status-publish","hentry"],"acf":[],"yoast_head":"<!-- This site is optimized with the Yoast SEO plugin v27.0 - https:\/\/yoast.com\/product\/yoast-seo-wordpress\/ -->\n<title>discours d&#039;\u00e9loge - Academy Belgium<\/title>\n<meta name=\"robots\" content=\"index, follow, max-snippet:-1, max-image-preview:large, max-video-preview:-1\" \/>\n<link rel=\"canonical\" href=\"https:\/\/www.academiebelgium.be\/fr\/discours-deloge\/\" \/>\n<meta property=\"og:locale\" content=\"fr_FR\" \/>\n<meta property=\"og:type\" content=\"article\" \/>\n<meta property=\"og:title\" content=\"discours d&#039;\u00e9loge - Academy Belgium\" \/>\n<meta property=\"og:description\" content=\"Les discours de r\u00e9ception prononc\u00e9s jusqu&rsquo;en 2005 ont \u00e9t\u00e9 publi\u00e9s dans le \u00ab\u00a0Livre d&rsquo;Or de la Philat\u00e9lie Belge \u2013 40i\u00e8me anniversaire de l&rsquo;Acad\u00e9mie Royale de Philat\u00e9lie\u00a0\u00bb. Les discours prononc\u00e9s apr\u00e8s 2005 sont repris ici. 2023\u00a0 \u00a0 \u00a0 \u00a0 \u00a0 Zetel Si\u00e8ge Danneels Frans 2022\u00a0 \u00a0 \u00a0 \u00a0 \u00a0 Zetel Si\u00e8ge De Dobbeleer Paul 2022\u00a0 \u00a0 [&hellip;]\" \/>\n<meta property=\"og:url\" content=\"https:\/\/www.academiebelgium.be\/fr\/discours-deloge\/\" \/>\n<meta property=\"og:site_name\" content=\"Academy Belgium\" \/>\n<meta property=\"article:modified_time\" content=\"2023-10-16T10:41:19+00:00\" \/>\n<meta property=\"og:image\" content=\"https:\/\/www.academiebelgium.be\/wp-content\/uploads\/2018\/10\/icon-pdf.png\" \/>\n<meta name=\"twitter:card\" content=\"summary_large_image\" \/>\n<meta name=\"twitter:label1\" content=\"Dur\u00e9e de lecture estim\u00e9e\" \/>\n\t<meta name=\"twitter:data1\" content=\"6 minutes\" \/>\n<script type=\"application\/ld+json\" class=\"yoast-schema-graph\">{\"@context\":\"https:\/\/schema.org\",\"@graph\":[{\"@type\":\"WebPage\",\"@id\":\"https:\/\/www.academiebelgium.be\/fr\/discours-deloge\/\",\"url\":\"https:\/\/www.academiebelgium.be\/fr\/discours-deloge\/\",\"name\":\"discours d'\u00e9loge - Academy Belgium\",\"isPartOf\":{\"@id\":\"https:\/\/www.academiebelgium.be\/nl\/#website\"},\"primaryImageOfPage\":{\"@id\":\"https:\/\/www.academiebelgium.be\/fr\/discours-deloge\/#primaryimage\"},\"image\":{\"@id\":\"https:\/\/www.academiebelgium.be\/fr\/discours-deloge\/#primaryimage\"},\"thumbnailUrl\":\"https:\/\/www.academiebelgium.be\/wp-content\/uploads\/2018\/10\/icon-pdf.png\",\"datePublished\":\"2021-03-04T08:38:55+00:00\",\"dateModified\":\"2023-10-16T10:41:19+00:00\",\"breadcrumb\":{\"@id\":\"https:\/\/www.academiebelgium.be\/fr\/discours-deloge\/#breadcrumb\"},\"inLanguage\":\"fr-FR\",\"potentialAction\":[{\"@type\":\"ReadAction\",\"target\":[\"https:\/\/www.academiebelgium.be\/fr\/discours-deloge\/\"]}]},{\"@type\":\"ImageObject\",\"inLanguage\":\"fr-FR\",\"@id\":\"https:\/\/www.academiebelgium.be\/fr\/discours-deloge\/#primaryimage\",\"url\":\"https:\/\/www.academiebelgium.be\/wp-content\/uploads\/2018\/10\/icon-pdf.png\",\"contentUrl\":\"https:\/\/www.academiebelgium.be\/wp-content\/uploads\/2018\/10\/icon-pdf.png\"},{\"@type\":\"BreadcrumbList\",\"@id\":\"https:\/\/www.academiebelgium.be\/fr\/discours-deloge\/#breadcrumb\",\"itemListElement\":[{\"@type\":\"ListItem\",\"position\":1,\"name\":\"Home\",\"item\":\"https:\/\/www.academiebelgium.be\/fr\/home\/\"},{\"@type\":\"ListItem\",\"position\":2,\"name\":\"discours d&#8217;\u00e9loge\"}]},{\"@type\":\"WebSite\",\"@id\":\"https:\/\/www.academiebelgium.be\/nl\/#website\",\"url\":\"https:\/\/www.academiebelgium.be\/nl\/\",\"name\":\"Academy Belgium\",\"description\":\"Just another WordPress site\",\"publisher\":{\"@id\":\"https:\/\/www.academiebelgium.be\/nl\/#organization\"},\"potentialAction\":[{\"@type\":\"SearchAction\",\"target\":{\"@type\":\"EntryPoint\",\"urlTemplate\":\"https:\/\/www.academiebelgium.be\/nl\/?s={search_term_string}\"},\"query-input\":{\"@type\":\"PropertyValueSpecification\",\"valueRequired\":true,\"valueName\":\"search_term_string\"}}],\"inLanguage\":\"fr-FR\"},{\"@type\":\"Organization\",\"@id\":\"https:\/\/www.academiebelgium.be\/nl\/#organization\",\"name\":\"Academy Belgium\",\"url\":\"https:\/\/www.academiebelgium.be\/nl\/\",\"logo\":{\"@type\":\"ImageObject\",\"inLanguage\":\"fr-FR\",\"@id\":\"https:\/\/www.academiebelgium.be\/nl\/#\/schema\/logo\/image\/\",\"url\":\"https:\/\/www.academiebelgium.be\/wp-content\/uploads\/2018\/10\/logo.png\",\"contentUrl\":\"https:\/\/www.academiebelgium.be\/wp-content\/uploads\/2018\/10\/logo.png\",\"width\":125,\"height\":125,\"caption\":\"Academy Belgium\"},\"image\":{\"@id\":\"https:\/\/www.academiebelgium.be\/nl\/#\/schema\/logo\/image\/\"}}]}<\/script>\n<!-- \/ Yoast SEO plugin. -->","yoast_head_json":{"title":"discours d'\u00e9loge - Academy Belgium","robots":{"index":"index","follow":"follow","max-snippet":"max-snippet:-1","max-image-preview":"max-image-preview:large","max-video-preview":"max-video-preview:-1"},"canonical":"https:\/\/www.academiebelgium.be\/fr\/discours-deloge\/","og_locale":"fr_FR","og_type":"article","og_title":"discours d'\u00e9loge - Academy Belgium","og_description":"Les discours de r\u00e9ception prononc\u00e9s jusqu&rsquo;en 2005 ont \u00e9t\u00e9 publi\u00e9s dans le \u00ab\u00a0Livre d&rsquo;Or de la Philat\u00e9lie Belge \u2013 40i\u00e8me anniversaire de l&rsquo;Acad\u00e9mie Royale de Philat\u00e9lie\u00a0\u00bb. Les discours prononc\u00e9s apr\u00e8s 2005 sont repris ici. 2023\u00a0 \u00a0 \u00a0 \u00a0 \u00a0 Zetel Si\u00e8ge Danneels Frans 2022\u00a0 \u00a0 \u00a0 \u00a0 \u00a0 Zetel Si\u00e8ge De Dobbeleer Paul 2022\u00a0 \u00a0 [&hellip;]","og_url":"https:\/\/www.academiebelgium.be\/fr\/discours-deloge\/","og_site_name":"Academy Belgium","article_modified_time":"2023-10-16T10:41:19+00:00","og_image":[{"url":"https:\/\/www.academiebelgium.be\/wp-content\/uploads\/2018\/10\/icon-pdf.png","type":"","width":"","height":""}],"twitter_card":"summary_large_image","twitter_misc":{"Dur\u00e9e de lecture estim\u00e9e":"6 minutes"},"schema":{"@context":"https:\/\/schema.org","@graph":[{"@type":"WebPage","@id":"https:\/\/www.academiebelgium.be\/fr\/discours-deloge\/","url":"https:\/\/www.academiebelgium.be\/fr\/discours-deloge\/","name":"discours d'\u00e9loge - Academy Belgium","isPartOf":{"@id":"https:\/\/www.academiebelgium.be\/nl\/#website"},"primaryImageOfPage":{"@id":"https:\/\/www.academiebelgium.be\/fr\/discours-deloge\/#primaryimage"},"image":{"@id":"https:\/\/www.academiebelgium.be\/fr\/discours-deloge\/#primaryimage"},"thumbnailUrl":"https:\/\/www.academiebelgium.be\/wp-content\/uploads\/2018\/10\/icon-pdf.png","datePublished":"2021-03-04T08:38:55+00:00","dateModified":"2023-10-16T10:41:19+00:00","breadcrumb":{"@id":"https:\/\/www.academiebelgium.be\/fr\/discours-deloge\/#breadcrumb"},"inLanguage":"fr-FR","potentialAction":[{"@type":"ReadAction","target":["https:\/\/www.academiebelgium.be\/fr\/discours-deloge\/"]}]},{"@type":"ImageObject","inLanguage":"fr-FR","@id":"https:\/\/www.academiebelgium.be\/fr\/discours-deloge\/#primaryimage","url":"https:\/\/www.academiebelgium.be\/wp-content\/uploads\/2018\/10\/icon-pdf.png","contentUrl":"https:\/\/www.academiebelgium.be\/wp-content\/uploads\/2018\/10\/icon-pdf.png"},{"@type":"BreadcrumbList","@id":"https:\/\/www.academiebelgium.be\/fr\/discours-deloge\/#breadcrumb","itemListElement":[{"@type":"ListItem","position":1,"name":"Home","item":"https:\/\/www.academiebelgium.be\/fr\/home\/"},{"@type":"ListItem","position":2,"name":"discours d&#8217;\u00e9loge"}]},{"@type":"WebSite","@id":"https:\/\/www.academiebelgium.be\/nl\/#website","url":"https:\/\/www.academiebelgium.be\/nl\/","name":"Academy Belgium","description":"Just another WordPress site","publisher":{"@id":"https:\/\/www.academiebelgium.be\/nl\/#organization"},"potentialAction":[{"@type":"SearchAction","target":{"@type":"EntryPoint","urlTemplate":"https:\/\/www.academiebelgium.be\/nl\/?s={search_term_string}"},"query-input":{"@type":"PropertyValueSpecification","valueRequired":true,"valueName":"search_term_string"}}],"inLanguage":"fr-FR"},{"@type":"Organization","@id":"https:\/\/www.academiebelgium.be\/nl\/#organization","name":"Academy Belgium","url":"https:\/\/www.academiebelgium.be\/nl\/","logo":{"@type":"ImageObject","inLanguage":"fr-FR","@id":"https:\/\/www.academiebelgium.be\/nl\/#\/schema\/logo\/image\/","url":"https:\/\/www.academiebelgium.be\/wp-content\/uploads\/2018\/10\/logo.png","contentUrl":"https:\/\/www.academiebelgium.be\/wp-content\/uploads\/2018\/10\/logo.png","width":125,"height":125,"caption":"Academy Belgium"},"image":{"@id":"https:\/\/www.academiebelgium.be\/nl\/#\/schema\/logo\/image\/"}}]}},"_links":{"self":[{"href":"https:\/\/www.academiebelgium.be\/fr\/wp-json\/wp\/v2\/pages\/4164","targetHints":{"allow":["GET"]}}],"collection":[{"href":"https:\/\/www.academiebelgium.be\/fr\/wp-json\/wp\/v2\/pages"}],"about":[{"href":"https:\/\/www.academiebelgium.be\/fr\/wp-json\/wp\/v2\/types\/page"}],"author":[{"embeddable":true,"href":"https:\/\/www.academiebelgium.be\/fr\/wp-json\/wp\/v2\/users\/1"}],"replies":[{"embeddable":true,"href":"https:\/\/www.academiebelgium.be\/fr\/wp-json\/wp\/v2\/comments?post=4164"}],"version-history":[{"count":12,"href":"https:\/\/www.academiebelgium.be\/fr\/wp-json\/wp\/v2\/pages\/4164\/revisions"}],"predecessor-version":[{"id":5036,"href":"https:\/\/www.academiebelgium.be\/fr\/wp-json\/wp\/v2\/pages\/4164\/revisions\/5036"}],"wp:attachment":[{"href":"https:\/\/www.academiebelgium.be\/fr\/wp-json\/wp\/v2\/media?parent=4164"}],"curies":[{"name":"wp","href":"https:\/\/api.w.org\/{rel}","templated":true}]}}