{"id":561,"date":"2018-11-12T15:06:06","date_gmt":"2018-11-12T15:06:06","guid":{"rendered":"https:\/\/www.academiebelgium.be\/sitemap\/"},"modified":"2018-11-22T11:17:43","modified_gmt":"2018-11-22T11:17:43","slug":"sitemap","status":"publish","type":"page","link":"https:\/\/www.academiebelgium.be\/fr\/sitemap\/","title":{"rendered":"Sitemap"},"content":{"rendered":"<div class=\"wsp-container\"><h2 class=\"wsp-pages-title\">Pages<\/h2>\n<ul class=\"wsp-pages-list\">\n<li class=\"page_item page-item-367\"><a href=\"https:\/\/www.academiebelgium.be\/fr\/awards\/\">AWARDS<\/a><\/li>\n<li class=\"page_item page-item-415 page_item_has_children\"><a href=\"https:\/\/www.academiebelgium.be\/fr\/bibliotheque\/\">Biblioth\u00e8que<\/a>\n<ul class='children'>\n\t<li class=\"page_item page-item-4173\"><a href=\"https:\/\/www.academiebelgium.be\/fr\/bibliotheque\/bibliotheque-aba\/\">Biblioth\u00e8que ABA<\/a><\/li>\n\t<li class=\"page_item page-item-4176\"><a href=\"https:\/\/www.academiebelgium.be\/fr\/bibliotheque\/conventions-postales\/\">Conventions Postales<\/a><\/li>\n<\/ul>\n<\/li>\n<li class=\"page_item page-item-275\"><a href=\"https:\/\/www.academiebelgium.be\/fr\/innerpage\/\">Binnenpagina<\/a><\/li>\n<li class=\"page_item page-item-3678\"><a href=\"https:\/\/www.academiebelgium.be\/fr\/dates\/\">Bon \u00e0 savoir&#8230;<\/a><\/li>\n<li class=\"page_item page-item-416\"><a href=\"https:\/\/www.academiebelgium.be\/fr\/contact\/\">Contact<\/a><\/li>\n<li class=\"page_item page-item-524\"><a href=\"https:\/\/www.academiebelgium.be\/fr\/cookie-policy\/\">Cookie policy<\/a><\/li>\n<li class=\"page_item page-item-4164\"><a href=\"https:\/\/www.academiebelgium.be\/fr\/discours-deloge\/\">discours d&rsquo;\u00e9loge<\/a><\/li>\n<li class=\"page_item page-item-374\"><a href=\"https:\/\/www.academiebelgium.be\/fr\/e-boeken\/\">E-Boeken<\/a><\/li>\n<li class=\"page_item page-item-4182\"><a href=\"https:\/\/www.academiebelgium.be\/fr\/editions-aba\/\">Editions ABA<\/a><\/li>\n<li class=\"page_item page-item-1869\"><a href=\"https:\/\/www.academiebelgium.be\/fr\/editions-membres\/\">Editions Membres<\/a><\/li>\n<li class=\"page_item page-item-352\"><a href=\"https:\/\/www.academiebelgium.be\/fr\/histoire\/\">HISTOIRE DE L&rsquo;ACAD\u00c9MIE<\/a><\/li>\n<li class=\"page_item page-item-34\"><a href=\"https:\/\/www.academiebelgium.be\/fr\/\">Home<\/a><\/li>\n<li class=\"page_item page-item-362\"><a href=\"https:\/\/www.academiebelgium.be\/fr\/links\/\">Links<\/a><\/li>\n<li class=\"page_item page-item-1376 page_item_has_children\"><a href=\"https:\/\/www.academiebelgium.be\/fr\/literature\/\">Litt\u00e9rature<\/a>\n<ul class='children'>\n\t<li class=\"page_item page-item-1382\"><a href=\"https:\/\/www.academiebelgium.be\/fr\/literature\/articles\/\">Articles<\/a><\/li>\n\t<li class=\"page_item page-item-1380\"><a href=\"https:\/\/www.academiebelgium.be\/fr\/literature\/livres\/\">Livres<\/a><\/li>\n\t<li class=\"page_item page-item-4194\"><a href=\"https:\/\/www.academiebelgium.be\/fr\/literature\/livres-electroniques\/\">Livres \u00e9l\u00e9ctroniques<\/a><\/li>\n<\/ul>\n<\/li>\n<li class=\"page_item page-item-4179\"><a href=\"https:\/\/www.academiebelgium.be\/fr\/livres\/\">Livres<\/a><\/li>\n<li class=\"page_item page-item-355\"><a href=\"https:\/\/www.academiebelgium.be\/fr\/lpb-magazine\/\">LPB MAGAZINE<\/a><\/li>\n<li class=\"page_item page-item-386\"><a href=\"https:\/\/www.academiebelgium.be\/fr\/medaille-claude-delbeke\/\">Medaille Claude Delbeke<\/a><\/li>\n<li class=\"page_item page-item-4168\"><a href=\"https:\/\/www.academiebelgium.be\/fr\/obliterations-provisoire-14-18\/\">Obliterations Provisoire \u201914-\u201918<\/a><\/li>\n<li class=\"page_item page-item-4161\"><a href=\"https:\/\/www.academiebelgium.be\/fr\/organigram-aba\/\">Organigramme ABA<\/a><\/li>\n<li class=\"page_item page-item-4185\"><a href=\"https:\/\/www.academiebelgium.be\/fr\/philahistoire\/\">PhilaHistoire<\/a><\/li>\n<li class=\"page_item page-item-3821\"><a href=\"https:\/\/www.academiebelgium.be\/fr\/pptx-fr\/\">Powerpoints<\/a><\/li>\n<li class=\"page_item page-item-529\"><a href=\"https:\/\/www.academiebelgium.be\/fr\/privacy-policy\/\">Privacy policy<\/a><\/li>\n<li class=\"page_item page-item-385\"><a href=\"https:\/\/www.academiebelgium.be\/fr\/jacques-boulet-prijs\/\">Prix Jacques Boulet<\/a><\/li>\n<li class=\"page_item page-item-360\"><a href=\"https:\/\/www.academiebelgium.be\/fr\/projets\/\">Projets<\/a><\/li>\n<li class=\"page_item page-item-368\"><a href=\"https:\/\/www.academiebelgium.be\/fr\/publicaties\/\">Publicaties<\/a><\/li>\n<li class=\"page_item page-item-2788\"><a href=\"https:\/\/www.academiebelgium.be\/fr\/qa\/\">Q&#038;A<\/a><\/li>\n<li class=\"page_item page-item-378\"><a href=\"https:\/\/www.academiebelgium.be\/fr\/verslagen\/\">Rapport R\u00e9unions<\/a><\/li>\n<li class=\"page_item page-item-3757\"><a href=\"https:\/\/www.academiebelgium.be\/fr\/cachets-fortunes-ww1\/\">R\u00c9ORGANISATION DE LA POSTE BELGE APR\u00c8S LA 1\u00c8RE GUERRE MONDIALE<\/a><\/li>\n<li class=\"page_item page-item-410\"><a href=\"https:\/\/www.academiebelgium.be\/fr\/chercher\/\">R\u00e9sultats<\/a><\/li>\n<li class=\"page_item page-item-380\"><a href=\"https:\/\/www.academiebelgium.be\/fr\/resumes-conferences\/\">R\u00e9sumes Conf\u00e9rences<\/a><\/li>\n<li class=\"page_item page-item-561\"><a href=\"https:\/\/www.academiebelgium.be\/fr\/sitemap\/\">Sitemap<\/a><\/li>\n<li class=\"page_item page-item-3537\"><a href=\"https:\/\/www.academiebelgium.be\/fr\/testing\/\">Testing<\/a><\/li>\n<li class=\"page_item page-item-3581\"><a href=\"https:\/\/www.academiebelgium.be\/fr\/zoom\/\">Zoom<\/a><\/li>\n<\/ul>\n<\/div>\n<div class=\"wsp-container\"><h2 class=\"wsp-eventss-title\">Agenda<\/h2>\n<ul class=\"wsp-eventss-list\">\n<li><a href=\"https:\/\/www.academiebelgium.be\/fr\/evenements\/agenda\/\">AGENDA<\/a><\/li>\n<\/ul>\n<\/div>\n<div class=\"wsp-container\"><h2 class=\"wsp-newss-title\">Nouvelles<\/h2>\n<ul class=\"wsp-newss-list\">\n<li><a href=\"https:\/\/www.academiebelgium.be\/fr\/nouvelles\/invitation-reunion-samedie-2-mai-2026\/\">Invitation r\u00e9union samedie 2 mai 2026<\/a><\/li>\n<li><a href=\"https:\/\/www.academiebelgium.be\/fr\/nouvelles\/invitation-reunion-samedie-14-mars-2026\/\">Invitation r\u00e9union samedie 14 mars 2026<\/a><\/li>\n<li><a href=\"https:\/\/www.academiebelgium.be\/fr\/nouvelles\/invitation-reunion-samedie-24-janvier-2026\/\">Invitation r\u00e9union samedie 24 janvier 2026<\/a><\/li>\n<li><a href=\"https:\/\/www.academiebelgium.be\/fr\/nouvelles\/deces-michel-meuwis\/\">d\u00e9c\u00e8s Michel Meuwis<\/a><\/li>\n<li><a href=\"https:\/\/www.academiebelgium.be\/fr\/nouvelles\/a-i-j-p\/\">A.I.J.P. (Association Internationale des Journalistes Philat\u00e9liques)<\/a><\/li>\n<li><a href=\"https:\/\/www.academiebelgium.be\/fr\/nouvelles\/invitation-reunion-samedie-29-novembre-2025\/\">Invitation r\u00e9union samedie 29 novembre  2025<\/a><\/li>\n<li><a href=\"https:\/\/www.academiebelgium.be\/fr\/nouvelles\/27-09-2025\/\">Invitation r\u00e9union samedie 27 september 2025<\/a><\/li>\n<li><a href=\"https:\/\/www.academiebelgium.be\/fr\/nouvelles\/exposition-competitive-regionale-le-18-octobre-2025-a-dinant\/\">exposition comp\u00e9titive r\u00e9gionale le 18 octobre 2025 \u00e0 Dinant<\/a><\/li>\n<li><a href=\"https:\/\/www.academiebelgium.be\/fr\/nouvelles\/invitation-reunion-28-juin\/\">Invitation r\u00e9union 28 juin<\/a><\/li>\n<li><a href=\"https:\/\/www.academiebelgium.be\/fr\/nouvelles\/uitnodiging-vergadering-15-maart\/\">Invitation r\u00e9union 15 mars<\/a><\/li>\n<li><a href=\"https:\/\/www.academiebelgium.be\/fr\/nouvelles\/calendrier-changement-de-date\/\">Calendier - Changement de date<\/a><\/li>\n<li><a href=\"https:\/\/www.academiebelgium.be\/fr\/nouvelles\/vacante-plaatsen-aba\/\">Places vacantes ABA<\/a><\/li>\n<li><a href=\"https:\/\/www.academiebelgium.be\/fr\/nouvelles\/paul-de-dobbeleer-decede\/\">Paul De Dobbeleer d\u00e9c\u00e9d\u00e9<\/a><\/li>\n<li><a href=\"https:\/\/www.academiebelgium.be\/fr\/nouvelles\/zoom-us\/\">ZOOM US<\/a><\/li>\n<li><a href=\"https:\/\/www.academiebelgium.be\/fr\/nouvelles\/philatelie-est-superbe\/\">Philat\u00e9lie est superbe!<\/a><\/li>\n<li><a href=\"https:\/\/www.academiebelgium.be\/fr\/nouvelles\/antverpa2020-annule\/\">ANTVERPIADE2020 ANNULE<\/a><\/li>\n<li><a href=\"https:\/\/www.academiebelgium.be\/fr\/nouvelles\/expositions-annulees-deplacees\/\">Expositions Annul\u00e9es\/d\u00e9plac\u00e9es<\/a><\/li>\n<li><a href=\"https:\/\/www.academiebelgium.be\/fr\/nouvelles\/hertogpost2020-annule\/\">HERTOGPOST2020 ANNUL\u00c9<\/a><\/li>\n<li><a href=\"https:\/\/www.academiebelgium.be\/fr\/nouvelles\/serge-toulieff-decede\/\">Serge Toulieff d\u00e9c\u00e9d\u00e9<\/a><\/li>\n<li><a href=\"https:\/\/www.academiebelgium.be\/fr\/nouvelles\/benny-bmontrock-decede\/\">Benny Blontrock d\u00e9c\u00e9d\u00e9<\/a><\/li>\n<li><a href=\"https:\/\/www.academiebelgium.be\/fr\/nouvelles\/2020\/\">2020!<\/a><\/li>\n<li><a href=\"https:\/\/www.academiebelgium.be\/fr\/nouvelles\/monacophil-2019-un-grand-succes\/\">Monacophil 2019: un grand succ\u00e8s!<\/a><\/li>\n<li><a href=\"https:\/\/www.academiebelgium.be\/fr\/nouvelles\/reunion-aba-de-7-decembre\/\">R\u00e9union ABA de 7 d\u00e9cembre.<\/a><\/li>\n<li><a href=\"https:\/\/www.academiebelgium.be\/fr\/nouvelles\/inauguration-nouveau-batiment-rpsl\/\">Inauguration nouveau b\u00e2timent RPSL!<\/a><\/li>\n<li><a href=\"https:\/\/www.academiebelgium.be\/fr\/nouvelles\/superbe-nouvelle\/\">Superbe nouvelle!<\/a><\/li>\n<li><a href=\"https:\/\/www.academiebelgium.be\/fr\/nouvelles\/monacophil2019-fraichement-sorti-de-la-presse\/\">MONACOPHIL2019: Fra\u00eechement sorti de la presse!<\/a><\/li>\n<li><a href=\"https:\/\/www.academiebelgium.be\/fr\/nouvelles\/aba-reunion-de-7-septembre-2019\/\">ABA R\u00e9union du 7 Septembre 2019<\/a><\/li>\n<li><a href=\"https:\/\/www.academiebelgium.be\/fr\/nouvelles\/exposition-competitive-a-louvain\/\">Exposition Comp\u00e9titive \u00e0 Louvain<\/a><\/li>\n<li><a href=\"https:\/\/www.academiebelgium.be\/fr\/nouvelles\/centre-detudes-et-de-recherche-relance\/\">Centre d'\u00c9tudes et de Recherche : relance<\/a><\/li>\n<li><a href=\"https:\/\/www.academiebelgium.be\/fr\/nouvelles\/lacademie-belge-de-philatelie\/\">L'Acad\u00e9mie Belge de Philat\u00e9lie...<\/a><\/li>\n<li><a href=\"https:\/\/www.academiebelgium.be\/fr\/nouvelles\/lea-sauerdrissen-decede\/\">Lea Sauer-Drissen d\u00e9c\u00e9d\u00e9.<\/a><\/li>\n<li><a href=\"https:\/\/www.academiebelgium.be\/fr\/nouvelles\/legion-dhonneur-a-reims\/\">L\u00e9gion d'Honneur \u00e0 Reims<\/a><\/li>\n<li><a href=\"https:\/\/www.academiebelgium.be\/fr\/nouvelles\/patrick-maselis-a-termine-a-la-presidence-du-rpsl\/\">Patrick Maselis a termin\u00e9 la pr\u00e9sidence du RPSL<\/a><\/li>\n<li><a href=\"https:\/\/www.academiebelgium.be\/fr\/nouvelles\/montpellier-f-palmares\/\">Montpellier (F) - Palmares<\/a><\/li>\n<li><a href=\"https:\/\/www.academiebelgium.be\/fr\/nouvelles\/china-2019-exhibition-palmares-membres-aba\/\">CHINA 2019 Exhibition - Palmar\u00e8s membres ABA<\/a><\/li>\n<li><a href=\"https:\/\/www.academiebelgium.be\/fr\/nouvelles\/stockholmia-2019-resultats-des-membres-aba\/\">Stockholmia 2019: R\u00e9sultats des Membres ABA<\/a><\/li>\n<li><a href=\"https:\/\/www.academiebelgium.be\/fr\/nouvelles\/stockholmia-live-2\/\">Stockholmia Live 2<\/a><\/li>\n<li><a href=\"https:\/\/www.academiebelgium.be\/fr\/nouvelles\/stockholmia2019-live\/\">STOCKHOLMIA2019 Live!<\/a><\/li>\n<li><a href=\"https:\/\/www.academiebelgium.be\/fr\/nouvelles\/nouvelle-section-qa\/\">Nouvelle section \"Q&amp;A\"<\/a><\/li>\n<li><a href=\"https:\/\/www.academiebelgium.be\/fr\/nouvelles\/aba-invite-par-le-rpsl\/\">ABA invit\u00e9 par le RPSL<\/a><\/li>\n<li><a href=\"https:\/\/www.academiebelgium.be\/fr\/nouvelles\/jean-duson-decede\/\">Jean Duson d\u00e9c\u00e9d\u00e9.<\/a><\/li>\n<li><a href=\"https:\/\/www.academiebelgium.be\/fr\/nouvelles\/enfin-le-nouveau-site-est-online\/\">Enfin !\u00a0 Le nouveau site est online!<\/a><\/li>\n<\/ul>\n<\/div>\n<div class=\"wsp-container\"><h2 class=\"wsp-memberss-title\">Membres<\/h2>\n<ul class=\"wsp-memberss-list\">\n<li><a href=\"https:\/\/www.academiebelgium.be\/fr\/membres\/lemrahi-abdelkader\/\">LEMRAHI Abdelkader<\/a><\/li>\n<li><a href=\"https:\/\/www.academiebelgium.be\/fr\/membres\/de-mesmaeker-marc\/\">DE MESMAEKER Marc<\/a><\/li>\n<li><a href=\"https:\/\/www.academiebelgium.be\/fr\/membres\/heyblom-guy\/\">HEYBLOM Guy<\/a><\/li>\n<li><a href=\"https:\/\/www.academiebelgium.be\/fr\/membres\/malcorps-erwin\/\">MALCORPS Erwin<\/a><\/li>\n<li><a href=\"https:\/\/www.academiebelgium.be\/fr\/membres\/lambrecht-kurt\/\">LAMBRECHT Kurt<\/a><\/li>\n<li><a href=\"https:\/\/www.academiebelgium.be\/fr\/membres\/janssens-patrick\/\">JANSSENS Patrick<\/a><\/li>\n<li><a href=\"https:\/\/www.academiebelgium.be\/fr\/membres\/van-hecke-lucien\/\">VAN HECKE Lucien<\/a><\/li>\n<li><a href=\"https:\/\/www.academiebelgium.be\/fr\/membres\/foulon-joseph\/\">FOULON Joseph<\/a><\/li>\n<li><a href=\"https:\/\/www.academiebelgium.be\/fr\/membres\/guyaux-jean-claude\/\">GUYAUX Jean-Claude<\/a><\/li>\n<li><a href=\"https:\/\/www.academiebelgium.be\/fr\/membres\/brun-jean-francois\/\">BRUN Jean-Fran\u00e7ois<\/a><\/li>\n<li><a href=\"https:\/\/www.academiebelgium.be\/fr\/membres\/nilles-louise\/\">NILLES Louise<\/a><\/li>\n<li><a href=\"https:\/\/www.academiebelgium.be\/fr\/membres\/vertommen-rudi\/\">VERTOMMEN Rudi<\/a><\/li>\n<li><a href=\"https:\/\/www.academiebelgium.be\/fr\/membres\/bonroy-jan\/\">BONROY Jan<\/a><\/li>\n<li><a href=\"https:\/\/www.academiebelgium.be\/fr\/membres\/cosyns-jan\/\">COSYNS Jan<\/a><\/li>\n<li><a href=\"https:\/\/www.academiebelgium.be\/fr\/membres\/baurain-roger\/\">BAURAIN Roger<\/a><\/li>\n<li><a href=\"https:\/\/www.academiebelgium.be\/fr\/membres\/alain-hurpet\/\">HURPET Alain<\/a><\/li>\n<li><a href=\"https:\/\/www.academiebelgium.be\/fr\/membres\/lutz-mireille\/\">LUTZ Mireille<\/a><\/li>\n<li><a href=\"https:\/\/www.academiebelgium.be\/fr\/membres\/van-pellecom-ronny\/\">VAN PELLECOM Ronny<\/a><\/li>\n<li><a href=\"https:\/\/www.academiebelgium.be\/fr\/membres\/flamand-jean-pierre\/\">FLAMAND Jean-Pierre<\/a><\/li>\n<li><a href=\"https:\/\/www.academiebelgium.be\/fr\/membres\/selis-luc\/\">SELIS Luc<\/a><\/li>\n<li><a href=\"https:\/\/www.academiebelgium.be\/fr\/membres\/cosyns-pieter\/\">COSYNS Pieter<\/a><\/li>\n<li><a href=\"https:\/\/www.academiebelgium.be\/fr\/membres\/ludwig-gerard\/\">LUDWIG Gerard<\/a><\/li>\n<li><a href=\"https:\/\/www.academiebelgium.be\/fr\/membres\/hadida-maurice\/\">HADIDA Maurice<\/a><\/li>\n<li><a href=\"https:\/\/www.academiebelgium.be\/fr\/membres\/marion-robert\/\">MARION Robert<\/a><\/li>\n<li><a href=\"https:\/\/www.academiebelgium.be\/fr\/membres\/wolff-jos\/\">WOLFF Jos<\/a><\/li>\n<li><a href=\"https:\/\/www.academiebelgium.be\/fr\/membres\/voruz-jean\/\">VORUZ Jean<\/a><\/li>\n<li><a href=\"https:\/\/www.academiebelgium.be\/fr\/membres\/vivilis-anthony\/\">VIRVILIS Anthony<\/a><\/li>\n<li><a href=\"https:\/\/www.academiebelgium.be\/fr\/membres\/verberne-ruud\/\">VERBERNE Ruud<\/a><\/li>\n<li><a href=\"https:\/\/www.academiebelgium.be\/fr\/membres\/van-dooren-andre\/\">VAN DOOREN Andr\u00e9<\/a><\/li>\n<li><a href=\"https:\/\/www.academiebelgium.be\/fr\/membres\/van-der-linden-adam\/\">VAN DER LINDEN Adam<\/a><\/li>\n<li><a href=\"https:\/\/www.academiebelgium.be\/fr\/membres\/storch-jean\/\">STORCH Jean<\/a><\/li>\n<li><a href=\"https:\/\/www.academiebelgium.be\/fr\/membres\/portocarrero-manuel\/\">PORTOCARRERO Manuel<\/a><\/li>\n<li><a href=\"https:\/\/www.academiebelgium.be\/fr\/membres\/nosbaum-olivier\/\">NOSBAUM Olivier<\/a><\/li>\n<li><a href=\"https:\/\/www.academiebelgium.be\/fr\/membres\/moubray-jane\/\">MOUBRAY Jane<\/a><\/li>\n<li><a href=\"https:\/\/www.academiebelgium.be\/fr\/membres\/martin-nick\/\">MARTIN Nick<\/a><\/li>\n<li><a href=\"https:\/\/www.academiebelgium.be\/fr\/membres\/maassen-wolfgang\/\">MAASSEN Wolfgang<\/a><\/li>\n<li><a href=\"https:\/\/www.academiebelgium.be\/fr\/membres\/lewis-geoffrey\/\">LEWIS Geoffrey<\/a><\/li>\n<li><a href=\"https:\/\/www.academiebelgium.be\/fr\/membres\/letaillieur-michel\/\">LETAILLIEUR Michel<\/a><\/li>\n<li><a href=\"https:\/\/www.academiebelgium.be\/fr\/membres\/jaretzky-rolf-dieter\/\">JARETZKY Rolf-Dieter<\/a><\/li>\n<li><a href=\"https:\/\/www.academiebelgium.be\/fr\/membres\/jaeger-heinz\/\">JAEGER Heinz<\/a><\/li>\n<li><a href=\"https:\/\/www.academiebelgium.be\/fr\/membres\/huggins-allan\/\">HUGGINS Allan<\/a><\/li>\n<li><a href=\"https:\/\/www.academiebelgium.be\/fr\/membres\/harrison-reginald\/\">HARRISON Reginald<\/a><\/li>\n<li><a href=\"https:\/\/www.academiebelgium.be\/fr\/membres\/goofers-bert\/\">GOOFERS Bert<\/a><\/li>\n<li><a href=\"https:\/\/www.academiebelgium.be\/fr\/membres\/fresacher-hadmar\/\">FRESACHER Hadmar<\/a><\/li>\n<li><a href=\"https:\/\/www.academiebelgium.be\/fr\/membres\/frazao-luis\/\">FRAZAO Luis<\/a><\/li>\n<li><a href=\"https:\/\/www.academiebelgium.be\/fr\/membres\/dutau-guy\/\">DUTAU Guy<\/a><\/li>\n<li><a href=\"https:\/\/www.academiebelgium.be\/fr\/membres\/chauvet-michele\/\">CHAUVET Michele<\/a><\/li>\n<li><a href=\"https:\/\/www.academiebelgium.be\/fr\/membres\/boettger-lars\/\">BOETTGER Lars<\/a><\/li>\n<li><a href=\"https:\/\/www.academiebelgium.be\/fr\/membres\/berger-erling\/\">BERGER Erling<\/a><\/li>\n<li><a href=\"https:\/\/www.academiebelgium.be\/fr\/membres\/abensur-robert\/\">ABENSUR Robert<\/a><\/li>\n<li><a href=\"https:\/\/www.academiebelgium.be\/fr\/membres\/domagne-lucien\/\">DOMANGE Lucien<\/a><\/li>\n<li><a href=\"https:\/\/www.academiebelgium.be\/fr\/membres\/lisabeth-robert-2\/\">LISABETH Robert<\/a><\/li>\n<li><a href=\"https:\/\/www.academiebelgium.be\/fr\/membres\/bottu-mark\/\">BOTTU Mark<\/a><\/li>\n<li><a href=\"https:\/\/www.academiebelgium.be\/fr\/membres\/bruart-charles\/\">BRUART Charles<\/a><\/li>\n<li><a href=\"https:\/\/www.academiebelgium.be\/fr\/membres\/caprasse-hubert\/\">CAPRASSE Hubert<\/a><\/li>\n<li><a href=\"https:\/\/www.academiebelgium.be\/fr\/membres\/coutant-guy\/\">COUTANT Guy<\/a><\/li>\n<li><a href=\"https:\/\/www.academiebelgium.be\/fr\/membres\/de-clercq-leo\/\">DE CLERCQ Leo<\/a><\/li>\n<li><a href=\"https:\/\/www.academiebelgium.be\/fr\/membres\/decorte-donald\/\">DECORTE Donald<\/a><\/li>\n<li><a href=\"https:\/\/www.academiebelgium.be\/fr\/membres\/deijnkens-walter\/\">DEIJNKENS Walter<\/a><\/li>\n<li><a href=\"https:\/\/www.academiebelgium.be\/fr\/membres\/deposson-jean\/\">DEPOSSON Jean<\/a><\/li>\n<li><a href=\"https:\/\/www.academiebelgium.be\/fr\/membres\/goffin-daniel\/\">GOFFIN Dani\u00ebl<\/a><\/li>\n<li><a href=\"https:\/\/www.academiebelgium.be\/fr\/membres\/jorgensen-lars\/\">J\u00d8RGENSEN Lars<\/a><\/li>\n<li><a href=\"https:\/\/www.academiebelgium.be\/fr\/membres\/kinard-francis\/\">KINARD Francis<\/a><\/li>\n<li><a href=\"https:\/\/www.academiebelgium.be\/fr\/membres\/luyts-albert\/\">LUYTS Albert<\/a><\/li>\n<li><a href=\"https:\/\/www.academiebelgium.be\/fr\/membres\/maselis-patrick-2\/\">MASELIS Patrick<\/a><\/li>\n<li><a href=\"https:\/\/www.academiebelgium.be\/fr\/membres\/porignon-jean-claude\/\">PORIGNON Jean-Claude<\/a><\/li>\n<li><a href=\"https:\/\/www.academiebelgium.be\/fr\/membres\/bollen-andre\/\">BOLLEN Andr\u00e9<\/a><\/li>\n<li><a href=\"https:\/\/www.academiebelgium.be\/fr\/membres\/daniels-frank\/\">DANI\u00cbLS Frank<\/a><\/li>\n<li><a href=\"https:\/\/www.academiebelgium.be\/fr\/membres\/schouberechts-vincent\/\">SCHOUBERECHTS Vincent<\/a><\/li>\n<li><a href=\"https:\/\/www.academiebelgium.be\/fr\/membres\/slabbinck-henk\/\">SLABBINCK Henk<\/a><\/li>\n<li><a href=\"https:\/\/www.academiebelgium.be\/fr\/membres\/stes-jacques\/\">STES Jacques<\/a><\/li>\n<li><a href=\"https:\/\/www.academiebelgium.be\/fr\/membres\/symens-marc\/\">SYMENS Marc<\/a><\/li>\n<li><a href=\"https:\/\/www.academiebelgium.be\/fr\/membres\/vande-wiele-willy\/\">VANDE WIELE Willy<\/a><\/li>\n<li><a href=\"https:\/\/www.academiebelgium.be\/fr\/membres\/van-pamel-luc\/\">VAN PAMEL Luc<\/a><\/li>\n<li><a href=\"https:\/\/www.academiebelgium.be\/fr\/membres\/van-tichelen-luc\/\">VAN TICHELEN Luc<\/a><\/li>\n<li><a href=\"https:\/\/www.academiebelgium.be\/fr\/membres\/baudot-guy\/\">BAUDOT Guy<\/a><\/li>\n<li><a href=\"https:\/\/www.academiebelgium.be\/fr\/membres\/content-luc\/\">CONTENT Luc<\/a><\/li>\n<li><a href=\"https:\/\/www.academiebelgium.be\/fr\/membres\/frennet-thierry\/\">FRENNET Thierry<\/a><\/li>\n<li><a href=\"https:\/\/www.academiebelgium.be\/fr\/membres\/1476\/\">HENDERSON Dominic<\/a><\/li>\n<li><a href=\"https:\/\/www.academiebelgium.be\/fr\/membres\/henuzet-charles\/\">HENUZET Charles<\/a><\/li>\n<li><a href=\"https:\/\/www.academiebelgium.be\/fr\/membres\/kaiser-pierre\/\">KAISER Pierre<\/a><\/li>\n<li><a href=\"https:\/\/www.academiebelgium.be\/fr\/membres\/lindekens-philippe\/\">LINDEKENS Philippe<\/a><\/li>\n<li><a href=\"https:\/\/www.academiebelgium.be\/fr\/membres\/lindekens-thomas\/\">LINDEKENS Thomas<\/a><\/li>\n<li><a href=\"https:\/\/www.academiebelgium.be\/fr\/membres\/meurisse-alphonse\/\">MEURISSE Alphonse<\/a><\/li>\n<li><a href=\"https:\/\/www.academiebelgium.be\/fr\/membres\/meuwis-michel\/\">MEUWIS Michel<\/a><\/li>\n<li><a href=\"https:\/\/www.academiebelgium.be\/fr\/membres\/monfils-willy\/\">MONFILS Willy<\/a><\/li>\n<li><a href=\"https:\/\/www.academiebelgium.be\/fr\/membres\/pierret-alain\/\">PIERRET Alain<\/a><\/li>\n<li><a href=\"https:\/\/www.academiebelgium.be\/fr\/membres\/vandendaele-marc\/\">VANDENDAELE Marc<\/a><\/li>\n<li><a href=\"https:\/\/www.academiebelgium.be\/fr\/membres\/vandenhaute-johann\/\">VANDENHAUTE Johann<\/a><\/li>\n<li><a href=\"https:\/\/www.academiebelgium.be\/fr\/membres\/van-der-haegen-filip\/\">VAN DER HAEGEN Filip<\/a><\/li>\n<li><a href=\"https:\/\/www.academiebelgium.be\/fr\/membres\/vander-marcken-luc\/\">VANDER MARCKEN Luc<\/a><\/li>\n<li><a href=\"https:\/\/www.academiebelgium.be\/fr\/membres\/vanderschrick-louis\/\">VANDERSCHRICK Louis<\/a><\/li>\n<li><a href=\"https:\/\/www.academiebelgium.be\/fr\/membres\/van-tendeloo-erwin\/\">VAN TENDELOO Erwin<\/a><\/li>\n<li><a href=\"https:\/\/www.academiebelgium.be\/fr\/membres\/paul-wijnants\/\">WIJNANTS Paul<\/a><\/li>\n<\/ul>\n<\/div>\n","protected":false},"excerpt":{"rendered":"","protected":false},"author":1,"featured_media":0,"parent":0,"menu_order":0,"comment_status":"closed","ping_status":"closed","template":"template-innerpage.php","meta":{"_acf_changed":false,"_exactmetrics_skip_tracking":false,"_exactmetrics_sitenote_active":false,"_exactmetrics_sitenote_note":"","_exactmetrics_sitenote_category":0,"footnotes":""},"class_list":["post-561","page","type-page","status-publish","hentry"],"acf":[],"yoast_head":"<!-- This site is optimized with the Yoast SEO plugin v27.0 - https:\/\/yoast.com\/product\/yoast-seo-wordpress\/ -->\n<title>Sitemap - Academy Belgium<\/title>\n<meta name=\"robots\" content=\"index, follow, max-snippet:-1, max-image-preview:large, max-video-preview:-1\" \/>\n<link rel=\"canonical\" href=\"https:\/\/www.academiebelgium.be\/fr\/sitemap\/\" \/>\n<meta property=\"og:locale\" content=\"fr_FR\" \/>\n<meta property=\"og:type\" content=\"article\" \/>\n<meta property=\"og:title\" content=\"Sitemap - Academy Belgium\" \/>\n<meta property=\"og:url\" content=\"https:\/\/www.academiebelgium.be\/fr\/sitemap\/\" \/>\n<meta property=\"og:site_name\" content=\"Academy Belgium\" \/>\n<meta property=\"article:modified_time\" content=\"2018-11-22T11:17:43+00:00\" \/>\n<meta name=\"twitter:card\" content=\"summary_large_image\" \/>\n<script type=\"application\/ld+json\" class=\"yoast-schema-graph\">{\"@context\":\"https:\/\/schema.org\",\"@graph\":[{\"@type\":\"WebPage\",\"@id\":\"https:\/\/www.academiebelgium.be\/fr\/sitemap\/\",\"url\":\"https:\/\/www.academiebelgium.be\/fr\/sitemap\/\",\"name\":\"Sitemap - Academy Belgium\",\"isPartOf\":{\"@id\":\"https:\/\/www.academiebelgium.be\/nl\/#website\"},\"datePublished\":\"2018-11-12T15:06:06+00:00\",\"dateModified\":\"2018-11-22T11:17:43+00:00\",\"breadcrumb\":{\"@id\":\"https:\/\/www.academiebelgium.be\/fr\/sitemap\/#breadcrumb\"},\"inLanguage\":\"fr-FR\",\"potentialAction\":[{\"@type\":\"ReadAction\",\"target\":[\"https:\/\/www.academiebelgium.be\/fr\/sitemap\/\"]}]},{\"@type\":\"BreadcrumbList\",\"@id\":\"https:\/\/www.academiebelgium.be\/fr\/sitemap\/#breadcrumb\",\"itemListElement\":[{\"@type\":\"ListItem\",\"position\":1,\"name\":\"Home\",\"item\":\"https:\/\/www.academiebelgium.be\/fr\/home\/\"},{\"@type\":\"ListItem\",\"position\":2,\"name\":\"Sitemap\"}]},{\"@type\":\"WebSite\",\"@id\":\"https:\/\/www.academiebelgium.be\/nl\/#website\",\"url\":\"https:\/\/www.academiebelgium.be\/nl\/\",\"name\":\"Academy Belgium\",\"description\":\"Just another WordPress site\",\"publisher\":{\"@id\":\"https:\/\/www.academiebelgium.be\/nl\/#organization\"},\"potentialAction\":[{\"@type\":\"SearchAction\",\"target\":{\"@type\":\"EntryPoint\",\"urlTemplate\":\"https:\/\/www.academiebelgium.be\/nl\/?s={search_term_string}\"},\"query-input\":{\"@type\":\"PropertyValueSpecification\",\"valueRequired\":true,\"valueName\":\"search_term_string\"}}],\"inLanguage\":\"fr-FR\"},{\"@type\":\"Organization\",\"@id\":\"https:\/\/www.academiebelgium.be\/nl\/#organization\",\"name\":\"Academy Belgium\",\"url\":\"https:\/\/www.academiebelgium.be\/nl\/\",\"logo\":{\"@type\":\"ImageObject\",\"inLanguage\":\"fr-FR\",\"@id\":\"https:\/\/www.academiebelgium.be\/nl\/#\/schema\/logo\/image\/\",\"url\":\"https:\/\/www.academiebelgium.be\/wp-content\/uploads\/2018\/10\/logo.png\",\"contentUrl\":\"https:\/\/www.academiebelgium.be\/wp-content\/uploads\/2018\/10\/logo.png\",\"width\":125,\"height\":125,\"caption\":\"Academy Belgium\"},\"image\":{\"@id\":\"https:\/\/www.academiebelgium.be\/nl\/#\/schema\/logo\/image\/\"}}]}<\/script>\n<!-- \/ Yoast SEO plugin. -->","yoast_head_json":{"title":"Sitemap - Academy Belgium","robots":{"index":"index","follow":"follow","max-snippet":"max-snippet:-1","max-image-preview":"max-image-preview:large","max-video-preview":"max-video-preview:-1"},"canonical":"https:\/\/www.academiebelgium.be\/fr\/sitemap\/","og_locale":"fr_FR","og_type":"article","og_title":"Sitemap - Academy Belgium","og_url":"https:\/\/www.academiebelgium.be\/fr\/sitemap\/","og_site_name":"Academy Belgium","article_modified_time":"2018-11-22T11:17:43+00:00","twitter_card":"summary_large_image","schema":{"@context":"https:\/\/schema.org","@graph":[{"@type":"WebPage","@id":"https:\/\/www.academiebelgium.be\/fr\/sitemap\/","url":"https:\/\/www.academiebelgium.be\/fr\/sitemap\/","name":"Sitemap - Academy Belgium","isPartOf":{"@id":"https:\/\/www.academiebelgium.be\/nl\/#website"},"datePublished":"2018-11-12T15:06:06+00:00","dateModified":"2018-11-22T11:17:43+00:00","breadcrumb":{"@id":"https:\/\/www.academiebelgium.be\/fr\/sitemap\/#breadcrumb"},"inLanguage":"fr-FR","potentialAction":[{"@type":"ReadAction","target":["https:\/\/www.academiebelgium.be\/fr\/sitemap\/"]}]},{"@type":"BreadcrumbList","@id":"https:\/\/www.academiebelgium.be\/fr\/sitemap\/#breadcrumb","itemListElement":[{"@type":"ListItem","position":1,"name":"Home","item":"https:\/\/www.academiebelgium.be\/fr\/home\/"},{"@type":"ListItem","position":2,"name":"Sitemap"}]},{"@type":"WebSite","@id":"https:\/\/www.academiebelgium.be\/nl\/#website","url":"https:\/\/www.academiebelgium.be\/nl\/","name":"Academy Belgium","description":"Just another WordPress site","publisher":{"@id":"https:\/\/www.academiebelgium.be\/nl\/#organization"},"potentialAction":[{"@type":"SearchAction","target":{"@type":"EntryPoint","urlTemplate":"https:\/\/www.academiebelgium.be\/nl\/?s={search_term_string}"},"query-input":{"@type":"PropertyValueSpecification","valueRequired":true,"valueName":"search_term_string"}}],"inLanguage":"fr-FR"},{"@type":"Organization","@id":"https:\/\/www.academiebelgium.be\/nl\/#organization","name":"Academy Belgium","url":"https:\/\/www.academiebelgium.be\/nl\/","logo":{"@type":"ImageObject","inLanguage":"fr-FR","@id":"https:\/\/www.academiebelgium.be\/nl\/#\/schema\/logo\/image\/","url":"https:\/\/www.academiebelgium.be\/wp-content\/uploads\/2018\/10\/logo.png","contentUrl":"https:\/\/www.academiebelgium.be\/wp-content\/uploads\/2018\/10\/logo.png","width":125,"height":125,"caption":"Academy Belgium"},"image":{"@id":"https:\/\/www.academiebelgium.be\/nl\/#\/schema\/logo\/image\/"}}]}},"_links":{"self":[{"href":"https:\/\/www.academiebelgium.be\/fr\/wp-json\/wp\/v2\/pages\/561","targetHints":{"allow":["GET"]}}],"collection":[{"href":"https:\/\/www.academiebelgium.be\/fr\/wp-json\/wp\/v2\/pages"}],"about":[{"href":"https:\/\/www.academiebelgium.be\/fr\/wp-json\/wp\/v2\/types\/page"}],"author":[{"embeddable":true,"href":"https:\/\/www.academiebelgium.be\/fr\/wp-json\/wp\/v2\/users\/1"}],"replies":[{"embeddable":true,"href":"https:\/\/www.academiebelgium.be\/fr\/wp-json\/wp\/v2\/comments?post=561"}],"version-history":[{"count":0,"href":"https:\/\/www.academiebelgium.be\/fr\/wp-json\/wp\/v2\/pages\/561\/revisions"}],"wp:attachment":[{"href":"https:\/\/www.academiebelgium.be\/fr\/wp-json\/wp\/v2\/media?parent=561"}],"curies":[{"name":"wp","href":"https:\/\/api.w.org\/{rel}","templated":true}]}}