{"id":1782,"date":"2019-01-28T15:07:26","date_gmt":"2019-01-28T15:07:26","guid":{"rendered":"https:\/\/www.academiebelgium.be\/?page_id=1782\/"},"modified":"2023-01-26T12:51:49","modified_gmt":"2023-01-26T12:51:49","slug":"zoom","status":"publish","type":"page","link":"https:\/\/www.academiebelgium.be\/nl\/zoom\/","title":{"rendered":"ZOOM"},"content":{"rendered":"<p><span style=\"color: #000080;\"><strong>\u00a0<\/strong><\/span><strong>Videoconferenties met Zoom Us, opgenomen en zichtbaar op YouTube via onderstaande links<\/strong><\/p>\n<p><em>Alle elementen van de conferenties die geplaatst zijn op de website vallen onder de Copyright-reglementering en kunnen dus niet gebruikt of aangepast worden zonder het formeel akkoord van de spreker. De Powerpoint-presentaties waarvan de sprekers gebruik maken zullen niet ter beschikking gesteld worden op de website. Zij zullen enkel kunnen verkregen worden bij de sprekers zelf, en met hun akkoord.<\/em><\/p>\n<p><strong><span style=\"color: #ff0000;\">19 novembre 2022 :\u00a0<\/span><\/strong><\/p>\n<ul>\n<li><strong>Ruud Verberne &#8211; <a href=\"https:\/\/www.youtube.com\/watch?v=HdFk2LUilXw\" target=\"_blank\" rel=\"noopener\"><i><span style=\"color: #00ccff;\">De laatste 100 dagen van het Duizendjarige Duitse Rijk<\/span><\/i><\/a><\/strong><\/li>\n<\/ul>\n<p><strong><span style=\"color: #ff0000;\">24 septembre 2022 :\u00a0<\/span><\/strong><\/p>\n<ul>\n<li><strong>Willy Monfils &#8211; <a href=\"https:\/\/youtu.be\/FzB_2seq0yk\" target=\"_blank\" rel=\"noopener\"><span style=\"color: #00ccff;\">Cognelee 14-18<\/span><\/a><\/strong><\/li>\n<li><strong>Roger Baurain &#8211; <a href=\"https:\/\/youtu.be\/B4oKmKqnPEk\" target=\"_blank\" rel=\"noopener\"><span style=\"color: #00ccff;\">Le cachet erron\u00e9 \u00ab BEVECOM \/ BEAUVECHAIN \u00bb de 1911<\/span><\/a><\/strong><\/li>\n<li><strong>Francis Kinard &#8211; <a href=\"https:\/\/youtu.be\/q2l5eLhFgKI\" target=\"_blank\" rel=\"noopener\"><span style=\"color: #00ccff;\">Le si\u00e8ge de Toulon (1793)<\/span><\/a><\/strong><\/li>\n<li><strong>Luc Content &#8211; <a href=\"https:\/\/youtu.be\/KpDqRahbNwQ\" target=\"_blank\" rel=\"noopener\"><span style=\"color: #00ccff;\">Boites mobiles des \u00eeles anglo-normandes<\/span><\/a><\/strong><\/li>\n<\/ul>\n<p><span style=\"color: #ff0000;\"><strong>25 juni 2022\u00a0 :\u00a0<\/strong><\/span><\/p>\n<ul>\n<li><strong>Marc Symens &#8211; De Begische zegels met opdruk CHINE (coming soon)<\/strong><\/li>\n<li><strong>Marc Bottu &#8211; <span style=\"color: #00ccff;\"><a style=\"color: #00ccff;\" href=\"https:\/\/youtu.be\/YzPGfLhnzMY\" target=\"_blank\" rel=\"noopener\">Les postes aux lettres et marques postales (Herlant)<\/a><\/span><\/strong><\/li>\n<li><strong>Ronny Van Pellecom &#8211; <span style=\"color: #00ccff;\"><a style=\"color: #00ccff;\" href=\"https:\/\/youtu.be\/4pcye3kFWr0\" target=\"_blank\" rel=\"noopener\">Mariout sporweg<\/a><\/span><\/strong><\/li>\n<li><strong>Lars Jorgensen &#8211; <span style=\"color: #00ccff;\"><a style=\"color: #00ccff;\" href=\"https:\/\/youtu.be\/7jasFEE0QQk\" target=\"_blank\" rel=\"noopener\">Transvaal &#8211; the 1879 one penny overprinted V.R.<\/a><\/span><\/strong><\/li>\n<\/ul>\n<p><span style=\"color: #ff0000;\"><strong>9 april 2022 (vergadering samen met Acad\u00e9mie de Paris) :\u00a0<\/strong><\/span><\/p>\n<ul>\n<li><strong>Abensur (FR) &#8211; <span style=\"color: #00ccff;\"><a style=\"color: #00ccff;\" href=\"https:\/\/www.youtube.com\/watch?v=KXbru-bUptI\" target=\"_blank\" rel=\"noopener\">Een ambassadeur van de Spaanse Nederlanden in Parijs<\/a><\/span><\/strong><\/li>\n<li><strong>Bonnefoy (FR) &#8211; <span style=\"color: #00ccff;\"><a style=\"color: #00ccff;\" href=\"https:\/\/www.youtube.com\/watch?v=P-B4rY5DDME\" target=\"_blank\" rel=\"noopener\">De douane controle van de post in de relaties tussen Frankrijk en Belgi\u00eb<\/a><\/span><\/strong><\/li>\n<li><strong>Bruart (BE) &#8211; (non enregistr\u00e9)<\/strong><\/li>\n<li><strong>Brun (FR) &#8211; <span style=\"color: #00ccff;\"><a style=\"color: #00ccff;\" href=\"https:\/\/youtu.be\/O36whmL2j_Y\" target=\"_blank\" rel=\"noopener\">la 3e dimension<\/a><\/span><\/strong><\/li>\n<li><strong>Goffin (BE)\u00a0 &#8211; <span style=\"color: #00ccff;\"><a style=\"color: #00ccff;\" href=\"https:\/\/youtu.be\/HBlCFkol5cE\" target=\"_blank\" rel=\"noopener\">Les ballons mont\u00e9s du si\u00e8ge de Paris, vers la Belgique<\/a><\/span><\/strong><\/li>\n<li><strong>Hardy (FR) &#8211; <span style=\"color: #00ccff;\"><a style=\"color: #00ccff;\" href=\"https:\/\/www.youtube.com\/watch?v=drCk1hDjgvw\" target=\"_blank\" rel=\"noopener\">Zegels van de Franse departementen in Belgi\u00eb en omgeving<\/a><\/span><br \/>\n<\/strong><\/li>\n<li><strong>Parenti (FR) &#8211; <span style=\"color: #00ccff;\"><a style=\"color: #00ccff;\" href=\"https:\/\/www.youtube.com\/watch?v=C6iaRTJ4iTA\" target=\"_blank\" rel=\"noopener\">Een Belgisch paspoort voor staatlozen<\/a><\/span><\/strong><\/li>\n<li><strong>Sollin (FR)\u00a0 &#8211; <span style=\"color: #00ccff;\"><a style=\"color: #00ccff;\" href=\"https:\/\/www.youtube.com\/watch?v=1-x1W1IqV5c\" target=\"_blank\" rel=\"noopener\">De Belgische Senaat in Frankrijk<\/a><\/span><\/strong><\/li>\n<li><strong>Vertommen (BE) &#8211; <span style=\"color: #00ccff;\"><a style=\"color: #00ccff;\" href=\"https:\/\/www.youtube.com\/watch?v=lMtuFB8X3a0\" target=\"_blank\" rel=\"noopener\">Postrelaties met Frankrijk tijdens de periode van het medaillon<\/a><\/span><\/strong><\/li>\n<\/ul>\n<p><span style=\"color: #ff0000;\"><strong>5 maart 2022 :\u00a0<\/strong><\/span><\/p>\n<ul>\n<li><strong>Hubert Caprasse &#8211; (niet opgenomen)<\/strong><\/li>\n<li><strong>Jacques Stes &#8211; (niet opgenomen)<\/strong><\/li>\n<li><strong>Adam Vanderlinden &#8211; <span style=\"color: #00ccff;\"><a style=\"color: #00ccff;\" href=\"https:\/\/youtu.be\/Ue9lLLtHkyM\" target=\"_blank\" rel=\"noopener\">Ongeldige frankeringen<\/a><\/span><\/strong><\/li>\n<li><strong>Roger Baurain &#8211; <span style=\"color: #00ccff;\"><a style=\"color: #00ccff;\" href=\"https:\/\/youtu.be\/0CeO0EYBCZY\" target=\"_blank\" rel=\"noopener\">Duitse krijgsgevangenen in CANADA 1939-46<\/a><\/span><\/strong><\/li>\n<\/ul>\n<p><span style=\"color: #ff0000;\"><strong>8 januari 2022 :\u00a0<\/strong><\/span><\/p>\n<ul>\n<li><strong>Willy Monfils &#8211;<span style=\"color: #00ccff;\"><a style=\"color: #00ccff;\" href=\"https:\/\/www.youtube.com\/watch?v=mkLzOvwpH5Y\" target=\"_blank\" rel=\"noopener\"> Plattelandsdienst Busstempels<\/a><\/span><\/strong><\/li>\n<li><strong>Luc Selis &#8211; <span style=\"color: #00ccff;\"><a style=\"color: #00ccff;\" href=\"https:\/\/www.youtube.com\/watch?v=ek98DKMCc9M\" target=\"_blank\" rel=\"noopener\">Express services on postal stationeries with &#8220;extra&#8221;<\/a><\/span><\/strong><\/li>\n<\/ul>\n<p><span style=\"color: #ff0000;\"><strong>4 d\u00e9cembre 2021 :\u00a0<\/strong><\/span><\/p>\n<ul>\n<li><strong>Walter Deijnckens \u2013\u00a0<span style=\"color: #00ccff;\"><a style=\"color: #00ccff;\" href=\"https:\/\/www.youtube.com\/watch?v=vBXmvj44pg0\" target=\"_blank\" rel=\"noopener\">Poststukken per \u201cLUCHTPOST\u201d van RUANDA-URUNDI<\/a><\/span><\/strong><\/li>\n<li><strong>Willy Vande Wiele \u2013\u00a0<span style=\"color: #00ccff;\"><a style=\"color: #00ccff;\" href=\"https:\/\/www.youtube.com\/watch?v=Kz8WDuahXPI\" target=\"_blank\" rel=\"noopener\">Le permis de p\u00eache belge<\/a><\/span><\/strong><\/li>\n<li><strong>Philippe Lindekens \u2013\u00a0<span style=\"color: #00ccff;\"><a style=\"color: #00ccff;\" href=\"https:\/\/www.youtube.com\/watch?v=G8eNkNLgiNU\" target=\"_blank\" rel=\"noopener\"><b>Belgisch Congo Aangetekend per vliegtuig \u2013 \u00a0\u201ctwee in \u00e9\u00e9n\u201c<\/b><\/a><\/span><\/strong><\/li>\n<li><strong>Vincent Schouberechts \u2013\u00a0<span style=\"color: #00ccff;\"><a style=\"color: #00ccff;\" href=\"https:\/\/www.youtube.com\/watch?v=QIaxUAf-v5w\" target=\"_blank\" rel=\"noopener\">20 centimes M\u00e9daillons 1863<\/a><\/span><\/strong><\/li>\n<\/ul>\n<p><span style=\"color: #ff0000;\"><strong>16 october 2021<\/strong><\/span><\/p>\n<ul>\n<li><strong>Robert Lisabeth &#8211; <span style=\"color: #00ccff;\"><a style=\"color: #00ccff;\" href=\"https:\/\/www.youtube.com\/watch?v=0mrODkJUcLI\" target=\"_blank\" rel=\"noopener\">L.A.T.I\u00a0 &#8211; 21.12.1939\u00a0 \/ 04.12.1941<\/a><\/span><\/strong><\/li>\n<li><span style=\"color: #000000;\"><strong>Francis Kinard &#8211;<span style=\"color: #00ccff;\"> <a style=\"color: #00ccff;\" href=\"https:\/\/www.youtube.com\/watch?v=mbl-b-Lwkhs\" target=\"_blank\" rel=\"noopener\">Le royaume d\u2019\u00c9trurie (1801 1807)<\/a><\/span><\/strong><\/span><\/li>\n<li><span style=\"color: #000000;\"><strong>Mark Bottu &#8211; <span style=\"color: #00ccff;\"><a style=\"color: #00ccff;\" href=\"https:\/\/www.youtube.com\/watch?v=6GHjsDaMgUw\" target=\"_blank\" rel=\"noopener\">Victor Gisqui\u00e8re<\/a><\/span><\/strong><\/span><\/li>\n<li><span style=\"color: #000000;\"><strong>Guy Coutant &#8211; <span style=\"color: #00ccff;\"><a style=\"color: #00ccff;\" href=\"https:\/\/www.youtube.com\/watch?v=rEcGoH1xm0g\" target=\"_blank\" rel=\"noopener\">Le territoire du Witu<\/a><\/span><\/strong><\/span><\/li>\n<\/ul>\n<p><span style=\"color: #ff0000;\"><strong>12 juin 2021 :\u00a0<\/strong><\/span><\/p>\n<ul>\n<li><strong>Mireille <span style=\"color: #000000;\">Lutz &#8211; <span style=\"color: #00ccff;\"><a style=\"color: #00ccff;\" href=\"https:\/\/www.youtube.com\/watch?v=8801_6AMmhk\" target=\"_blank\" rel=\"noopener\">Les Chiffres de Poste appos\u00e9s par l\u2019ambulant belge<\/a><\/span><\/span><\/strong><\/li>\n<li><span style=\"color: #000000;\"><strong>Guy Coutant &#8211; <span style=\"color: #00ccff;\"><a style=\"color: #00ccff;\" href=\"https:\/\/www.youtube.com\/watch?v=iOFnQOMvF7M\" target=\"_blank\" rel=\"noopener\">Meched 1902<\/a><\/span><\/strong><\/span><\/li>\n<li><span style=\"color: #000000;\"><strong>Francis Kinard &#8211; <span style=\"color: #00ccff;\"><a style=\"color: #00ccff;\" href=\"https:\/\/www.youtube.com\/watch?v=lILXia99qd0\" target=\"_blank\" rel=\"noopener\">L\u2019\u00eele d\u2019Elbe sous domination fran\u00e7aise (1802-1815)<\/a><\/span><\/strong><\/span><\/li>\n<li><span style=\"color: #000000;\"><strong>Lars Boettger &#8211; <span style=\"color: #00ccff;\"><a style=\"color: #00ccff;\" href=\"https:\/\/www.youtube.com\/watch?v=GNFUqpElUZc\" target=\"_blank\" rel=\"noopener\">Que signifient les signatures ?<\/a><\/span><\/strong><\/span><\/li>\n<li><span style=\"color: #000000;\"><strong>Mark Bottu &#8211; <span style=\"color: #00ccff;\"><a style=\"color: #00ccff;\" href=\"https:\/\/www.youtube.com\/watch?v=SXZqfE-07P4\" target=\"_blank\" rel=\"noopener\">Le HAVRE &#8211; Ste ADRESSE<\/a><\/span><\/strong><\/span><\/li>\n<li><span style=\"color: #000000;\"><strong>Ruud Verberne &#8211; <span style=\"color: #00ccff;\"><a style=\"color: #00ccff;\" href=\"https:\/\/www.youtube.com\/watch?v=8WOP5wL1dDE\" target=\"_blank\" rel=\"noopener\">Opsporingsbevel tegen Frederic Kumsius<\/a><\/span><\/strong><\/span><\/li>\n<\/ul>\n<p><span style=\"color: #ff0000;\"><strong>24 april 2021 :\u00a0<\/strong><\/span><\/p>\n<ul>\n<li><strong>Thomas Lindekens &#8211; <span style=\"color: #00ccff;\"><a style=\"color: #00ccff;\" href=\"https:\/\/www.youtube.com\/watch?v=qTnTlLreMps\" target=\"_blank\" rel=\"noopener\">Congo fran\u00e7ais \/ Alph\u00e9e Dubois<\/a><\/span><\/strong><\/li>\n<li><strong>Philippe Lindekens &#8211; <span style=\"color: #00ccff;\"><a style=\"color: #00ccff;\" href=\"https:\/\/www.youtube.com\/watch?v=TSYveg4w--k\" target=\"_blank\" rel=\"noopener\">Incoming mail Congo belge \/ roi Albert type k\u00e9pi<\/a><\/span><\/strong><\/li>\n<li><strong>Francis Kinard &#8211; <span style=\"color: #00ccff;\"><a style=\"color: #00ccff;\" href=\"https:\/\/www.youtube.com\/watch?v=1Fu9C4lD420\" target=\"_blank\" rel=\"noopener\">Quel sort r\u00e9server aux prisonniers n\u00e9erlandais fin 1813<\/a><\/span><\/strong><\/li>\n<li><strong>Henk Slabbinck &#8211; <span style=\"color: #00ccff;\"><a style=\"color: #00ccff;\" href=\"https:\/\/www.youtube.com\/watch?v=cLCLR8wO31M\" target=\"_blank\" rel=\"noopener\">Geneutraliseerde neutraliteit \/ Neutralit\u00e9 neutralis\u00e9e<\/a><\/span><\/strong><\/li>\n<li><strong>Lars Boettger &#8211; <span style=\"color: #00ccff;\"><a style=\"color: #00ccff;\" href=\"https:\/\/www.youtube.com\/watch?v=hUKDY9lCGpE\" target=\"_blank\" rel=\"noopener\">D\u00e9termination de raret\u00e9<\/a><\/span><\/strong><\/li>\n<\/ul>\n<p><span style=\"color: #ff0000;\"><strong>27 maart 2021 :\u00a0<\/strong><\/span><\/p>\n<ul>\n<li><strong>Guy Baudot \u2013\u00a0<span style=\"color: #00ccff;\"><a style=\"color: #00ccff;\" href=\"https:\/\/www.youtube.com\/watch?v=7Al1kl8V7x8\" target=\"_blank\" rel=\"noopener\">L\u2019 \u00e9mergence des \u00ab\u00a0Timbres de Taxe\u00a0\u00bb<\/a><\/span><\/strong><\/li>\n<li><strong>Alain Pierret \u2013 <span style=\"color: #00ccff;\"><a style=\"color: #00ccff;\" href=\"https:\/\/www.youtube.com\/watch?v=_aisQOX9PH0\" target=\"_blank\" rel=\"noopener\"><b>Wanneer Belgische luchtpostzegels niet langer uitsluitend voor luchtpost gebruikt worden<\/b><\/a><\/span><\/strong><\/li>\n<li><strong>Thomas Lindekens \u2013\u00a0<span style=\"color: #00ccff;\"><a style=\"color: #00ccff;\" href=\"https:\/\/www.youtube.com\/watch?v=Xa1WBYdekrM\" target=\"_blank\" rel=\"noopener\">Plis fronti\u00e8res via l\u2019Etat Ind\u00e9pendant du Congo<\/a><\/span><\/strong><\/li>\n<li><strong>Lars Boettger \u2013\u00a0<\/strong><span style=\"color: #00ccff;\"><a style=\"color: #00ccff;\" href=\"https:\/\/www.youtube.com\/watch?v=voE3wOQAqGs\" target=\"_blank\" rel=\"noopener\"><b>Luxembourg \u2013 Utilisation timbres-poste comme timbr<\/b><b>es-taxe<\/b><\/a><\/span><\/li>\n<li><strong>Philippe Lindekens \u2013\u00a0<span style=\"color: #00ccff;\">Congo \u2013<\/span><\/strong><a href=\"https:\/\/www.youtube.com\/watch?v=E11sOFG_HYs\" target=\"_blank\" rel=\"noopener\"><span style=\"color: #00ccff;\"><b>Pli insuffisamment affranchi <\/b><b>Pri\u00e8re de compl\u00e9ter<\/b><\/span><\/a><\/li>\n<li><strong>Francis Kinard \u2013\u00a0<span style=\"color: #00ccff;\"><a style=\"color: #00ccff;\" href=\"https:\/\/www.youtube.com\/watch?v=t4zhr2oVinY\" target=\"_blank\" rel=\"noopener\">A la recherche de F.D.C.<\/a><\/span><\/strong><\/li>\n<\/ul>\n<p><span style=\"color: #ff0000;\"><strong>27 februari 2021 :\u00a0<\/strong><\/span><\/p>\n<ul>\n<li><strong>Philippe Lin<span style=\"color: #000000;\">dekens &#8211; <span style=\"color: #00ccff;\"><a style=\"color: #00ccff;\" href=\"https:\/\/www.youtube.com\/watch?v=zUxk4-RRCH0\" target=\"_blank\" rel=\"noopener\">Congo : Affranchissement avec les grosses valeurs Mols<\/a><\/span><\/span><\/strong><\/li>\n<li><span style=\"color: #000000;\"><strong>Marc Symens &#8211; <span style=\"color: #00ccff;\"><a style=\"color: #00ccff;\" href=\"https:\/\/www.youtube.com\/watch?v=mzWaFNiWKPs\" target=\"_blank\" rel=\"noopener\">China : Uniek boek van Marcel VAN LERBERGHE<\/a><\/span><\/strong><\/span><\/li>\n<li><span style=\"color: #000000;\"><strong>Vincent Schouberechts &#8211; <span style=\"color: #00ccff;\"><a style=\"color: #00ccff;\" href=\"https:\/\/www.youtube.com\/watch?v=oIfdZf-GB1E\" target=\"_blank\" rel=\"noopener\">Une lettre de Grainchamps en 1796<\/a><\/span><\/strong><\/span><\/li>\n<li><span style=\"color: #000000;\"><strong>Thomas Lindekens &#8211; <span style=\"color: #00ccff;\"><a style=\"color: #00ccff;\" href=\"https:\/\/www.youtube.com\/watch?v=kA3iCwpv040\" target=\"_blank\" rel=\"noopener\">Coiling\u00a0 Dragon Chinese Imperial\u00a0 Post Part II\u00a0<\/a><\/span><\/strong><\/span><\/li>\n<li><span style=\"color: #000000;\"><strong>Daniel Goffin &#8211; <span style=\"color: #00ccff;\"><a style=\"color: #00ccff;\" href=\"https:\/\/www.youtube.com\/watch?v=tsUI-uG9Tqo\" target=\"_blank\" rel=\"noopener\">Le service des rebuts<\/a><\/span><\/strong><\/span><\/li>\n<\/ul>\n<p><span style=\"color: #ff0000;\"><strong>23 januari 2021 :\u00a0<\/strong><\/span><\/p>\n<ul>\n<li><strong>Francis Kinar<span style=\"color: #000000;\">d &#8211; <span style=\"color: #00ccff;\"><a style=\"color: #00ccff;\" href=\"https:\/\/www.youtube.com\/watch?v=7Zr4fZho9rw&amp;feature=youtu.be\" target=\"_blank\" rel=\"noopener\">Split 8 juin 1813<\/a><\/span><\/span><\/strong><\/li>\n<li><span style=\"color: #000000;\"><strong>Lars Boettger &#8211; <span style=\"color: #00ccff;\"><a style=\"color: #00ccff;\" href=\"https:\/\/www.youtube.com\/watch?v=MgYoSbBXOa8&amp;feature=youtu.be\" target=\"_blank\" rel=\"noopener\">Friedrich Huth &#8211; Fusion d\u2019histoire et d\u2019histoire postale<\/a><\/span><\/strong><\/span><\/li>\n<li><span style=\"color: #000000;\"><strong>Mark Bottu &#8211; <span style=\"color: #00ccff;\"><a style=\"color: #00ccff;\" href=\"https:\/\/www.youtube.com\/watch?v=7QS-RY7C5PM&amp;feature=youtu.be\" target=\"_blank\" rel=\"noopener\">Music Talking with God<\/a><\/span><\/strong><\/span><\/li>\n<li><span style=\"color: #000000;\"><strong>Thomas Lindekens\u00a0 &#8211; <span style=\"color: #00ccff;\"><a style=\"color: #00ccff;\" href=\"https:\/\/www.youtube.com\/watch?v=lsy5b9-6Yls&amp;feature=youtu.be\" target=\"_blank\" rel=\"noopener\">Maroc Poste Locale Morteo &amp; Spinney<\/a><\/span><\/strong><\/span><\/li>\n<li><span style=\"color: #000000;\"><strong>Philippe Lindekens &#8211; <span style=\"color: #00ccff;\"><a style=\"color: #00ccff;\" href=\"https:\/\/www.youtube.com\/watch?v=MwMPlkg8oI0&amp;feature=youtu.be\" target=\"_blank\" rel=\"noopener\">Congo Carte Postale Incompl\u00e8te<\/a><\/span><\/strong><\/span><\/li>\n<\/ul>\n<p><span style=\"color: #ff0000;\"><strong>19 december 2020 :\u00a0<\/strong><\/span><\/p>\n<ul>\n<li><strong>Guy Coutant &#8211; <span style=\"color: #00ccff;\"><a href=\"https:\/\/www.youtube.com\/watch?v=-T96ir3ICEw&amp;feature=youtu.be\" target=\"_blank\" rel=\"noopener noreferrer\"><span style=\"color: #00ccff;\">Gronchi Rosa<\/span><\/a><\/span><\/strong><\/li>\n<li><strong>Francis K<span style=\"color: #000000;\">inard &#8211; <span style=\"color: #00ccff;\"><a style=\"color: #00ccff;\" href=\"https:\/\/www.youtube.com\/watch?v=73T7s6eRtXc&amp;feature=youtu.be\" target=\"_blank\" rel=\"noopener noreferrer\">Lieu de destination envahi<\/a><\/span><\/span><\/strong><\/li>\n<li><span style=\"color: #000000;\"><strong>Lars Boettger &#8211; <span style=\"color: #00ccff;\"><a style=\"color: #00ccff;\" href=\"https:\/\/www.youtube.com\/watch?v=K4-cjOVFGAo&amp;feature=youtu.be\" target=\"_blank\" rel=\"noopener noreferrer\">Union Postale Allemande Autrichienne<\/a><\/span><\/strong><\/span><\/li>\n<li><span style=\"color: #000000;\"><strong>Mark Bottu &#8211; <span style=\"color: #00ccff;\"><a style=\"color: #00ccff;\" href=\"https:\/\/www.youtube.com\/watch?v=ikAT0PX7iew&amp;feature=youtu.be\" target=\"_blank\" rel=\"noopener noreferrer\"><b>Thurn and Taxis Post in <\/b><b>the Southern <\/b><b>Netherlands <\/b><b>1501 <\/b><b>&#8211;\u00a0 1794<\/b><\/a><\/span><\/strong><\/span><\/li>\n<li><span style=\"color: #000000;\"><strong>Olivier Nosbaum &#8211; <span style=\"color: #00ccff;\"><a style=\"color: #00ccff;\" href=\"https:\/\/www.youtube.com\/watch?v=ys6n-WhJn54&amp;feature=youtu.be\" target=\"_blank\" rel=\"noopener noreferrer\"><b>Luxembourg &#8211;<\/b>\u00a0\u00abMagasin du Timbre\u00bb au 19e si\u00e8cle &#8211; Son histoire et son r\u00f4le<\/a><\/span><\/strong><\/span><\/li>\n<li><span style=\"color: #000000;\"><strong>Willy Monfils &#8211; <span style=\"color: #00ccff;\"><a style=\"color: #00ccff;\" href=\"https:\/\/www.youtube.com\/watch?v=wfu2ElqF8Fk&amp;feature=youtu.be\" target=\"_blank\" rel=\"noopener noreferrer\">Courriers militaires belges 14-18<\/a><\/span><\/strong><\/span><\/li>\n<li><span style=\"color: #000000;\"><strong>Yves Vertommen &#8211; <span style=\"color: #00ccff;\"><a style=\"color: #00ccff;\" href=\"https:\/\/www.youtube.com\/watch?v=du0bBB3DjU0&amp;feature=youtu.be\" target=\"_blank\" rel=\"noopener noreferrer\">Les mandats de poste (1849-1866)<\/a><\/span><\/strong><\/span><\/li>\n<\/ul>\n<p><span style=\"color: #ff0000;\"><strong>21 november 2020 :\u00a0<\/strong><\/span><\/p>\n<ul>\n<li><strong>Robert Abensur &#8211; <span style=\"color: #00ccff;\"><a style=\"color: #00ccff;\" href=\"https:\/\/www.youtube.com\/watch?v=D82bkehrTN4&amp;feature=youtu.be\" target=\"_blank\" rel=\"noopener noreferrer\">Tour du monde WW2<\/a><\/span><\/strong><\/li>\n<li><strong>Guy Coutant &#8211; <span style=\"color: #00ccff;\"><a style=\"color: #00ccff;\" href=\"https:\/\/www.youtube.com\/watch?v=P4hXm4tiZ5o&amp;feature=youtu.be\" target=\"_blank\" rel=\"noopener noreferrer\">Jean Nicolet<\/a><\/span><\/strong><\/li>\n<li><strong>Philippe Lindekens &#8211; <a href=\"https:\/\/youtu.be\/sv49heeCY0c\" target=\"_blank\" rel=\"noopener noreferrer\"><span style=\"color: #00ccff;\">\u00ab Cachets horaires t\u00e9l\u00e9graphiques \u00bb &#8211; au Maroc &amp; \u00e0 Madagascar<\/span><\/a><\/strong><\/li>\n<li><strong>Henk Slabbinck &#8211; <span style=\"color: #00ccff;\"><a style=\"color: #00ccff;\" href=\"https:\/\/www.youtube.com\/watch?v=iIOoktBQEcE&amp;feature=youtu.be\" target=\"_blank\" rel=\"noopener noreferrer\">Intern\u00e9s allemands juifs 40-45 &#8211; PO BOX 1000 &#8211; Mauritius<\/a><\/span><\/strong><\/li>\n<\/ul>\n<p><span style=\"color: #ff0000;\"><strong>17 October 2020 :\u00a0<\/strong><\/span><\/p>\n<ul>\n<li><strong>Robert Abensur \u2013\u00a0<span style=\"color: #00ccff;\"><a style=\"color: #00ccff;\" href=\"https:\/\/youtu.be\/XrKgOqFFndM\" target=\"_blank\" rel=\"noopener noreferrer\">Maastricht-Ajaccio en 1796<\/a><\/span><\/strong><\/li>\n<li><strong>Guy Coutant \u2013 <span style=\"color: #00ccff;\"><a style=\"color: #00ccff;\" href=\"https:\/\/youtu.be\/-8Ds2m1d-7k\" target=\"_blank\" rel=\"noopener noreferrer\">La guerre du Chaco 1932-35<\/a><\/span><\/strong><\/li>\n<li><strong>Francis Kinard \u2013\u00a0<span style=\"color: #00ccff;\"><a style=\"color: #00ccff;\" href=\"https:\/\/youtu.be\/kv31X1qTffM\" target=\"_blank\" rel=\"noopener noreferrer\">Lettre du G\u00e9n\u00e9ral Championnet<\/a><\/span><\/strong><\/li>\n<li><strong>Henk Slabbinck \u2013\u00a0<span style=\"color: #00ccff;\"><a style=\"color: #00ccff;\" href=\"https:\/\/www.youtube.com\/watch?v=dxFBsjValgI\" target=\"_blank\" rel=\"noopener noreferrer\">Courriers de p\u00eacheurs fran\u00e7ais \u00e0 Terre-Neuve<\/a><\/span><\/strong><\/li>\n<li><strong>Marc Symens \u2013\u00a0<span style=\"color: #00ccff;\"><a style=\"color: #00ccff;\" href=\"https:\/\/www.youtube.com\/watch?v=cfOxttY7Nzw\" target=\"_blank\" rel=\"noopener noreferrer\">1928 Antwerpse postzegeldagen<\/a>\u00a0<\/span><\/strong><\/li>\n<\/ul>\n<p><span style=\"color: #ff0000;\"><strong>12 September 2020 :\u00a0<\/strong><\/span><\/p>\n<ul>\n<li><strong>Francis Kinard \u2013\u00a0<span style=\"color: #00ccff;\"><a style=\"color: #00ccff;\" href=\"https:\/\/www.youtube.com\/watch?v=SRH8Iu7L5As\">lettre Arm\u00e9e de Catalogne<\/a><\/span><\/strong><\/li>\n<li><strong>Ph Lindekens \u2013<a href=\"https:\/\/www.youtube.com\/watch?v=mNUcRcLwg9k\" target=\"_blank\" rel=\"noopener noreferrer\">\u00a0<span style=\"color: #00ccff;\">les<\/span> <span style=\"color: #00ccff;\">affranchissements mixtes de la Poste Ch\u00e9rifienne du Maroc<\/span><\/a><\/strong><\/li>\n<li><strong>Th Lindekens \u2013\u00a0<span style=\"color: #00ccff;\"><a style=\"color: #00ccff;\" href=\"https:\/\/www.youtube.com\/watch?v=iwwUYxX-Hrk\">China Coiling Dragon \u2013 imperial post \u2013 part I<\/a><\/span><\/strong><\/li>\n<li><strong>Vincent Schouberechts \u2013\u00a0<a href=\"https:\/\/www.youtube.com\/watch?v=mzzbmxT25kM\"><span style=\"color: #00ccff;\">Caricatures Mulreadys<\/span><\/a><\/strong><\/li>\n<\/ul>\n<p>&nbsp;<\/p>\n<p>&nbsp;<\/p>\n","protected":false},"excerpt":{"rendered":"<p>\u00a0Videoconferenties met Zoom Us, opgenomen en zichtbaar op YouTube via onderstaande links Alle elementen van de conferenties die geplaatst zijn op de website vallen onder de Copyright-reglementering en kunnen dus niet gebruikt of aangepast worden zonder het formeel akkoord van de spreker. De Powerpoint-presentaties waarvan de sprekers gebruik maken zullen niet ter beschikking gesteld worden [&hellip;]<\/p>\n","protected":false},"author":3,"featured_media":0,"parent":0,"menu_order":0,"comment_status":"closed","ping_status":"closed","template":"","meta":{"_acf_changed":false,"_exactmetrics_skip_tracking":false,"_exactmetrics_sitenote_active":false,"_exactmetrics_sitenote_note":"","_exactmetrics_sitenote_category":0,"footnotes":""},"class_list":["post-1782","page","type-page","status-publish","hentry"],"acf":[],"yoast_head":"<!-- This site is optimized with the Yoast SEO plugin v27.0 - https:\/\/yoast.com\/product\/yoast-seo-wordpress\/ -->\n<title>ZOOM - Academy Belgium<\/title>\n<meta name=\"description\" content=\"Vind al onze verslagen, voordrachten en zetelredes hier terug.\" \/>\n<meta name=\"robots\" content=\"index, follow, max-snippet:-1, max-image-preview:large, max-video-preview:-1\" \/>\n<link rel=\"canonical\" href=\"https:\/\/www.academiebelgium.be\/nl\/zoom\/\" \/>\n<meta property=\"og:locale\" content=\"nl_BE\" \/>\n<meta property=\"og:type\" content=\"article\" \/>\n<meta property=\"og:title\" content=\"ZOOM - Academy Belgium\" \/>\n<meta property=\"og:description\" content=\"Vind al onze verslagen, voordrachten en zetelredes hier terug.\" \/>\n<meta property=\"og:url\" content=\"https:\/\/www.academiebelgium.be\/nl\/zoom\/\" \/>\n<meta property=\"og:site_name\" content=\"Academy Belgium\" \/>\n<meta property=\"article:modified_time\" content=\"2023-01-26T12:51:49+00:00\" \/>\n<meta name=\"twitter:card\" content=\"summary_large_image\" \/>\n<meta name=\"twitter:label1\" content=\"Geschatte leestijd\" \/>\n\t<meta name=\"twitter:data1\" content=\"4 minuten\" \/>\n<script type=\"application\/ld+json\" class=\"yoast-schema-graph\">{\"@context\":\"https:\/\/schema.org\",\"@graph\":[{\"@type\":\"WebPage\",\"@id\":\"https:\/\/www.academiebelgium.be\/nl\/zoom\/\",\"url\":\"https:\/\/www.academiebelgium.be\/nl\/zoom\/\",\"name\":\"ZOOM - Academy Belgium\",\"isPartOf\":{\"@id\":\"https:\/\/www.academiebelgium.be\/nl\/#website\"},\"datePublished\":\"2019-01-28T15:07:26+00:00\",\"dateModified\":\"2023-01-26T12:51:49+00:00\",\"description\":\"Vind al onze verslagen, voordrachten en zetelredes hier terug.\",\"breadcrumb\":{\"@id\":\"https:\/\/www.academiebelgium.be\/nl\/zoom\/#breadcrumb\"},\"inLanguage\":\"nl-BE\",\"potentialAction\":[{\"@type\":\"ReadAction\",\"target\":[\"https:\/\/www.academiebelgium.be\/nl\/zoom\/\"]}]},{\"@type\":\"BreadcrumbList\",\"@id\":\"https:\/\/www.academiebelgium.be\/nl\/zoom\/#breadcrumb\",\"itemListElement\":[{\"@type\":\"ListItem\",\"position\":1,\"name\":\"Home\",\"item\":\"https:\/\/www.academiebelgium.be\/nl\/\"},{\"@type\":\"ListItem\",\"position\":2,\"name\":\"ZOOM\"}]},{\"@type\":\"WebSite\",\"@id\":\"https:\/\/www.academiebelgium.be\/nl\/#website\",\"url\":\"https:\/\/www.academiebelgium.be\/nl\/\",\"name\":\"Academy Belgium\",\"description\":\"Just another WordPress site\",\"publisher\":{\"@id\":\"https:\/\/www.academiebelgium.be\/nl\/#organization\"},\"potentialAction\":[{\"@type\":\"SearchAction\",\"target\":{\"@type\":\"EntryPoint\",\"urlTemplate\":\"https:\/\/www.academiebelgium.be\/nl\/?s={search_term_string}\"},\"query-input\":{\"@type\":\"PropertyValueSpecification\",\"valueRequired\":true,\"valueName\":\"search_term_string\"}}],\"inLanguage\":\"nl-BE\"},{\"@type\":\"Organization\",\"@id\":\"https:\/\/www.academiebelgium.be\/nl\/#organization\",\"name\":\"Academy Belgium\",\"url\":\"https:\/\/www.academiebelgium.be\/nl\/\",\"logo\":{\"@type\":\"ImageObject\",\"inLanguage\":\"nl-BE\",\"@id\":\"https:\/\/www.academiebelgium.be\/nl\/#\/schema\/logo\/image\/\",\"url\":\"https:\/\/www.academiebelgium.be\/wp-content\/uploads\/2018\/10\/logo.png\",\"contentUrl\":\"https:\/\/www.academiebelgium.be\/wp-content\/uploads\/2018\/10\/logo.png\",\"width\":125,\"height\":125,\"caption\":\"Academy Belgium\"},\"image\":{\"@id\":\"https:\/\/www.academiebelgium.be\/nl\/#\/schema\/logo\/image\/\"}}]}<\/script>\n<!-- \/ Yoast SEO plugin. -->","yoast_head_json":{"title":"ZOOM - Academy Belgium","description":"Vind al onze verslagen, voordrachten en zetelredes hier terug.","robots":{"index":"index","follow":"follow","max-snippet":"max-snippet:-1","max-image-preview":"max-image-preview:large","max-video-preview":"max-video-preview:-1"},"canonical":"https:\/\/www.academiebelgium.be\/nl\/zoom\/","og_locale":"nl_BE","og_type":"article","og_title":"ZOOM - Academy Belgium","og_description":"Vind al onze verslagen, voordrachten en zetelredes hier terug.","og_url":"https:\/\/www.academiebelgium.be\/nl\/zoom\/","og_site_name":"Academy Belgium","article_modified_time":"2023-01-26T12:51:49+00:00","twitter_card":"summary_large_image","twitter_misc":{"Geschatte leestijd":"4 minuten"},"schema":{"@context":"https:\/\/schema.org","@graph":[{"@type":"WebPage","@id":"https:\/\/www.academiebelgium.be\/nl\/zoom\/","url":"https:\/\/www.academiebelgium.be\/nl\/zoom\/","name":"ZOOM - Academy Belgium","isPartOf":{"@id":"https:\/\/www.academiebelgium.be\/nl\/#website"},"datePublished":"2019-01-28T15:07:26+00:00","dateModified":"2023-01-26T12:51:49+00:00","description":"Vind al onze verslagen, voordrachten en zetelredes hier terug.","breadcrumb":{"@id":"https:\/\/www.academiebelgium.be\/nl\/zoom\/#breadcrumb"},"inLanguage":"nl-BE","potentialAction":[{"@type":"ReadAction","target":["https:\/\/www.academiebelgium.be\/nl\/zoom\/"]}]},{"@type":"BreadcrumbList","@id":"https:\/\/www.academiebelgium.be\/nl\/zoom\/#breadcrumb","itemListElement":[{"@type":"ListItem","position":1,"name":"Home","item":"https:\/\/www.academiebelgium.be\/nl\/"},{"@type":"ListItem","position":2,"name":"ZOOM"}]},{"@type":"WebSite","@id":"https:\/\/www.academiebelgium.be\/nl\/#website","url":"https:\/\/www.academiebelgium.be\/nl\/","name":"Academy Belgium","description":"Just another WordPress site","publisher":{"@id":"https:\/\/www.academiebelgium.be\/nl\/#organization"},"potentialAction":[{"@type":"SearchAction","target":{"@type":"EntryPoint","urlTemplate":"https:\/\/www.academiebelgium.be\/nl\/?s={search_term_string}"},"query-input":{"@type":"PropertyValueSpecification","valueRequired":true,"valueName":"search_term_string"}}],"inLanguage":"nl-BE"},{"@type":"Organization","@id":"https:\/\/www.academiebelgium.be\/nl\/#organization","name":"Academy Belgium","url":"https:\/\/www.academiebelgium.be\/nl\/","logo":{"@type":"ImageObject","inLanguage":"nl-BE","@id":"https:\/\/www.academiebelgium.be\/nl\/#\/schema\/logo\/image\/","url":"https:\/\/www.academiebelgium.be\/wp-content\/uploads\/2018\/10\/logo.png","contentUrl":"https:\/\/www.academiebelgium.be\/wp-content\/uploads\/2018\/10\/logo.png","width":125,"height":125,"caption":"Academy Belgium"},"image":{"@id":"https:\/\/www.academiebelgium.be\/nl\/#\/schema\/logo\/image\/"}}]}},"_links":{"self":[{"href":"https:\/\/www.academiebelgium.be\/nl\/wp-json\/wp\/v2\/pages\/1782","targetHints":{"allow":["GET"]}}],"collection":[{"href":"https:\/\/www.academiebelgium.be\/nl\/wp-json\/wp\/v2\/pages"}],"about":[{"href":"https:\/\/www.academiebelgium.be\/nl\/wp-json\/wp\/v2\/types\/page"}],"author":[{"embeddable":true,"href":"https:\/\/www.academiebelgium.be\/nl\/wp-json\/wp\/v2\/users\/3"}],"replies":[{"embeddable":true,"href":"https:\/\/www.academiebelgium.be\/nl\/wp-json\/wp\/v2\/comments?post=1782"}],"version-history":[{"count":15,"href":"https:\/\/www.academiebelgium.be\/nl\/wp-json\/wp\/v2\/pages\/1782\/revisions"}],"predecessor-version":[{"id":4825,"href":"https:\/\/www.academiebelgium.be\/nl\/wp-json\/wp\/v2\/pages\/1782\/revisions\/4825"}],"wp:attachment":[{"href":"https:\/\/www.academiebelgium.be\/nl\/wp-json\/wp\/v2\/media?parent=1782"}],"curies":[{"name":"wp","href":"https:\/\/api.w.org\/{rel}","templated":true}]}}