{"id":3772,"date":"2020-11-21T13:30:15","date_gmt":"2020-11-21T13:30:15","guid":{"rendered":"https:\/\/www.academiebelgium.be\/?page_id=3772"},"modified":"2024-12-27T17:25:04","modified_gmt":"2024-12-27T17:25:04","slug":"pptx-nl","status":"publish","type":"page","link":"https:\/\/www.academiebelgium.be\/nl\/pptx-nl\/","title":{"rendered":"Powerpoints"},"content":{"rendered":"<p><em>De Powerpoints van de ABA \u2013 voordrachten, in PDF , zijn beschikbaar via onderstaande links.<\/em><\/p>\n<p>Alle elementen van de conferenties die geplaatst zijn op de website vallen onder de Copyright-reglementering en kunnen dus niet gebruikt of aangepast worden zonder het formeel akkoord van de spreker. De Powerpoint-presentaties (PPTX file) waarvan de sprekers gebruik maken zullen niet ter beschikking gesteld worden op de website. Zij zullen enkel kunnen verkregen worden bij de sprekers zelf, en met hun akkoord.<\/p>\n<p><strong><span style=\"color: #ff0000;\">23 november 2024 :<\/span><\/strong><\/p>\n<ul>\n<li><strong>Pascal Lie\u0301vin &#8211; <span style=\"color: #00ccff;\"><a style=\"color: #00ccff;\" href=\"https:\/\/www.academiebelgium.be\/wp-content\/uploads\/2024\/12\/Pascal-Lievin-2024.pdf\" target=\"_blank\" rel=\"noopener\">Dictons et Marcophilie<\/a><\/span><\/strong><\/li>\n<li><strong>Jan Bonroy &#8211; <span style=\"color: #00ccff;\"><a style=\"color: #00ccff;\" href=\"https:\/\/www.academiebelgium.be\/wp-content\/uploads\/2024\/12\/Jan-Bonroy-2024-11-23-NL.pdf\" target=\"_blank\" rel=\"noopener\">Klassieke lettertypes &#8211; 20 Centiemen Blauw &#8211; Periode 1849-1870<\/a><\/span><\/strong><\/li>\n<\/ul>\n<p><strong><span style=\"color: #ff0000;\">5 october 2024 :<\/span><\/strong><\/p>\n<ul>\n<li><strong>Alain Pierret &#8211; <a href=\"https:\/\/www.academiebelgium.be\/wp-content\/uploads\/2024\/11\/A.-Pierret-2024.05.10.pdf\" target=\"_blank\" rel=\"noopener\"><span style=\"color: #00ccff;\"><b>Antikapitalistische taks \u2026???<\/b><\/span><\/a><\/strong><\/li>\n<li><strong>Francis Kinard &#8211; <a href=\"https:\/\/www.academiebelgium.be\/wp-content\/uploads\/2024\/11\/F.-KInard-2024.05.10.pdf\" target=\"_blank\" rel=\"noopener\"><span style=\"color: #00ccff;\"><b><i>De <\/i><\/b><b><i>annexatie<\/i><\/b><b><i> van de <\/i><\/b><b><i>Agogna<\/i><\/b> <b><i>door<\/i><\/b><b><i> de <\/i><\/b><b><i>Cisalpijnse<\/i><\/b> <b><i>Republiek<\/i><\/b><\/span><\/a><\/strong><\/li>\n<li><strong>Guy Coutant &#8211; <a href=\"https:\/\/www.academiebelgium.be\/wp-content\/uploads\/2024\/11\/Fiji-Times-Express-Stamps.pdf\" target=\"_blank\" rel=\"noopener\"><span style=\"color: #00ccff;\">Fiji Times Express Stamps<\/span><\/a><\/strong><\/li>\n<li><strong><strong>Lars Boettger &#8211; <a href=\"https:\/\/www.academiebelgium.be\/wp-content\/uploads\/2024\/11\/L.-Boettger-2024.05.10.pdf\" target=\"_blank\" rel=\"noopener\"><span style=\"color: #00ccff;\">Brief van <\/span><\/a><\/strong><\/strong><strong><a href=\"https:\/\/www.academiebelgium.be\/wp-content\/uploads\/2024\/11\/L.-Boettger-2024.05.10.pdf\" target=\"_blank\" rel=\"noopener\"><span style=\"color: #00ccff;\">Luxemburg naar Luik 1874<\/span><\/a><\/strong><\/li>\n<li><strong>Lucien Van Hecke &#8211; <a href=\"https:\/\/www.academiebelgium.be\/wp-content\/uploads\/2024\/11\/Historiek-Blaster-Van-Hecke.pdf\" target=\"_blank\" rel=\"noopener\"><span style=\"color: #00ccff;\">Historiek van de Blasters<\/span><\/a><\/strong><\/li>\n<\/ul>\n<p><strong><span style=\"color: #ff0000;\">15 juni 2024 :\u00a0<\/span><\/strong><\/p>\n<ul>\n<li><strong>Donald Decorte &#8211; <span style=\"color: #00ccff;\">\u00a0<a href=\"https:\/\/www.academiebelgium.be\/wp-content\/uploads\/2024\/08\/D.-Decorte-2024.15.06.pdf\" target=\"_blank\" rel=\"noopener\"><span style=\"color: #00ccff;\">De internationale spoorlijn Gent &#8211; Terneuzen<\/span><\/a><\/span><\/strong><\/li>\n<li><strong>Guy Coutant &#8211; <a href=\"https:\/\/www.academiebelgium.be\/wp-content\/uploads\/2024\/08\/Guy-Coutant.pptx-2024.15.06.pdf\" target=\"_blank\" rel=\"noopener\"><span style=\"color: #00ccff;\">Christmas Island<\/span><\/a>\u00a0\u00a0<\/strong><\/li>\n<li><strong>Lars Boettger &#8211; <a href=\"https:\/\/www.academiebelgium.be\/wp-content\/uploads\/2024\/08\/L.-Boettger-2024.15.06.pdf\" target=\"_blank\" rel=\"noopener\"><span style=\"color: #00ccff;\">Postcontracten tussen GE Lux et Belgi\u00eb<\/span><\/a><\/strong><\/li>\n<li><strong><strong>Marc Symens &#8211; <\/strong><a href=\"https:\/\/www.academiebelgium.be\/wp-content\/uploads\/2024\/08\/Marc-Symens.pptx-2024.15.06.pdf\" target=\"_blank\" rel=\"noopener\"><span style=\"color: #00ccff;\">Fiscaal gezegeld papier, opnieuw fiscaal gezegeld<\/span><\/a><\/strong><\/li>\n<\/ul>\n<p><strong><span style=\"color: #ff0000;\">Brabantfil 2024 &#8211; <a href=\"https:\/\/www.academiebelgium.be\/wp-content\/uploads\/2024\/08\/Powerpoint-BRABANTFIL-24.pdf\" target=\"_blank\" rel=\"noopener\"><b><span style=\"color: #00ccff;\">DEELNAME van de leden<\/span><\/b><\/a>\u00a0<\/span><\/strong><\/p>\n<p><strong><span style=\"color: #ff0000;\">2 maart 2024 :\u00a0<\/span><\/strong><\/p>\n<ul>\n<li><strong>Guy Coutant &#8211; <a href=\"https:\/\/www.academiebelgium.be\/wp-content\/uploads\/2024\/03\/G.-Coutant-2024.02.03.pdf\" target=\"_blank\" rel=\"noopener\"><span style=\"color: #00ccff;\">Twes Duitse blinders<\/span><\/a><\/strong><\/li>\n<li><strong>Mark Bottu &#8211; <a href=\"https:\/\/www.academiebelgium.be\/wp-content\/uploads\/2024\/03\/M.-Bottu-2024.02.03.pdf\" target=\"_blank\" rel=\"noopener\"><span style=\"color: #00ccff;\">Reorganisation of the Belgian post after WW2 &#8211; provisional measures<\/span><\/a><\/strong><\/li>\n<li><strong><strong>Jacques Stes &#8211; <\/strong><\/strong><a href=\"https:\/\/www.academiebelgium.be\/wp-content\/uploads\/2024\/03\/J.-Stes-2024.02.03.pdf\" target=\"_blank\" rel=\"noopener\"><b><span style=\"color: #00ccff;\">Belgische militaire censuur op Belgische briefwisseling in Frankrijk in de zomer 1940<\/span><\/b><\/a><\/li>\n<li><strong><strong>Lars Boettger &#8211; <\/strong><\/strong><a href=\"https:\/\/www.academiebelgium.be\/wp-content\/uploads\/2024\/03\/L.-Boettger-2024.02.03.pdf\" target=\"_blank\" rel=\"noopener\"><b><span style=\"color: #00ccff;\">Invoering van de matrixcode op Duitse postzegels<\/span><\/b><\/a><\/li>\n<\/ul>\n<p><strong><span style=\"color: #ff0000;\">13 januari 2024 :\u00a0<\/span><\/strong><\/p>\n<ul>\n<li><strong>Guy Coutant &#8211; <a href=\"https:\/\/www.academiebelgium.be\/wp-content\/uploads\/2024\/01\/De-Pest.pdf\" target=\"_blank\" rel=\"noopener\"><span style=\"color: #00ccff;\">De pest<\/span><\/a><\/strong><\/li>\n<li><strong>Francis Kinard &#8211; <a href=\"https:\/\/www.academiebelgium.be\/wp-content\/uploads\/2024\/01\/2024.13.01.F.-Kinard.pdf\" target=\"_blank\" rel=\"noopener\"><span style=\"color: #00ccff;\">De 100.000 zonen van Sint-Lodewijk<\/span><\/a><\/strong><\/li>\n<\/ul>\n<p><strong><span style=\"color: #ff0000;\">9 december 2023 :\u00a0<\/span><\/strong><\/p>\n<ul>\n<li><strong>Luc Content &#8211; <a href=\"https:\/\/www.academiebelgium.be\/wp-content\/uploads\/2024\/01\/L.-Content-2023.09.12-deel-2.pdf\" target=\"_blank\" rel=\"noopener\"><span style=\"color: #00ccff;\">Iles Anglo-Normandes Letter Forwarding Agents &#8211; part 2<\/span><\/a><\/strong><\/li>\n<li><strong>Guy Coutant &#8211; <a href=\"https:\/\/www.academiebelgium.be\/wp-content\/uploads\/2024\/01\/Gaffe-monumentale-au-Cameroun.pdf\" target=\"_blank\" rel=\"noopener\"><span style=\"color: #00ccff;\">Gaffe monumentale au Cameroun<\/span><\/a><\/strong><\/li>\n<li><strong>Dominic Henderson &#8211; <a href=\"https:\/\/www.academiebelgium.be\/wp-content\/uploads\/2024\/01\/D.-Henderson-2023.09.12.pdf\" target=\"_blank\" rel=\"noopener\"><span style=\"color: #00ccff;\">Wat over EXPRES en EXPRES-Zegels<\/span><\/a><\/strong><\/li>\n<li><strong>Jan Heijs &#8211; <a href=\"https:\/\/www.academiebelgium.be\/wp-content\/uploads\/2024\/01\/J.-Heijs-2023.09.12.pdf\" target=\"_blank\" rel=\"noopener\"><span style=\"color: #00ccff;\">Postkrieg<\/span><\/a><\/strong><\/li>\n<\/ul>\n<p><strong><span style=\"color: #ff0000;\">23 september 2023 :\u00a0<\/span><\/strong><\/p>\n<ul>\n<li><strong>Mark Bottu &#8211; <a href=\"https:\/\/www.academiebelgium.be\/wp-content\/uploads\/2023\/10\/M.-Bottu-2023.23.09.pdf\" target=\"_blank\" rel=\"noopener\"><span style=\"color: #00ccff;\">De Indiaanse Reductiones gesticht door de Jezu\u00efeten in Zuid Amerika<\/span><\/a><\/strong><\/li>\n<li><strong>Luc Content &#8211; <a href=\"https:\/\/www.academiebelgium.be\/wp-content\/uploads\/2023\/10\/L.-Content-2023.23.09-deel-1.pdf\" target=\"_blank\" rel=\"noopener\"><span style=\"color: #00ccff;\">Iles Anglo-Normandes Letter Forwarding Agents &#8211; part I<\/span><\/a><\/strong><\/li>\n<li><strong>Francis Kinard &#8211; <a href=\"https:\/\/www.academiebelgium.be\/wp-content\/uploads\/2023\/10\/F.-Kinard-2023.23.09.pdf\" target=\"_blank\" rel=\"noopener\"><span style=\"color: #00ccff;\">La Principaut\u00e9 de Lucques et Piombino (1805-1814)<\/span><\/a><\/strong><\/li>\n<\/ul>\n<p><strong><span style=\"color: #ff0000;\">24 juni 2023 :\u00a0<\/span><\/strong><\/p>\n<ul>\n<li><strong>Vincent Schouberechts &#8211;\u00a0 <a href=\"https:\/\/www.academiebelgium.be\/wp-content\/uploads\/2023\/07\/V.-Schouberechts-ABA-2023.24.06.pdf\" target=\"_blank\" rel=\"noopener\"><span style=\"color: #00ccff;\">Nederlandn enkele nieuwe gegevens van Genesis Uitgifte 1852<\/span><\/a><\/strong><\/li>\n<li><strong>Hubert Caprasse &#8211; <a href=\"https:\/\/www.academiebelgium.be\/wp-content\/uploads\/2023\/07\/H.-Caprasse-ABA-2023.24.06.pdf\" target=\"_blank\" rel=\"noopener\"><span style=\"color: #00ccff;\">Baudouin Marchand brief naar Australia<\/span><\/a><\/strong><\/li>\n<\/ul>\n<p><strong><span style=\"color: #ff0000;\">22 april 2023 :\u00a0<\/span><\/strong><\/p>\n<ul>\n<li><strong>Pascal Lievin &#8211; <\/strong><a href=\"https:\/\/www.academiebelgium.be\/wp-content\/uploads\/2023\/05\/P.-Lievin-ABA-2023.22.04pptx.pdf\" target=\"_blank\" rel=\"noopener\"><strong><span style=\"color: #00ccff;\"><i>Guerre postale contre la Rhod\u00e9sie<\/i><\/span><\/strong><\/a><\/li>\n<li><strong>Jacques Stes &#8211; <\/strong><a href=\"https:\/\/www.academiebelgium.be\/wp-content\/uploads\/2023\/05\/J.-Stes-ABA-2023.22.04-.pdf\" target=\"_blank\" rel=\"noopener\"><strong><span style=\"color: #00ccff;\"><i>De post van de militairen tijdens de mobilisaties 28-39<\/i><\/span><\/strong><\/a><\/li>\n<li><strong>Guy Coutant &#8211;<\/strong><a href=\"https:\/\/www.academiebelgium.be\/wp-content\/uploads\/2023\/05\/G.-Coutant-ABA-2023.22.04.pdf\" target=\"_blank\" rel=\"noopener\"><strong><span style=\"color: #00ccff;\"><i> Sperati<\/i><\/span><\/strong><\/a><\/li>\n<li><strong>Jean Deposson &#8211; <a href=\"https:\/\/www.academiebelgium.be\/wp-content\/uploads\/2023\/05\/J.-Deposson-ABA-2023.22.04.pdf\" target=\"_blank\" rel=\"noopener\"><span style=\"color: #00ccff;\"><i>L\u2019erreur de FEXHE LE HAUT CLOCHER<\/i><\/span><\/a><\/strong><\/li>\n<\/ul>\n<p><strong><span style=\"color: #ff0000;\">4 maart 2023 :\u00a0<\/span><\/strong><\/p>\n<ul>\n<li><strong>Francis Kinard<\/strong> &#8211; <a href=\"https:\/\/www.academiebelgium.be\/wp-content\/uploads\/2023\/03\/F.-Kinard-ABA-2023.04.03.pdf\" target=\"_blank\" rel=\"noopener\"><strong><span style=\"color: #00ccff;\"><i>De Fransen in het koninkrijk Napels<\/i><\/span><\/strong><\/a><\/li>\n<li><strong>Mark Bottu<\/strong>&#8211; <a href=\"https:\/\/www.academiebelgium.be\/wp-content\/uploads\/2023\/03\/M.-Bottu-ABA-2023.04.03.pdf\" target=\"_blank\" rel=\"noopener\"><strong><span style=\"color: #00ccff;\"><i>K\u00e9pi transatlantic flights America<\/i><\/span><\/strong><\/a><\/li>\n<li><strong>Guy Coutant<\/strong> &#8211; <a href=\"https:\/\/www.academiebelgium.be\/wp-content\/uploads\/2023\/03\/G.-Coutant-ABA-2023.04.03.pdf\" target=\"_blank\" rel=\"noopener\"><strong><span style=\"color: #00ccff;\"><i>Filatelistische kemels<\/i><\/span><\/strong><\/a><\/li>\n<li><strong>Philippe Lindekens<\/strong> &#8211; <a href=\"https:\/\/www.academiebelgium.be\/wp-content\/uploads\/2023\/03\/P.-Lindekens-ABA-2023.04.03.pdf\" target=\"_blank\" rel=\"noopener\"><strong><span style=\"color: #00ccff;\"><i>Congo De post van de vluchtelingen in juli 1960<\/i><\/span><\/strong><\/a><\/li>\n<\/ul>\n<p><strong><span style=\"color: #ff0000;\">28 januari 2023 :\u00a0<\/span><\/strong><\/p>\n<ul>\n<li><strong>Charly Bruart<\/strong> &#8211; <a href=\"https:\/\/www.academiebelgium.be\/wp-content\/uploads\/2023\/03\/C.-Bruart-ABA-2023.28.01.pdf\" target=\"_blank\" rel=\"noopener\"><strong><span style=\"color: #00ccff;\"><i>Astrid, een aanbeden koningin<\/i><\/span><\/strong><\/a><\/li>\n<li><strong>Daniel Goffin &#8211; <a href=\"https:\/\/www.academiebelgium.be\/wp-content\/uploads\/2023\/03\/D.-Goffin-ABA-2023.28.01.pdf\" target=\"_blank\" rel=\"noopener\"><span style=\"color: #00ccff;\"><i>Posttarieven bij verkiezingen<\/i><\/span><\/a><\/strong><\/li>\n<li><strong>Lars Boettger &#8211;\u00a0<\/strong><a href=\"https:\/\/www.academiebelgium.be\/wp-content\/uploads\/2023\/03\/L.-Boettger-ABA-2023.28.01.pdf\" target=\"_blank\" rel=\"noopener\"><strong><span style=\"color: #00ccff;\"><i>Bpost &#8211; Gebruik van zeldzame aardmetalen<\/i><\/span><\/strong><\/a><\/li>\n<\/ul>\n<p><strong><span style=\"color: #ff0000;\">19 november 2022 :\u00a0<\/span><\/strong><\/p>\n<ul>\n<li><strong>Ruud Verberne &#8211;<span style=\"color: #00ccff;\"> <a style=\"color: #00ccff;\" href=\"https:\/\/www.academiebelgium.be\/wp-content\/uploads\/2023\/01\/R.-Verberne-ABA-2.pdf\" target=\"_blank\" rel=\"noopener\"><i>De laatste 100 dagen van het Duizendjarige Duitse Rijk<\/i><\/a><\/span><\/strong><\/li>\n<\/ul>\n<p><strong><span style=\"color: #ff0000;\">24 september 2022 :\u00a0<\/span><\/strong><\/p>\n<ul>\n<li><strong>Willy Monfils &#8211; <span style=\"color: #00ccff;\"><a style=\"color: #00ccff;\" href=\"https:\/\/www.academiebelgium.be\/wp-content\/uploads\/2022\/10\/W.-Monfils-2022.24.09.pdf\" target=\"_blank\" rel=\"noopener\">Cognelee 14-18<\/a><\/span><\/strong><\/li>\n<li><strong>Roger Baurain &#8211; <span style=\"color: #00ccff;\"><a style=\"color: #00ccff;\" href=\"https:\/\/www.academiebelgium.be\/wp-content\/uploads\/2022\/10\/R.-Baurain-2022.24.09.pdf\" target=\"_blank\" rel=\"noopener\">De onjuiste annulering \u00ab BEVECOM \/ BEAUVECHAIN \u00bb uit 1911<\/a><\/span><\/strong><\/li>\n<li><strong>Francis Kinard &#8211; <span style=\"color: #00ccff;\"><a style=\"color: #00ccff;\" href=\"https:\/\/www.academiebelgium.be\/wp-content\/uploads\/2022\/10\/F.-Kinard-2022.24.09.pdf\" target=\"_blank\" rel=\"noopener\">Le si\u00e8ge de Toulon (1793)<\/a><\/span><\/strong><\/li>\n<li><strong>Luc Content &#8211; <span style=\"color: #00ccff;\"><a style=\"color: #00ccff;\" href=\"https:\/\/www.academiebelgium.be\/wp-content\/uploads\/2022\/10\/L.-Content-2002.24.09.pdf\" target=\"_blank\" rel=\"noopener\">Boites mobiles des \u00eeles anglo-normandes<\/a><\/span><\/strong><\/li>\n<li><strong>Luc Selis &#8211; <span style=\"color: #00ccff;\"><a style=\"color: #00ccff;\" href=\"https:\/\/www.academiebelgium.be\/wp-content\/uploads\/2024\/01\/Ocean-Letters-handout-RPSL-final.pdf\" target=\"_blank\" rel=\"noopener\">Ocean Letters (RPSL 11.01.2024)<\/a><\/span><\/strong><\/li>\n<\/ul>\n<p><span style=\"color: #ff0000;\"><strong>25 juni 2022\u00a0 :\u00a0<\/strong><\/span><\/p>\n<ul>\n<li><strong>Marc Symens &#8211; <span style=\"color: #00ccff;\"><a style=\"color: #00ccff;\" href=\"https:\/\/www.academiebelgium.be\/wp-content\/uploads\/2022\/07\/voorstel-voor-website-ABA-ipv-powerpoint.pdf\" target=\"_blank\" rel=\"noopener\">De Belgische zegels met opdruk CHINE<\/a><\/span> (PPTX coming soon)<\/strong><\/li>\n<li><strong>Marc Bottu &#8211; <span style=\"color: #00ccff;\"><a style=\"color: #00ccff;\" href=\"https:\/\/www.academiebelgium.be\/wp-content\/uploads\/2022\/07\/M.-Bottu-2022.25.06.pdf\" target=\"_blank\" rel=\"noopener\">Les postes aux lettres et marques postales (Herlant)<\/a><\/span><\/strong><\/li>\n<li><strong>Ronny Van Pellecom &#8211; <span style=\"color: #00ccff;\"><a style=\"color: #00ccff;\" href=\"https:\/\/www.academiebelgium.be\/wp-content\/uploads\/2022\/07\/R.-Van-Pellecom-2022.25.06.pdf\" target=\"_blank\" rel=\"noopener\">Mariout spoorweg<\/a><\/span><\/strong><\/li>\n<li><strong>Lars Jorgensen &#8211; <span style=\"color: #00ccff;\"><a style=\"color: #00ccff;\" href=\"https:\/\/www.academiebelgium.be\/wp-content\/uploads\/2022\/07\/L.-Jorgensen-2022.25.06.pdf\" target=\"_blank\" rel=\"noopener\">Transvaal &#8211; the 1879 one penny overprinted V.R.<\/a><\/span><\/strong><\/li>\n<\/ul>\n<p><span style=\"color: #ff0000;\"><strong>9 april 2022 (vergadering samen met de Acad\u00e9mie de Paris) :\u00a0<\/strong><\/span><\/p>\n<ul>\n<li><strong>Abensur (FR) &#8211; <a href=\"https:\/\/www.academiebelgium.be\/wp-content\/uploads\/2022\/04\/Abensur-2022.09.04-ter-neerl.pdf\" target=\"_blank\" rel=\"noopener\"><span style=\"color: #00ccff;\">Een ambassadeur van de Spaanse Nederlanden in Parijs<\/span><\/a><\/strong><\/li>\n<li><strong>Bonnefoy (FR) &#8211; <span style=\"color: #00ccff;\"><a style=\"color: #00ccff;\" href=\"https:\/\/www.academiebelgium.be\/wp-content\/uploads\/2022\/04\/Bonnefoy-2022.09.04.pdf\" target=\"_blank\" rel=\"noopener\">De douane controle van de post in de relaties tussen Frankrijk en Belgi\u00eb<\/a><\/span><\/strong><\/li>\n<li><strong>Bruart (BE) &#8211; <span style=\"color: #00ccff;\"><a style=\"color: #00ccff;\" href=\"https:\/\/www.academiebelgium.be\/wp-content\/uploads\/2022\/04\/Bruart-2022.09.04.pdf\" target=\"_blank\" rel=\"noopener\">Samenwerking tussen BE\/FR om de uitwisseling van post tijdens de eerste 3 maanden van de 2e wereldoorlog te vergemakkelijken<\/a><\/span><\/strong><\/li>\n<li><strong>Brun (FR) &#8211; <span style=\"color: #00ccff;\"><a style=\"color: #00ccff;\" href=\"https:\/\/www.academiebelgium.be\/wp-content\/uploads\/2022\/04\/Brun-2022.09.04-ter.pdf\" target=\"_blank\" rel=\"noopener\">la 3e dimension<\/a><\/span><\/strong><\/li>\n<li><strong>Goffin (BE) &#8211; <span style=\"color: #00ccff;\"><a style=\"color: #00ccff;\" href=\"https:\/\/www.academiebelgium.be\/wp-content\/uploads\/2022\/04\/Goffin-2022.09.04.pdf\" target=\"_blank\" rel=\"noopener\">Les ballons mont\u00e9s du si\u00e8ge de Paris<\/a><\/span><\/strong><\/li>\n<li><strong>Hardy (FR) &#8211;\u00a0 <span style=\"color: #00ccff;\"><a style=\"color: #00ccff;\" href=\"https:\/\/www.academiebelgium.be\/wp-content\/uploads\/2022\/04\/Hardy-2022.09.04.pdf\" target=\"_blank\" rel=\"noopener\">Zegels van de Franse departementen in Belgi\u00eb en omgeving<\/a><\/span><br \/>\n<\/strong><\/li>\n<li><strong>Parenti (FR) &#8211; <span style=\"color: #00ccff;\"><a style=\"color: #00ccff;\" href=\"https:\/\/www.academiebelgium.be\/wp-content\/uploads\/2022\/04\/Parenti-2022.09.04.pdf\" target=\"_blank\" rel=\"noopener\">Een Belgisch paspoort voor staatlozen<\/a><\/span><\/strong><\/li>\n<li><strong>Sollin (FR) &#8211; <span style=\"color: #00ccff;\"><a style=\"color: #00ccff;\" href=\"https:\/\/www.academiebelgium.be\/wp-content\/uploads\/2022\/04\/Sollin-2022.09.04-rect.pdf\" target=\"_blank\" rel=\"noopener\">De Belgische Senaat in Frankrijk<\/a><\/span><\/strong><\/li>\n<li><strong>Vertommen (BE) &#8211; <span style=\"color: #00ccff;\"><a style=\"color: #00ccff;\" href=\"https:\/\/www.academiebelgium.be\/wp-content\/uploads\/2022\/04\/Vertommen-2022.09.04.pdf\" target=\"_blank\" rel=\"noopener\">Postrelaties met Frankrijk tijdens de periode van het medaillon<\/a><\/span><\/strong><\/li>\n<\/ul>\n<p><span style=\"color: #ff0000;\"><strong>5 maart 2022 :\u00a0<\/strong><\/span><\/p>\n<ul>\n<li><strong>Hubert Caprasse &#8211; <span style=\"color: #00ccff;\"><a style=\"color: #00ccff;\" href=\"https:\/\/www.academiebelgium.be\/wp-content\/uploads\/2022\/03\/H.-Caprasse-2022-05.03.pdf\" target=\"_blank\" rel=\"noopener\">De Moens herdrukken van zegels van BERGEDORF<\/a><\/span><\/strong><\/li>\n<li><strong>Jacques Stes &#8211; <span style=\"color: #00ccff;\"><a style=\"color: #00ccff;\" href=\"https:\/\/www.academiebelgium.be\/wp-content\/uploads\/2022\/03\/J.-Stes-2022.05.03.pdf\" target=\"_blank\" rel=\"noopener\">De Belgische militaire censuur gedurende de 18-daagse veldtocht<\/a><\/span><\/strong><\/li>\n<li><strong>Adam Vanderlinden &#8211; <span style=\"color: #00ccff;\"><a style=\"color: #00ccff;\" href=\"https:\/\/www.academiebelgium.be\/wp-content\/uploads\/2022\/03\/A.-Vanderlinden-2022.05.03.pdf\" target=\"_blank\" rel=\"noopener\">Ongeldige frankeringen<\/a><\/span><\/strong><\/li>\n<li><strong>Roger Baurain &#8211; <span style=\"color: #00ccff;\"><a style=\"color: #00ccff;\" href=\"https:\/\/www.academiebelgium.be\/wp-content\/uploads\/2022\/03\/R.-Baurain-2022.05.03.pdf\" target=\"_blank\" rel=\"noopener\">Duitse krijgsgevangenen in CANADA 1939-46<\/a><\/span><\/strong><\/li>\n<\/ul>\n<p><span style=\"color: #ff0000;\"><strong>8 januari 2022 :\u00a0<\/strong><\/span><\/p>\n<ul>\n<li><strong>Willy Monfils &#8211;<span style=\"color: #00ccff;\"> <a style=\"color: #00ccff;\" href=\"https:\/\/www.academiebelgium.be\/wp-content\/uploads\/2022\/01\/W.-Monfils-2022.08.01.pdf\" target=\"_blank\" rel=\"noopener\">Plattelandsdienst Busstempels<\/a><\/span><\/strong><\/li>\n<li><strong>Luc Selis &#8211; <span style=\"color: #00ccff;\"><a style=\"color: #00ccff;\" href=\"https:\/\/www.academiebelgium.be\/wp-content\/uploads\/2022\/01\/L.-Selis-2022.08.01.pdf\" target=\"_blank\" rel=\"noopener\">Express services on postal stationeries with &#8220;extra&#8221;<\/a><\/span><\/strong><\/li>\n<\/ul>\n<p><span style=\"color: #ff0000;\"><strong>4 december 2021 :\u00a0<\/strong><\/span><\/p>\n<ul>\n<li><strong>Walter Deijnckens &#8211; <span style=\"color: #00ccff;\"><a style=\"color: #00ccff;\" href=\"https:\/\/www.academiebelgium.be\/wp-content\/uploads\/2021\/12\/W.-Deijnckens.pdf\" target=\"_blank\" rel=\"noopener\">Poststukken per \u201cLUCHTPOST\u201d van RUANDA-URUNDI<\/a><\/span><\/strong><\/li>\n<li><strong>Willy Vande Wiele &#8211; <span style=\"color: #00ccff;\"><a style=\"color: #00ccff;\" href=\"https:\/\/www.academiebelgium.be\/wp-content\/uploads\/2021\/12\/W.-Vande-Wiele.pdf\" target=\"_blank\" rel=\"noopener\">Le permis de p\u00eache belge<\/a><\/span><\/strong><\/li>\n<li><strong>Philippe Lindekens &#8211; <span style=\"color: #00ccff;\"><a style=\"color: #00ccff;\" href=\"https:\/\/www.academiebelgium.be\/wp-content\/uploads\/2021\/12\/Lindekens-recommande-avion.pdf\" target=\"_blank\" rel=\"noopener\"><b>Belgisch Congo Aangetekend per vliegtuig &#8211; \u00a0&#8220;twee in \u00e9\u00e9n\u201c<\/b><\/a><\/span><\/strong><\/li>\n<li><strong>Vincent Schouberechts &#8211; <span style=\"color: #00ccff;\"><a style=\"color: #00ccff;\" href=\"https:\/\/www.academiebelgium.be\/wp-content\/uploads\/2021\/12\/20-centimes-medaillon.pdf\" target=\"_blank\" rel=\"noopener\">20 centimes M\u00e9daillons 1863<\/a><\/span><\/strong><\/li>\n<\/ul>\n<p><span style=\"color: #ff0000;\"><strong>16 october 2021 :\u00a0<\/strong><\/span><\/p>\n<ul>\n<li><strong>Robert Lisabeth &#8211; <span style=\"color: #00ccff;\"><a style=\"color: #00ccff;\" href=\"https:\/\/www.academiebelgium.be\/wp-content\/uploads\/2021\/10\/R.-Lisabeth-16.10.2021.pdf\" target=\"_blank\" rel=\"noopener\">L.A.T.I\u00a0 &#8211; 21.12.1939\u00a0 \/ 04.12.1941<\/a><\/span><\/strong><\/li>\n<li><strong>Francis Kinard &#8211; <span style=\"color: #00ccff;\"><a style=\"color: #00ccff;\" href=\"https:\/\/www.academiebelgium.be\/wp-content\/uploads\/2021\/10\/F.-Kinard-16.10.2021.pdf\" target=\"_blank\" rel=\"noopener\">Le royaume d\u2019\u00c9trurie (1801 1807)<\/a><\/span><\/strong><\/li>\n<li><strong>Mark Bottu &#8211; <span style=\"color: #00ccff;\"><a style=\"color: #00ccff;\" href=\"https:\/\/www.academiebelgium.be\/wp-content\/uploads\/2021\/10\/M.-Bottu-16.10.2021.pdf\" target=\"_blank\" rel=\"noopener\">Victor Gisqui\u00e8re<\/a><\/span><\/strong><\/li>\n<li><strong>Guy Coutant &#8211; <span style=\"color: #00ccff;\"><a style=\"color: #00ccff;\" href=\"https:\/\/www.academiebelgium.be\/wp-content\/uploads\/2021\/10\/G.-Coutant-16.10.2021-Witu.pdf\" target=\"_blank\" rel=\"noopener\">Le territoire du Witu<\/a><\/span><\/strong><\/li>\n<\/ul>\n<p><span style=\"color: #ff0000;\"><strong>4 september 2021 :\u00a0<\/strong><\/span><\/p>\n<ul>\n<li><strong>Charly Bruart &#8211; <span style=\"color: #00ccff;\"><a style=\"color: #00ccff;\" href=\"https:\/\/www.academiebelgium.be\/wp-content\/uploads\/2021\/10\/C.-Bruart-04.09.2021.pdf\" target=\"_blank\" rel=\"noopener\">de rol van de sluizen in de verdeling van de post<\/a><\/span><\/strong><\/li>\n<li><strong>Mark Bottu &#8211; <span style=\"color: #00ccff;\"><a style=\"color: #00ccff;\" href=\"https:\/\/www.academiebelgium.be\/wp-content\/uploads\/2021\/10\/M.-Bottu-04_09.2021.pdf\" target=\"_blank\" rel=\"noopener\">14\/18 Entiers postaux utilis\u00e9s au Havre<\/a><\/span><\/strong><\/li>\n<li><strong>Daniel Goffin &#8211; <span style=\"color: #00ccff;\"><a style=\"color: #00ccff;\" href=\"https:\/\/www.academiebelgium.be\/wp-content\/uploads\/2021\/10\/D.-Goffin-04.09.2021.pdf\" target=\"_blank\" rel=\"noopener\">Sorteermachines en merktekens voor bedieners M.I.O.<\/a><\/span><\/strong><\/li>\n<li><strong>Vincent Schouberechts &#8211; <span style=\"color: #00ccff;\"><a style=\"color: #00ccff;\" href=\"https:\/\/www.academiebelgium.be\/wp-content\/uploads\/2021\/10\/V.-Schouberechts-04.09.2021.pdf\" target=\"_blank\" rel=\"noopener\">Postgeschiedenis van Diest maar niet alleen<\/a><\/span><\/strong><\/li>\n<li><strong>Yves Vertommen &#8211; <span style=\"color: #00ccff;\"><a style=\"color: #00ccff;\" href=\"https:\/\/www.academiebelgium.be\/wp-content\/uploads\/2021\/10\/Y.-Vertommen-04.09.2021.pdf\" target=\"_blank\" rel=\"noopener\">het boekhoudteken \u201cCHARG\u00c9\u201d tijdens de medaillon\u00a0<\/a><\/span><\/strong><\/li>\n<\/ul>\n<p><span style=\"color: #ff0000;\"><strong>12 juni 2021 :\u00a0<\/strong><\/span><\/p>\n<ul>\n<li><strong>Mireille Lutz &#8211; <span style=\"color: #00ccff;\"><a style=\"color: #00ccff;\" href=\"https:\/\/www.academiebelgium.be\/wp-content\/uploads\/2021\/06\/M.-LUTZ-2021.12.06.pdf\" target=\"_blank\" rel=\"noopener\">Les Chiffres de Poste appos\u00e9s par l\u2019ambulant belge<\/a><\/span><\/strong><\/li>\n<li><strong>Guy Coutant &#8211; <span style=\"color: #00ccff;\"><a style=\"color: #00ccff;\" href=\"https:\/\/www.academiebelgium.be\/wp-content\/uploads\/2021\/06\/G.-Coutant-2021.12.06.pdf\" target=\"_blank\" rel=\"noopener\">Meched 1902<\/a><\/span><\/strong><\/li>\n<li><strong>Francis Kinard &#8211; <span style=\"color: #00ccff;\"><a style=\"color: #00ccff;\" href=\"https:\/\/www.academiebelgium.be\/wp-content\/uploads\/2021\/06\/F.-Kinard-2021.12.06.pdf\" target=\"_blank\" rel=\"noopener\">L\u2019\u00eele d\u2019Elbe sous domination fran\u00e7aise (1802-1815)<\/a><\/span><\/strong><\/li>\n<li><strong>Lars Boettger &#8211; <span style=\"color: #00ccff;\"><a style=\"color: #00ccff;\" href=\"https:\/\/www.academiebelgium.be\/wp-content\/uploads\/2021\/06\/L.-Boettger-2021.12.06.pdf\" target=\"_blank\" rel=\"noopener\">Que signifient les signatures ?<\/a><\/span><\/strong><\/li>\n<li><strong>Mark Bottu &#8211; <span style=\"color: #00ccff;\"><a style=\"color: #00ccff;\" href=\"https:\/\/www.academiebelgium.be\/wp-content\/uploads\/2021\/06\/M.-Bottu-2021.12.06.pdf\" target=\"_blank\" rel=\"noopener\">Le HAVRE &#8211; Ste ADRESSE<\/a><\/span><\/strong><\/li>\n<li><strong>Ruud Verberne &#8211; <span style=\"color: #00ccff;\"><a style=\"color: #00ccff;\" href=\"https:\/\/www.academiebelgium.be\/wp-content\/uploads\/2021\/06\/Frederic-Kumsius.pdf\" target=\"_blank\" rel=\"noopener\">Opsporingsbevel tegen Frederic Kumsius<\/a><\/span><\/strong><\/li>\n<\/ul>\n<p><span style=\"color: #ff0000;\"><strong>24 april 2021 :\u00a0<\/strong><\/span><\/p>\n<ul>\n<li><strong>Thomas Lindekens &#8211; <span style=\"color: #00ccff;\"><a style=\"color: #00ccff;\" href=\"https:\/\/www.academiebelgium.be\/wp-content\/uploads\/2021\/04\/T.-Lindekens-24.04.21.pdf\" target=\"_blank\" rel=\"noopener\">Congo Fran\u00e7ais &#8211; Gabon \/ Alph\u00e9e Dubois<\/a><\/span><\/strong><\/li>\n<li><strong>Philippe Lindekens &#8211; <span style=\"color: #00ccff;\"><a style=\"color: #00ccff;\" href=\"https:\/\/www.academiebelgium.be\/wp-content\/uploads\/2021\/04\/P-Lindekens-Kepi-vers-Congo.pdf\" target=\"_blank\" rel=\"noopener\">Incoming mail Congo belge \/ roi Albert type k\u00e9pi<\/a><\/span><\/strong><\/li>\n<li><strong>Francis Kinard &#8211; <span style=\"color: #00ccff;\"><a style=\"color: #00ccff;\" href=\"https:\/\/www.academiebelgium.be\/wp-content\/uploads\/2021\/04\/F.-Kinard-24.04.2021.pdf\" target=\"_blank\" rel=\"noopener\">Quel sort r\u00e9server aux prisonniers n\u00e9erlandais fin 1813<\/a><\/span><\/strong><\/li>\n<li><strong>Henk Slabbinck &#8211; <span style=\"color: #00ccff;\"><a style=\"color: #00ccff;\" href=\"https:\/\/www.academiebelgium.be\/wp-content\/uploads\/2021\/04\/H.-Slabbinck-24.04.2021.pdf\" target=\"_blank\" rel=\"noopener\">Geneutraliseerde neutraliteit \/ Neutralit\u00e9 neutralis\u00e9e<\/a><\/span><\/strong><\/li>\n<li><strong>Lars Boettger &#8211; <span style=\"color: #00ccff;\"><a style=\"color: #00ccff;\" href=\"https:\/\/www.academiebelgium.be\/wp-content\/uploads\/2021\/04\/L.-Boettger-2-24.04.2021.pdf\" target=\"_blank\" rel=\"noopener\">D\u00e9termination de raret\u00e9<\/a><\/span><\/strong><\/li>\n<\/ul>\n<p><span style=\"color: #ff0000;\"><strong>27 maart 2021 :\u00a0<\/strong><\/span><\/p>\n<ul>\n<li><strong>Guy Baudot &#8211; <span style=\"color: #00ccff;\"><a style=\"color: #00ccff;\" href=\"https:\/\/www.academiebelgium.be\/wp-content\/uploads\/2021\/03\/1.-G.-Baudot-27.03.2021.pdf\" target=\"_blank\" rel=\"noopener\">L\u2019 \u00e9mergence des &#8220;Timbres de Taxe&#8221;<\/a><\/span><\/strong><\/li>\n<li><strong>Alain Pierret &#8211; <span style=\"color: #00ccff;\"><a style=\"color: #00ccff;\" href=\"https:\/\/www.academiebelgium.be\/wp-content\/uploads\/2021\/03\/2.-A.-Pierret-27.03.2021.pdf\" target=\"_blank\" rel=\"noopener\"><b>Wanneer Belgische luchtpostzegels niet langer uitsluitend voor luchtpost gebruikt worden<\/b><\/a><\/span><\/strong><\/li>\n<li><strong>Thomas Lindekens &#8211; <span style=\"color: #00ccff;\"><a style=\"color: #00ccff;\" href=\"https:\/\/www.academiebelgium.be\/wp-content\/uploads\/2021\/03\/3.-T.-Lindekens-27.03.2021.pdf\" target=\"_blank\" rel=\"noopener\">Plis fronti\u00e8res via l&#8217;Etat Ind\u00e9pendant du Congo<\/a><\/span><\/strong><\/li>\n<li><strong>Lars Boettger &#8211; <\/strong><span style=\"color: #00ccff;\"><a style=\"color: #00ccff;\" href=\"https:\/\/www.academiebelgium.be\/wp-content\/uploads\/2021\/03\/4.-L.-Boettger-27.03.2021-.pdf\" target=\"_blank\" rel=\"noopener\"><b>Luxembourg &#8211; Utilisation timbres-poste comme timbres-taxe<\/b><\/a><\/span><\/li>\n<li><strong>Philippe Lindekens &#8211; <span style=\"color: #00ccff;\">Congo &#8211;<\/span><\/strong><span style=\"color: #00ccff;\"><a style=\"color: #00ccff;\" href=\"https:\/\/www.academiebelgium.be\/wp-content\/uploads\/2021\/03\/5.-Philippe-Affr-insuff.pdf\" target=\"_blank\" rel=\"noopener\"><b>Pli insuffisamment affranchi \/ <\/b><b>Pri\u00e8re de compl\u00e9ter<\/b><\/a><\/span><\/li>\n<li><strong>Francis Kinard &#8211; <span style=\"color: #00ccff;\"><a style=\"color: #00ccff;\" href=\"https:\/\/www.academiebelgium.be\/wp-content\/uploads\/2021\/03\/6.-F.-Kinard-27.03.2021.pdf\" target=\"_blank\" rel=\"noopener\">A la recherche de F.D.C.<\/a><\/span><\/strong><\/li>\n<\/ul>\n<p><span style=\"color: #ff0000;\"><strong>27 februari 2021 :\u00a0<\/strong><\/span><\/p>\n<ul>\n<li><strong>Philippe Lindekens &#8211; <span style=\"color: #00ccff;\"><a style=\"color: #00ccff;\" href=\"https:\/\/www.academiebelgium.be\/wp-content\/uploads\/2021\/03\/Philippe-Mols-affr-grosses-valeurs.pdf\" target=\"_blank\" rel=\"noopener\">Congo : Affranchissement avec les grosses valeurs Mols<\/a><\/span><\/strong><\/li>\n<li><strong>Marc Symens &#8211; <span style=\"color: #00ccff;\"><a style=\"color: #00ccff;\" href=\"https:\/\/www.academiebelgium.be\/wp-content\/uploads\/2021\/03\/ABA-Marc-Symens-EXEMPLAIRE-UNIQUE.pdf\" target=\"_blank\" rel=\"noopener\">China : Uniek boek van Marcel VAN LERBERGHE<\/a><\/span><\/strong><\/li>\n<li><strong>Vincent Schouberechts &#8211; <span style=\"color: #00ccff;\"><a style=\"color: #00ccff;\" href=\"https:\/\/www.academiebelgium.be\/wp-content\/uploads\/2021\/03\/Een-brief-vanuit-Grainchamps-1796-bilingue.pdf\" target=\"_blank\" rel=\"noopener\">Une lettre de Grainchamps en 1796<\/a><\/span><\/strong><\/li>\n<li><strong>Thomas Lindekens &#8211; <span style=\"color: #00ccff;\"><a style=\"color: #00ccff;\" href=\"https:\/\/www.academiebelgium.be\/wp-content\/uploads\/2021\/03\/T.-Lindekens-27.2.2021.pdf\" target=\"_blank\" rel=\"noopener\">Coiling\u00a0 Dragon Chinese Imperial\u00a0 Post Part II\u00a0<\/a><\/span><\/strong><\/li>\n<li><strong>Daniel Goffin &#8211; <span style=\"color: #00ccff;\"><a style=\"color: #00ccff;\" href=\"https:\/\/www.academiebelgium.be\/wp-content\/uploads\/2021\/03\/D.-Goffin-27.2.2021.pdf\" target=\"_blank\" rel=\"noopener\">Le service des rebuts<\/a><\/span><\/strong><\/li>\n<\/ul>\n<p><span style=\"color: #ff0000;\"><strong>23 januari 2021 :\u00a0<\/strong><\/span><\/p>\n<ul>\n<li><strong>Francis Kinard &#8211; <span style=\"color: #00ccff;\"><a style=\"color: #00ccff;\" href=\"https:\/\/www.academiebelgium.be\/wp-content\/uploads\/2021\/01\/F.-Kinard-23.1.2021.pdf\" target=\"_blank\" rel=\"noopener\">Split 8 juin 1813<\/a><\/span><\/strong><\/li>\n<li><strong>Lars Boettger &#8211; <a href=\"https:\/\/www.academiebelgium.be\/wp-content\/uploads\/2021\/01\/L.-Boettger-23.1.2021.pdf\" target=\"_blank\" rel=\"noopener\"><span style=\"color: #00ccff;\">Friedrich Huth &#8211; Fusion d\u2019histoire et d\u2019histoire postale<\/span><\/a><\/strong><\/li>\n<li><strong>Mark Bottu &#8211; <span style=\"color: #00ccff;\"><a style=\"color: #00ccff;\" href=\"https:\/\/www.academiebelgium.be\/wp-content\/uploads\/2021\/01\/M.-Bottu-23.1.2021.pdf\" target=\"_blank\" rel=\"noopener\">Music Talking with God<\/a><\/span><\/strong><\/li>\n<li><strong>Thomas Lindekens\u00a0 &#8211; <span style=\"color: #00ccff;\"><a style=\"color: #00ccff;\" href=\"https:\/\/www.academiebelgium.be\/wp-content\/uploads\/2021\/01\/Maroc-\u2013-poste-locale-morteo.pdf\" target=\"_blank\" rel=\"noopener\">Maroc Poste Locale Morteo &amp; Spinney<\/a><\/span><\/strong><\/li>\n<li><strong>Philippe Lindekens &#8211; <span style=\"color: #00ccff;\"><a style=\"color: #00ccff;\" href=\"https:\/\/www.academiebelgium.be\/wp-content\/uploads\/2021\/01\/LINDEKENS-CPI.pdf\" target=\"_blank\" rel=\"noopener\">Congo Carte Postale Incompl\u00e8te<\/a><\/span><\/strong><\/li>\n<\/ul>\n<p><span style=\"color: #ff0000;\"><strong>19 december 2020 :\u00a0<\/strong><\/span><\/p>\n<ul>\n<li><strong>Guy Coutant &#8211; <a href=\"https:\/\/www.academiebelgium.be\/wp-content\/uploads\/2020\/12\/G.-Coutant-19.12.2020.pdf\" target=\"_blank\" rel=\"noopener noreferrer\"><span style=\"color: #00ccff;\">Gronchi Rosa<\/span><\/a><\/strong><\/li>\n<li><strong>Francis Kinard &#8211; <a href=\"https:\/\/www.academiebelgium.be\/wp-content\/uploads\/2020\/12\/F.-Kinard-19.12.2020.pdf\" target=\"_blank\" rel=\"noopener noreferrer\"><span style=\"color: #00ccff;\">Lieu de destination envahi<\/span><\/a><\/strong><\/li>\n<li><strong>Lars Boettger &#8211; <span style=\"color: #00ccff;\"><a style=\"color: #00ccff;\" href=\"https:\/\/www.academiebelgium.be\/wp-content\/uploads\/2021\/01\/L.-Boettger-19.12.2020.pdf\" target=\"_blank\" rel=\"noopener noreferrer\">Union Postale Allemande Autrichienne<\/a><\/span><\/strong><\/li>\n<li><strong>Mark Bottu &#8211; <a href=\"https:\/\/www.academiebelgium.be\/wp-content\/uploads\/2021\/01\/M.-Bottu-19.12.2020.pdf\" target=\"_blank\" rel=\"noopener noreferrer\"><span style=\"color: #00ccff;\"><b>Thurn and Taxis Post in <\/b><b>the Southern <\/b><b>Netherlands <\/b><b>1501 <\/b><b>&#8211;\u00a0 1794<\/b><\/span><\/a><\/strong><\/li>\n<li><strong>Michel Letaillieur &#8211; <a href=\"https:\/\/www.academiebelgium.be\/wp-content\/uploads\/2021\/01\/M.-Letaillieur-19.12.2020.pdf\" target=\"_blank\" rel=\"noopener noreferrer\"><span style=\"color: #00ccff;\">Mulready 6 MY 1840<\/span><\/a><\/strong><\/li>\n<li><strong>Olivier Nosbaum &#8211; <span style=\"color: #00ccff;\"><a style=\"color: #00ccff;\" href=\"https:\/\/www.academiebelgium.be\/wp-content\/uploads\/2021\/01\/O.-Nosbaum-19.12.2020.pdf\" target=\"_blank\" rel=\"noopener noreferrer\"><b>Luxembourg &#8211;<\/b>\u00a0\u00abMagasin du Timbre\u00bb au 19e si\u00e8cle &#8211; Son histoire et son r\u00f4le<\/a><\/span><\/strong><\/li>\n<li><strong>Willy Monfils &#8211; <a href=\"https:\/\/www.academiebelgium.be\/wp-content\/uploads\/2020\/12\/W.-Monfils-19.12.2020.pdf\" target=\"_blank\" rel=\"noopener noreferrer\"><span style=\"color: #00ccff;\">Courriers militaires belges 14-18<\/span><\/a><\/strong><\/li>\n<li><strong>Yves Vertommen &#8211; <span style=\"color: #00ccff;\"><a style=\"color: #00ccff;\" href=\"https:\/\/www.academiebelgium.be\/wp-content\/uploads\/2021\/01\/Y.-Vertommen-19.12.2020.pdf\" target=\"_blank\" rel=\"noopener noreferrer\">Les mandats de poste (1849-1866)<\/a><\/span><\/strong><\/li>\n<\/ul>\n<p><span style=\"color: #ff0000;\"><strong>21 novembre 2020 :\u00a0<\/strong><\/span><\/p>\n<ul>\n<li><strong>Robert Abensur &#8211; <a href=\"https:\/\/www.academiebelgium.be\/wp-content\/uploads\/2020\/11\/Abensur-Tour-du-monde-B.pdf\" target=\"_blank\" rel=\"noopener noreferrer\"><span style=\"color: #00ccff;\">Tour du monde WW2<\/span><\/a><\/strong><\/li>\n<li><strong>Guy Coutant &#8211; <span style=\"color: #00ccff;\"><a style=\"color: #00ccff;\" href=\"https:\/\/www.academiebelgium.be\/wp-content\/uploads\/2020\/11\/Coutant-Jean-Nicolet.pdf\" target=\"_blank\" rel=\"noopener noreferrer\">Jean Nicolet<\/a><\/span><\/strong><\/li>\n<li><strong>Philippe Lindekens &#8211; <span style=\"color: #00ccff;\"><a style=\"color: #00ccff;\" href=\"https:\/\/www.academiebelgium.be\/wp-content\/uploads\/2020\/11\/Lindekens.pdf\" target=\"_blank\" rel=\"noopener noreferrer\">\u00ab Cachets horaires t\u00e9l\u00e9graphiques \u00bb &#8211; au Maroc &amp; \u00e0 Madagascar<\/a><\/span><\/strong><\/li>\n<li><strong>Henk Slabbinck &#8211;<span style=\"color: #00ccff;\"> <a style=\"color: #00ccff;\" href=\"https:\/\/www.academiebelgium.be\/wp-content\/uploads\/2020\/11\/Slabbinck-Mauritius-FINAL.pdf\" target=\"_blank\" rel=\"noopener noreferrer\">Intern\u00e9s allemands juifs 40-45 &#8211; PO BOX 1000 &#8211; Mauritius<\/a><\/span><\/strong><\/li>\n<\/ul>\n<p><span style=\"color: #ff0000;\"><strong>17 October 2020 :\u00a0<\/strong><\/span><\/p>\n<ul>\n<li><strong>Robert Abensur \u2013\u00a0<span style=\"color: #00ccff;\"><a style=\"color: #00ccff;\" href=\"https:\/\/www.academiebelgium.be\/wp-content\/uploads\/2021\/01\/2020-10-Abensur-ABA-Maastricht-Corse.pdf\" target=\"_blank\" rel=\"noopener noreferrer\">Maastricht-Ajaccio en 1796<\/a><\/span><\/strong><\/li>\n<li><strong>Michel Letaillieur \u2013\u00a0<span style=\"color: #00ccff;\"><a style=\"color: #00ccff;\" href=\"https:\/\/www.academiebelgium.be\/wp-content\/uploads\/2021\/01\/M.-Letaillieur-17.10.2020.pdf\" target=\"_blank\" rel=\"noopener noreferrer\">Les paraoblit\u00e9rations<\/a><\/span><\/strong><\/li>\n<li><strong>Guy Coutant \u2013\u00a0<span style=\"color: #00ccff;\"><a style=\"color: #00ccff;\" href=\"https:\/\/www.academiebelgium.be\/wp-content\/uploads\/2021\/01\/Coutant-17.10.2020Guerre-du-Chaco.pdf\" target=\"_blank\" rel=\"noopener noreferrer\">La guerre du Chaco 1932-35<\/a><\/span><\/strong><\/li>\n<li><strong>Francis Kinard \u2013\u00a0<span style=\"color: #00ccff;\"><a style=\"color: #00ccff;\" href=\"https:\/\/www.academiebelgium.be\/wp-content\/uploads\/2021\/01\/F.-Kinard-17.10.2020.pdf\" target=\"_blank\" rel=\"noopener noreferrer\">Lettre du G\u00e9n\u00e9ral Championnet<\/a><\/span><\/strong><\/li>\n<li><strong>Henk Slabbinck \u2013\u00a0<span style=\"color: #00ccff;\"><a style=\"color: #00ccff;\" href=\"https:\/\/www.academiebelgium.be\/wp-content\/uploads\/2021\/01\/2020.17.10-H.-Slabbinck.pdf\" target=\"_blank\" rel=\"noopener noreferrer\">Courriers de p\u00eacheurs fran\u00e7ais \u00e0 Terre-Neuve<\/a><\/span><\/strong><\/li>\n<li><strong>Marc Symens \u2013\u00a0<span style=\"color: #00ccff;\"><a style=\"color: #00ccff;\" href=\"https:\/\/www.academiebelgium.be\/wp-content\/uploads\/2021\/01\/ANTWERPSE-POSTZEGELDAGEN-1928-slides.pdf\" target=\"_blank\" rel=\"noopener noreferrer\">1928 Antwerpse postzegeldagen<\/a>\u00a0<\/span><\/strong><\/li>\n<\/ul>\n<p><span style=\"color: #ff0000;\"><strong>12 September 2020 :\u00a0<\/strong><\/span><\/p>\n<ul>\n<li><strong>Francis Kinard \u2013\u00a0<span style=\"color: #00ccff;\"><a style=\"color: #00ccff;\" href=\"https:\/\/www.academiebelgium.be\/wp-content\/uploads\/2021\/01\/F.-Kinard-12.09.2020-2.pdf\" target=\"_blank\" rel=\"noopener noreferrer\">lettre Arm\u00e9e de Catalogne<\/a><\/span><\/strong><\/li>\n<li><strong>Ph Lindekens \u2013\u00a0<span style=\"color: #00ccff;\"><a style=\"color: #00ccff;\" href=\"https:\/\/www.academiebelgium.be\/wp-content\/uploads\/2021\/01\/poste-cherif-vers-etranger.pdf\" target=\"_blank\" rel=\"noopener noreferrer\">les affranchissements mixtes de la Poste Ch\u00e9rifienne du Maroc<\/a><\/span><\/strong><\/li>\n<li><strong>Th Lindekens \u2013\u00a0<span style=\"color: #00ccff;\"><a style=\"color: #00ccff;\" href=\"https:\/\/www.academiebelgium.be\/wp-content\/uploads\/2021\/01\/CHINA-COILING-DRAGON-1-1-.pdf\" target=\"_blank\" rel=\"noopener noreferrer\">China Coiling Dragon \u2013 imperial post \u2013 part I<\/a><\/span><\/strong><\/li>\n<li><strong>Vincent Schouberechts \u2013\u00a0<span style=\"color: #00ccff;\"><a style=\"color: #00ccff;\" href=\"https:\/\/www.academiebelgium.be\/wp-content\/uploads\/2021\/01\/Mulready-pp-12-sept-2020.pdf\" target=\"_blank\" rel=\"noopener noreferrer\">Caricatures Mulreadys<\/a><\/span><\/strong><\/li>\n<\/ul>\n","protected":false},"excerpt":{"rendered":"<p>De Powerpoints van de ABA \u2013 voordrachten, in PDF , zijn beschikbaar via onderstaande links. Alle elementen van de conferenties die geplaatst zijn op de website vallen onder de Copyright-reglementering en kunnen dus niet gebruikt of aangepast worden zonder het formeel akkoord van de spreker. De Powerpoint-presentaties (PPTX file) waarvan de sprekers gebruik maken zullen [&hellip;]<\/p>\n","protected":false},"author":3,"featured_media":0,"parent":0,"menu_order":0,"comment_status":"closed","ping_status":"closed","template":"","meta":{"_acf_changed":false,"_exactmetrics_skip_tracking":false,"_exactmetrics_sitenote_active":false,"_exactmetrics_sitenote_note":"","_exactmetrics_sitenote_category":0,"footnotes":""},"class_list":["post-3772","page","type-page","status-publish","hentry"],"acf":[],"yoast_head":"<!-- This site is optimized with the Yoast SEO plugin v27.0 - https:\/\/yoast.com\/product\/yoast-seo-wordpress\/ -->\n<title>Powerpoints - Academy Belgium<\/title>\n<meta name=\"robots\" content=\"index, follow, max-snippet:-1, max-image-preview:large, max-video-preview:-1\" \/>\n<link rel=\"canonical\" href=\"https:\/\/www.academiebelgium.be\/nl\/pptx-nl\/\" \/>\n<meta property=\"og:locale\" content=\"nl_BE\" \/>\n<meta property=\"og:type\" content=\"article\" \/>\n<meta property=\"og:title\" content=\"Powerpoints - Academy Belgium\" \/>\n<meta property=\"og:description\" content=\"De Powerpoints van de ABA \u2013 voordrachten, in PDF , zijn beschikbaar via onderstaande links. Alle elementen van de conferenties die geplaatst zijn op de website vallen onder de Copyright-reglementering en kunnen dus niet gebruikt of aangepast worden zonder het formeel akkoord van de spreker. De Powerpoint-presentaties (PPTX file) waarvan de sprekers gebruik maken zullen [&hellip;]\" \/>\n<meta property=\"og:url\" content=\"https:\/\/www.academiebelgium.be\/nl\/pptx-nl\/\" \/>\n<meta property=\"og:site_name\" content=\"Academy Belgium\" \/>\n<meta property=\"article:modified_time\" content=\"2024-12-27T17:25:04+00:00\" \/>\n<meta name=\"twitter:card\" content=\"summary_large_image\" \/>\n<meta name=\"twitter:label1\" content=\"Geschatte leestijd\" \/>\n\t<meta name=\"twitter:data1\" content=\"5 minuten\" \/>\n<script type=\"application\/ld+json\" class=\"yoast-schema-graph\">{\"@context\":\"https:\/\/schema.org\",\"@graph\":[{\"@type\":\"WebPage\",\"@id\":\"https:\/\/www.academiebelgium.be\/nl\/pptx-nl\/\",\"url\":\"https:\/\/www.academiebelgium.be\/nl\/pptx-nl\/\",\"name\":\"Powerpoints - Academy Belgium\",\"isPartOf\":{\"@id\":\"https:\/\/www.academiebelgium.be\/nl\/#website\"},\"datePublished\":\"2020-11-21T13:30:15+00:00\",\"dateModified\":\"2024-12-27T17:25:04+00:00\",\"breadcrumb\":{\"@id\":\"https:\/\/www.academiebelgium.be\/nl\/pptx-nl\/#breadcrumb\"},\"inLanguage\":\"nl-BE\",\"potentialAction\":[{\"@type\":\"ReadAction\",\"target\":[\"https:\/\/www.academiebelgium.be\/nl\/pptx-nl\/\"]}]},{\"@type\":\"BreadcrumbList\",\"@id\":\"https:\/\/www.academiebelgium.be\/nl\/pptx-nl\/#breadcrumb\",\"itemListElement\":[{\"@type\":\"ListItem\",\"position\":1,\"name\":\"Home\",\"item\":\"https:\/\/www.academiebelgium.be\/nl\/\"},{\"@type\":\"ListItem\",\"position\":2,\"name\":\"Powerpoints\"}]},{\"@type\":\"WebSite\",\"@id\":\"https:\/\/www.academiebelgium.be\/nl\/#website\",\"url\":\"https:\/\/www.academiebelgium.be\/nl\/\",\"name\":\"Academy Belgium\",\"description\":\"Just another WordPress site\",\"publisher\":{\"@id\":\"https:\/\/www.academiebelgium.be\/nl\/#organization\"},\"potentialAction\":[{\"@type\":\"SearchAction\",\"target\":{\"@type\":\"EntryPoint\",\"urlTemplate\":\"https:\/\/www.academiebelgium.be\/nl\/?s={search_term_string}\"},\"query-input\":{\"@type\":\"PropertyValueSpecification\",\"valueRequired\":true,\"valueName\":\"search_term_string\"}}],\"inLanguage\":\"nl-BE\"},{\"@type\":\"Organization\",\"@id\":\"https:\/\/www.academiebelgium.be\/nl\/#organization\",\"name\":\"Academy Belgium\",\"url\":\"https:\/\/www.academiebelgium.be\/nl\/\",\"logo\":{\"@type\":\"ImageObject\",\"inLanguage\":\"nl-BE\",\"@id\":\"https:\/\/www.academiebelgium.be\/nl\/#\/schema\/logo\/image\/\",\"url\":\"https:\/\/www.academiebelgium.be\/wp-content\/uploads\/2018\/10\/logo.png\",\"contentUrl\":\"https:\/\/www.academiebelgium.be\/wp-content\/uploads\/2018\/10\/logo.png\",\"width\":125,\"height\":125,\"caption\":\"Academy Belgium\"},\"image\":{\"@id\":\"https:\/\/www.academiebelgium.be\/nl\/#\/schema\/logo\/image\/\"}}]}<\/script>\n<!-- \/ Yoast SEO plugin. -->","yoast_head_json":{"title":"Powerpoints - Academy Belgium","robots":{"index":"index","follow":"follow","max-snippet":"max-snippet:-1","max-image-preview":"max-image-preview:large","max-video-preview":"max-video-preview:-1"},"canonical":"https:\/\/www.academiebelgium.be\/nl\/pptx-nl\/","og_locale":"nl_BE","og_type":"article","og_title":"Powerpoints - Academy Belgium","og_description":"De Powerpoints van de ABA \u2013 voordrachten, in PDF , zijn beschikbaar via onderstaande links. Alle elementen van de conferenties die geplaatst zijn op de website vallen onder de Copyright-reglementering en kunnen dus niet gebruikt of aangepast worden zonder het formeel akkoord van de spreker. De Powerpoint-presentaties (PPTX file) waarvan de sprekers gebruik maken zullen [&hellip;]","og_url":"https:\/\/www.academiebelgium.be\/nl\/pptx-nl\/","og_site_name":"Academy Belgium","article_modified_time":"2024-12-27T17:25:04+00:00","twitter_card":"summary_large_image","twitter_misc":{"Geschatte leestijd":"5 minuten"},"schema":{"@context":"https:\/\/schema.org","@graph":[{"@type":"WebPage","@id":"https:\/\/www.academiebelgium.be\/nl\/pptx-nl\/","url":"https:\/\/www.academiebelgium.be\/nl\/pptx-nl\/","name":"Powerpoints - Academy Belgium","isPartOf":{"@id":"https:\/\/www.academiebelgium.be\/nl\/#website"},"datePublished":"2020-11-21T13:30:15+00:00","dateModified":"2024-12-27T17:25:04+00:00","breadcrumb":{"@id":"https:\/\/www.academiebelgium.be\/nl\/pptx-nl\/#breadcrumb"},"inLanguage":"nl-BE","potentialAction":[{"@type":"ReadAction","target":["https:\/\/www.academiebelgium.be\/nl\/pptx-nl\/"]}]},{"@type":"BreadcrumbList","@id":"https:\/\/www.academiebelgium.be\/nl\/pptx-nl\/#breadcrumb","itemListElement":[{"@type":"ListItem","position":1,"name":"Home","item":"https:\/\/www.academiebelgium.be\/nl\/"},{"@type":"ListItem","position":2,"name":"Powerpoints"}]},{"@type":"WebSite","@id":"https:\/\/www.academiebelgium.be\/nl\/#website","url":"https:\/\/www.academiebelgium.be\/nl\/","name":"Academy Belgium","description":"Just another WordPress site","publisher":{"@id":"https:\/\/www.academiebelgium.be\/nl\/#organization"},"potentialAction":[{"@type":"SearchAction","target":{"@type":"EntryPoint","urlTemplate":"https:\/\/www.academiebelgium.be\/nl\/?s={search_term_string}"},"query-input":{"@type":"PropertyValueSpecification","valueRequired":true,"valueName":"search_term_string"}}],"inLanguage":"nl-BE"},{"@type":"Organization","@id":"https:\/\/www.academiebelgium.be\/nl\/#organization","name":"Academy Belgium","url":"https:\/\/www.academiebelgium.be\/nl\/","logo":{"@type":"ImageObject","inLanguage":"nl-BE","@id":"https:\/\/www.academiebelgium.be\/nl\/#\/schema\/logo\/image\/","url":"https:\/\/www.academiebelgium.be\/wp-content\/uploads\/2018\/10\/logo.png","contentUrl":"https:\/\/www.academiebelgium.be\/wp-content\/uploads\/2018\/10\/logo.png","width":125,"height":125,"caption":"Academy Belgium"},"image":{"@id":"https:\/\/www.academiebelgium.be\/nl\/#\/schema\/logo\/image\/"}}]}},"_links":{"self":[{"href":"https:\/\/www.academiebelgium.be\/nl\/wp-json\/wp\/v2\/pages\/3772","targetHints":{"allow":["GET"]}}],"collection":[{"href":"https:\/\/www.academiebelgium.be\/nl\/wp-json\/wp\/v2\/pages"}],"about":[{"href":"https:\/\/www.academiebelgium.be\/nl\/wp-json\/wp\/v2\/types\/page"}],"author":[{"embeddable":true,"href":"https:\/\/www.academiebelgium.be\/nl\/wp-json\/wp\/v2\/users\/3"}],"replies":[{"embeddable":true,"href":"https:\/\/www.academiebelgium.be\/nl\/wp-json\/wp\/v2\/comments?post=3772"}],"version-history":[{"count":38,"href":"https:\/\/www.academiebelgium.be\/nl\/wp-json\/wp\/v2\/pages\/3772\/revisions"}],"predecessor-version":[{"id":5378,"href":"https:\/\/www.academiebelgium.be\/nl\/wp-json\/wp\/v2\/pages\/3772\/revisions\/5378"}],"wp:attachment":[{"href":"https:\/\/www.academiebelgium.be\/nl\/wp-json\/wp\/v2\/media?parent=3772"}],"curies":[{"name":"wp","href":"https:\/\/api.w.org\/{rel}","templated":true}]}}