{"id":4198,"date":"2021-03-04T09:19:46","date_gmt":"2021-03-04T09:19:46","guid":{"rendered":"https:\/\/www.academiebelgium.be\/?page_id=4198"},"modified":"2023-03-06T18:49:30","modified_gmt":"2023-03-06T18:49:30","slug":"artikels","status":"publish","type":"page","link":"https:\/\/www.academiebelgium.be\/nl\/literatuur\/artikels\/","title":{"rendered":"Artikels"},"content":{"rendered":"<h3><span style=\"color: #000000;\"><strong>Belgie<\/strong><\/span><\/h3>\n<p><span style=\"color: #000080;\"><a style=\"color: #000080;\" href=\"https:\/\/www.academiebelgium.be\/wp-content\/uploads\/2019\/05\/Belgiz_Un-pr\u00e9curseur-expliqu\u00e9.pdf\">Un pr\u00e9curseur expliqu\u00e9\u00a0\u00a0 <\/a><a href=\"https:\/\/www.academiebelgium.be\/wp-content\/uploads\/2019\/04\/nieuw.jpg\"><img loading=\"lazy\" decoding=\"async\" class=\"alignnone wp-image-2643\" src=\"https:\/\/www.academiebelgium.be\/wp-content\/uploads\/2019\/04\/nieuw-294x300.jpg\" alt=\"\" width=\"25\" height=\"29\" \/><\/a><\/span><\/p>\n<p><span style=\"color: #000080;\"><a style=\"color: #000080;\" href=\"https:\/\/www.academiebelgium.be\/wp-content\/uploads\/2019\/05\/Belgie_-BUREAU-DE-POSTE-AUTOMOBILE.pdf\">BUREAU DE POSTE AUTOMOBILE\u00a0\u00a0\u00a0\u00a0<\/a><\/span><\/p>\n<p><a href=\"https:\/\/www.academiebelgium.be\/wp-content\/uploads\/2019\/04\/Belgi\u00eb_Le-courrier-provisoire-dArmand-BERHAUT.pdf\"><span style=\"color: #000080;\">Le courrier provisoire d&#8217;Armand BERHAUT\u00a0\u00a0\u00a0 <\/span><\/a><\/p>\n<p><span style=\"color: #000080;\"><a style=\"color: #000080;\" href=\"https:\/\/www.academiebelgium.be\/wp-content\/uploads\/2019\/02\/Belgie_Bruxelles-et-ses-oblit\u00e9rations-M\u00e9t\u00e9ores_.pdf\">Bruxelles et ses oblit\u00e9rations M\u00e9t\u00e9ores_<\/a><\/span><\/p>\n<p><span style=\"color: #000080;\"><a style=\"color: #000080;\" href=\"https:\/\/www.academiebelgium.be\/wp-content\/uploads\/2019\/02\/Belgie_Dates-et-heures-Vandenpeereboom-en-tableau-\u00e0-d\u00e9couper.pdf\">Dates et heures Vandenpeereboom en tableau \u00e0 d\u00e9couper<\/a><\/span><\/p>\n<p><span style=\"color: #000080;\"><a style=\"color: #000080;\" href=\"https:\/\/www.academiebelgium.be\/wp-content\/uploads\/2019\/02\/Belgie_La-surcharge-de-la-banque-GUILLOCHIN.pdf\">La surcharge de la banque GUILLOCHIN<\/a><\/span><\/p>\n<p><span style=\"color: #000080;\"><a style=\"color: #000080;\" href=\"https:\/\/www.academiebelgium.be\/wp-content\/uploads\/2019\/02\/Belgie_Le-3Fr50-Roi-Baudouin-Type-ELSTR\u00d8M.pdf\">Le 3Fr50 Roi Baudouin Type ELSTR\u00d8M<\/a><\/span><\/p>\n<p><span style=\"color: #000080;\"><a style=\"color: #000080;\" href=\"https:\/\/www.academiebelgium.be\/wp-content\/uploads\/2019\/02\/Belgie_Les-timbres-pr\u00e9oblit\u00e9r\u00e9s-de-Belgique-oblit\u00e9ration-manuelle.pdf\">Les timbres pr\u00e9oblit\u00e9r\u00e9s de Belgique (oblit\u00e9ration manuelle)<\/a><\/span><\/p>\n<p><span style=\"color: #000080;\"><a style=\"color: #000080;\" href=\"https:\/\/www.academiebelgium.be\/wp-content\/uploads\/2019\/02\/Belgie_Les-griffes-TRAM_.pdf\">Les griffes TRAM<\/a><\/span><\/p>\n<p><span style=\"color: #000080;\"><a style=\"color: #000080;\" href=\"https:\/\/www.academiebelgium.be\/wp-content\/uploads\/2019\/02\/Belgie_Les-deux-premiers-timbres-taxe-de-Belgique.pdf\">Les deux premiers timbres-taxe de Belgique<\/a><\/span><\/p>\n<p><span style=\"color: #000080;\"><a style=\"color: #000080;\" href=\"https:\/\/www.academiebelgium.be\/wp-content\/uploads\/2019\/02\/Belgie_Les-timbres-pr\u00e9oblit\u00e9r\u00e9s-de-Belgique-oblit\u00e9ration-manuelle.pdf\">Les timbres pr\u00e9oblit\u00e9r\u00e9s de Belgique (oblit\u00e9ration manuelle)<\/a><\/span><\/p>\n<p><span style=\"color: #000080;\"><a style=\"color: #000080;\" href=\"https:\/\/www.academiebelgium.be\/wp-content\/uploads\/2019\/02\/Belgie_Moresnet-Neutre-une-surprenante-philat\u00e9lie.pdf\">Moresnet-Neutre une surprenante philat\u00e9lie<\/a><\/span><\/p>\n<p><span style=\"color: #000080;\"><a style=\"color: #000080;\" href=\"https:\/\/www.academiebelgium.be\/wp-content\/uploads\/2019\/02\/Belgie_Loblit\u00e9ration-de-la-conf\u00e9rence-diplomatique-de-Spa.pdf\">L&#8217;oblit\u00e9ration de la conf\u00e9rence diplomatique de Spa<\/a><\/span><\/p>\n<p><span style=\"color: #000080;\"><a style=\"color: #000080;\" href=\"https:\/\/www.academiebelgium.be\/wp-content\/uploads\/2019\/02\/Belgie_Loblit\u00e9ration-BRUXELLES-D\u00c9PART.pdf\">L&#8217;oblit\u00e9ration BRUXELLES D\u00c9PART<\/a><\/span><\/p>\n<p><span style=\"color: #000080;\"><a href=\"https:\/\/www.academiebelgium.be\/wp-content\/uploads\/2019\/02\/Belgie_Le-jabot-blanc-1-V17.pdf\">Le jabot blanc &#8211; 1 V17\u00a0<\/a><\/span><\/p>\n<p><span style=\"color: #000080;\"><a style=\"color: #000080;\" href=\"https:\/\/www.academiebelgium.be\/wp-content\/uploads\/2019\/02\/Belgie_Le-5Fr.-bleu-FRANKEN-N-147.pdf\">Le 5Fr. bleu FRANKEN &#8211; N 147<\/a><\/span><\/p>\n<p>&nbsp;<\/p>\n<p>&nbsp;<\/p>\n","protected":false},"excerpt":{"rendered":"<p>Belgie Un pr\u00e9curseur expliqu\u00e9\u00a0\u00a0 BUREAU DE POSTE AUTOMOBILE\u00a0\u00a0\u00a0\u00a0 Le courrier provisoire d&#8217;Armand BERHAUT\u00a0\u00a0\u00a0 Bruxelles et ses oblit\u00e9rations M\u00e9t\u00e9ores_ Dates et heures Vandenpeereboom en tableau \u00e0 d\u00e9couper La surcharge de la banque GUILLOCHIN Le 3Fr50 Roi Baudouin Type ELSTR\u00d8M Les timbres pr\u00e9oblit\u00e9r\u00e9s de Belgique (oblit\u00e9ration manuelle) Les griffes TRAM Les deux premiers timbres-taxe de Belgique Les [&hellip;]<\/p>\n","protected":false},"author":1,"featured_media":0,"parent":1282,"menu_order":0,"comment_status":"closed","ping_status":"closed","template":"template-innerpage.php","meta":{"_acf_changed":false,"_exactmetrics_skip_tracking":false,"_exactmetrics_sitenote_active":false,"_exactmetrics_sitenote_note":"","_exactmetrics_sitenote_category":0,"footnotes":""},"class_list":["post-4198","page","type-page","status-publish","hentry"],"acf":[],"yoast_head":"<!-- This site is optimized with the Yoast SEO plugin v27.0 - https:\/\/yoast.com\/product\/yoast-seo-wordpress\/ -->\n<title>Artikels - Academy Belgium<\/title>\n<meta name=\"robots\" content=\"index, follow, max-snippet:-1, max-image-preview:large, max-video-preview:-1\" \/>\n<link rel=\"canonical\" href=\"https:\/\/www.academiebelgium.be\/nl\/literatuur\/artikels\/\" \/>\n<meta property=\"og:locale\" content=\"nl_BE\" \/>\n<meta property=\"og:type\" content=\"article\" \/>\n<meta property=\"og:title\" content=\"Artikels - Academy Belgium\" \/>\n<meta property=\"og:description\" content=\"Belgie Un pr\u00e9curseur expliqu\u00e9\u00a0\u00a0 BUREAU DE POSTE AUTOMOBILE\u00a0\u00a0\u00a0\u00a0 Le courrier provisoire d&#8217;Armand BERHAUT\u00a0\u00a0\u00a0 Bruxelles et ses oblit\u00e9rations M\u00e9t\u00e9ores_ Dates et heures Vandenpeereboom en tableau \u00e0 d\u00e9couper La surcharge de la banque GUILLOCHIN Le 3Fr50 Roi Baudouin Type ELSTR\u00d8M Les timbres pr\u00e9oblit\u00e9r\u00e9s de Belgique (oblit\u00e9ration manuelle) Les griffes TRAM Les deux premiers timbres-taxe de Belgique Les [&hellip;]\" \/>\n<meta property=\"og:url\" content=\"https:\/\/www.academiebelgium.be\/nl\/literatuur\/artikels\/\" \/>\n<meta property=\"og:site_name\" content=\"Academy Belgium\" \/>\n<meta property=\"article:modified_time\" content=\"2023-03-06T18:49:30+00:00\" \/>\n<meta property=\"og:image\" content=\"https:\/\/www.academiebelgium.be\/wp-content\/uploads\/2019\/04\/nieuw-294x300.jpg\" \/>\n<meta name=\"twitter:card\" content=\"summary_large_image\" \/>\n<meta name=\"twitter:label1\" content=\"Geschatte leestijd\" \/>\n\t<meta name=\"twitter:data1\" content=\"1 minuut\" \/>\n<script type=\"application\/ld+json\" class=\"yoast-schema-graph\">{\"@context\":\"https:\/\/schema.org\",\"@graph\":[{\"@type\":\"WebPage\",\"@id\":\"https:\/\/www.academiebelgium.be\/nl\/literatuur\/artikels\/\",\"url\":\"https:\/\/www.academiebelgium.be\/nl\/literatuur\/artikels\/\",\"name\":\"Artikels - Academy Belgium\",\"isPartOf\":{\"@id\":\"https:\/\/www.academiebelgium.be\/nl\/#website\"},\"primaryImageOfPage\":{\"@id\":\"https:\/\/www.academiebelgium.be\/nl\/literatuur\/artikels\/#primaryimage\"},\"image\":{\"@id\":\"https:\/\/www.academiebelgium.be\/nl\/literatuur\/artikels\/#primaryimage\"},\"thumbnailUrl\":\"https:\/\/www.academiebelgium.be\/wp-content\/uploads\/2019\/04\/nieuw-294x300.jpg\",\"datePublished\":\"2021-03-04T09:19:46+00:00\",\"dateModified\":\"2023-03-06T18:49:30+00:00\",\"breadcrumb\":{\"@id\":\"https:\/\/www.academiebelgium.be\/nl\/literatuur\/artikels\/#breadcrumb\"},\"inLanguage\":\"nl-BE\",\"potentialAction\":[{\"@type\":\"ReadAction\",\"target\":[\"https:\/\/www.academiebelgium.be\/nl\/literatuur\/artikels\/\"]}]},{\"@type\":\"ImageObject\",\"inLanguage\":\"nl-BE\",\"@id\":\"https:\/\/www.academiebelgium.be\/nl\/literatuur\/artikels\/#primaryimage\",\"url\":\"https:\/\/www.academiebelgium.be\/wp-content\/uploads\/2019\/04\/nieuw-294x300.jpg\",\"contentUrl\":\"https:\/\/www.academiebelgium.be\/wp-content\/uploads\/2019\/04\/nieuw-294x300.jpg\"},{\"@type\":\"BreadcrumbList\",\"@id\":\"https:\/\/www.academiebelgium.be\/nl\/literatuur\/artikels\/#breadcrumb\",\"itemListElement\":[{\"@type\":\"ListItem\",\"position\":1,\"name\":\"Home\",\"item\":\"https:\/\/www.academiebelgium.be\/nl\/\"},{\"@type\":\"ListItem\",\"position\":2,\"name\":\"Literatuur\",\"item\":\"https:\/\/www.academiebelgium.be\/nl\/literatuur\/\"},{\"@type\":\"ListItem\",\"position\":3,\"name\":\"Artikels\"}]},{\"@type\":\"WebSite\",\"@id\":\"https:\/\/www.academiebelgium.be\/nl\/#website\",\"url\":\"https:\/\/www.academiebelgium.be\/nl\/\",\"name\":\"Academy Belgium\",\"description\":\"Just another WordPress site\",\"publisher\":{\"@id\":\"https:\/\/www.academiebelgium.be\/nl\/#organization\"},\"potentialAction\":[{\"@type\":\"SearchAction\",\"target\":{\"@type\":\"EntryPoint\",\"urlTemplate\":\"https:\/\/www.academiebelgium.be\/nl\/?s={search_term_string}\"},\"query-input\":{\"@type\":\"PropertyValueSpecification\",\"valueRequired\":true,\"valueName\":\"search_term_string\"}}],\"inLanguage\":\"nl-BE\"},{\"@type\":\"Organization\",\"@id\":\"https:\/\/www.academiebelgium.be\/nl\/#organization\",\"name\":\"Academy Belgium\",\"url\":\"https:\/\/www.academiebelgium.be\/nl\/\",\"logo\":{\"@type\":\"ImageObject\",\"inLanguage\":\"nl-BE\",\"@id\":\"https:\/\/www.academiebelgium.be\/nl\/#\/schema\/logo\/image\/\",\"url\":\"https:\/\/www.academiebelgium.be\/wp-content\/uploads\/2018\/10\/logo.png\",\"contentUrl\":\"https:\/\/www.academiebelgium.be\/wp-content\/uploads\/2018\/10\/logo.png\",\"width\":125,\"height\":125,\"caption\":\"Academy Belgium\"},\"image\":{\"@id\":\"https:\/\/www.academiebelgium.be\/nl\/#\/schema\/logo\/image\/\"}}]}<\/script>\n<!-- \/ Yoast SEO plugin. -->","yoast_head_json":{"title":"Artikels - Academy Belgium","robots":{"index":"index","follow":"follow","max-snippet":"max-snippet:-1","max-image-preview":"max-image-preview:large","max-video-preview":"max-video-preview:-1"},"canonical":"https:\/\/www.academiebelgium.be\/nl\/literatuur\/artikels\/","og_locale":"nl_BE","og_type":"article","og_title":"Artikels - Academy Belgium","og_description":"Belgie Un pr\u00e9curseur expliqu\u00e9\u00a0\u00a0 BUREAU DE POSTE AUTOMOBILE\u00a0\u00a0\u00a0\u00a0 Le courrier provisoire d&#8217;Armand BERHAUT\u00a0\u00a0\u00a0 Bruxelles et ses oblit\u00e9rations M\u00e9t\u00e9ores_ Dates et heures Vandenpeereboom en tableau \u00e0 d\u00e9couper La surcharge de la banque GUILLOCHIN Le 3Fr50 Roi Baudouin Type ELSTR\u00d8M Les timbres pr\u00e9oblit\u00e9r\u00e9s de Belgique (oblit\u00e9ration manuelle) Les griffes TRAM Les deux premiers timbres-taxe de Belgique Les [&hellip;]","og_url":"https:\/\/www.academiebelgium.be\/nl\/literatuur\/artikels\/","og_site_name":"Academy Belgium","article_modified_time":"2023-03-06T18:49:30+00:00","og_image":[{"url":"https:\/\/www.academiebelgium.be\/wp-content\/uploads\/2019\/04\/nieuw-294x300.jpg","type":"","width":"","height":""}],"twitter_card":"summary_large_image","twitter_misc":{"Geschatte leestijd":"1 minuut"},"schema":{"@context":"https:\/\/schema.org","@graph":[{"@type":"WebPage","@id":"https:\/\/www.academiebelgium.be\/nl\/literatuur\/artikels\/","url":"https:\/\/www.academiebelgium.be\/nl\/literatuur\/artikels\/","name":"Artikels - Academy Belgium","isPartOf":{"@id":"https:\/\/www.academiebelgium.be\/nl\/#website"},"primaryImageOfPage":{"@id":"https:\/\/www.academiebelgium.be\/nl\/literatuur\/artikels\/#primaryimage"},"image":{"@id":"https:\/\/www.academiebelgium.be\/nl\/literatuur\/artikels\/#primaryimage"},"thumbnailUrl":"https:\/\/www.academiebelgium.be\/wp-content\/uploads\/2019\/04\/nieuw-294x300.jpg","datePublished":"2021-03-04T09:19:46+00:00","dateModified":"2023-03-06T18:49:30+00:00","breadcrumb":{"@id":"https:\/\/www.academiebelgium.be\/nl\/literatuur\/artikels\/#breadcrumb"},"inLanguage":"nl-BE","potentialAction":[{"@type":"ReadAction","target":["https:\/\/www.academiebelgium.be\/nl\/literatuur\/artikels\/"]}]},{"@type":"ImageObject","inLanguage":"nl-BE","@id":"https:\/\/www.academiebelgium.be\/nl\/literatuur\/artikels\/#primaryimage","url":"https:\/\/www.academiebelgium.be\/wp-content\/uploads\/2019\/04\/nieuw-294x300.jpg","contentUrl":"https:\/\/www.academiebelgium.be\/wp-content\/uploads\/2019\/04\/nieuw-294x300.jpg"},{"@type":"BreadcrumbList","@id":"https:\/\/www.academiebelgium.be\/nl\/literatuur\/artikels\/#breadcrumb","itemListElement":[{"@type":"ListItem","position":1,"name":"Home","item":"https:\/\/www.academiebelgium.be\/nl\/"},{"@type":"ListItem","position":2,"name":"Literatuur","item":"https:\/\/www.academiebelgium.be\/nl\/literatuur\/"},{"@type":"ListItem","position":3,"name":"Artikels"}]},{"@type":"WebSite","@id":"https:\/\/www.academiebelgium.be\/nl\/#website","url":"https:\/\/www.academiebelgium.be\/nl\/","name":"Academy Belgium","description":"Just another WordPress site","publisher":{"@id":"https:\/\/www.academiebelgium.be\/nl\/#organization"},"potentialAction":[{"@type":"SearchAction","target":{"@type":"EntryPoint","urlTemplate":"https:\/\/www.academiebelgium.be\/nl\/?s={search_term_string}"},"query-input":{"@type":"PropertyValueSpecification","valueRequired":true,"valueName":"search_term_string"}}],"inLanguage":"nl-BE"},{"@type":"Organization","@id":"https:\/\/www.academiebelgium.be\/nl\/#organization","name":"Academy Belgium","url":"https:\/\/www.academiebelgium.be\/nl\/","logo":{"@type":"ImageObject","inLanguage":"nl-BE","@id":"https:\/\/www.academiebelgium.be\/nl\/#\/schema\/logo\/image\/","url":"https:\/\/www.academiebelgium.be\/wp-content\/uploads\/2018\/10\/logo.png","contentUrl":"https:\/\/www.academiebelgium.be\/wp-content\/uploads\/2018\/10\/logo.png","width":125,"height":125,"caption":"Academy Belgium"},"image":{"@id":"https:\/\/www.academiebelgium.be\/nl\/#\/schema\/logo\/image\/"}}]}},"_links":{"self":[{"href":"https:\/\/www.academiebelgium.be\/nl\/wp-json\/wp\/v2\/pages\/4198","targetHints":{"allow":["GET"]}}],"collection":[{"href":"https:\/\/www.academiebelgium.be\/nl\/wp-json\/wp\/v2\/pages"}],"about":[{"href":"https:\/\/www.academiebelgium.be\/nl\/wp-json\/wp\/v2\/types\/page"}],"author":[{"embeddable":true,"href":"https:\/\/www.academiebelgium.be\/nl\/wp-json\/wp\/v2\/users\/1"}],"replies":[{"embeddable":true,"href":"https:\/\/www.academiebelgium.be\/nl\/wp-json\/wp\/v2\/comments?post=4198"}],"version-history":[{"count":1,"href":"https:\/\/www.academiebelgium.be\/nl\/wp-json\/wp\/v2\/pages\/4198\/revisions"}],"predecessor-version":[{"id":4890,"href":"https:\/\/www.academiebelgium.be\/nl\/wp-json\/wp\/v2\/pages\/4198\/revisions\/4890"}],"up":[{"embeddable":true,"href":"https:\/\/www.academiebelgium.be\/nl\/wp-json\/wp\/v2\/pages\/1282"}],"wp:attachment":[{"href":"https:\/\/www.academiebelgium.be\/nl\/wp-json\/wp\/v2\/media?parent=4198"}],"curies":[{"name":"wp","href":"https:\/\/api.w.org\/{rel}","templated":true}]}}